{"id":40,"date":"2024-06-21T07:45:00","date_gmt":"2024-06-21T05:45:00","guid":{"rendered":"http:\/\/frmjccentrests.wordpress.com\/?page_id=40"},"modified":"2024-06-21T10:15:41","modified_gmt":"2024-06-21T08:15:41","slug":"de-la-terre-a-l-univers","status":"publish","type":"page","link":"https:\/\/frmjccentre.org\/sts\/les-expositions-scientifiques\/de-la-terre-a-l-univers\/","title":{"rendered":"De la Terre \u00e0 l&#8217;Univers"},"content":{"rendered":"<p style=\"text-align: justify;\"><span style=\"color: #000000;\"><span style=\"color: #000000;\">L&#8217;exposition itin\u00e9rante et interactive &#8220;De la Terre \u00e0 l&#8217;Univers&#8221;\u00a0<\/span><b style=\"color: #000000;\">sensibilise le public avec de nombreux ateliers \u00e0 manipuler. Elle permet <\/b><span style=\"color: #000000;\"><b>d\u2019appr\u00e9hender<\/b><\/span><b style=\"color: #000000;\">\u00a0l&#8217;astronomie par le biais des liens \u00e9troits qui ont toujours uni les ph\u00e9nom\u00e8nes c\u00e9lestes \u00e0 la vie quotidienne des \u00eatres humains<\/b><span style=\"color: #000000;\"> (alternance jour et nuit, saisons, phases de la Lune, calendriers, rep\u00e9rage par les \u00e9toiles &#8230;).<\/span><\/span><\/p>\n<div id=\"metaslider-id-7676\" style=\"width: 100%; margin: 0 auto;\" class=\"ml-slider-3-108-0 metaslider metaslider-nivo metaslider-7676 ml-slider has-dots-nav ml-slider-lightbox-2-23-0 simple-lightbox-2-9-5 ms-theme-default\" role=\"region\" aria-label=\"EXPO interactive UNIVERS\" data-height=\"300\" data-width=\"700\">\n    <div id=\"metaslider_container_7676\">\n        <div class='slider-wrapper theme-default'><div class='ribbon'><\/div><div id='metaslider_7676' class='nivoSlider'><a href=\"https:\/\/frmjccentre.org\/sts\/wp-content\/uploads\/2020\/01\/Lorris-18.03.2016-1-scaled.jpg\" data-src=\"https:\/\/frmjccentre.org\/sts\/wp-content\/uploads\/2020\/01\/Lorris-18.03.2016-1-scaled.jpg\" data-thumb=\"https:\/\/frmjccentre.org\/sts\/wp-content\/uploads\/2020\/01\/Lorris-18.03.2016-1-scaled-700x300.jpg\" class=\"ml-lightbox-enabled\"><img loading=\"lazy\" decoding=\"async\" src=\"https:\/\/frmjccentre.org\/sts\/wp-content\/uploads\/2020\/01\/Lorris-18.03.2016-1-scaled-700x300.jpg\" height=\"300\" width=\"700\" title=\"Lorris-18.03.2016 (1)\" alt=\"\" class=\"slider-7676 slide-7699 msDefaultImage\" \/><\/a><a href=\"https:\/\/frmjccentre.org\/sts\/wp-content\/uploads\/2023\/12\/Systeme-solaire-maquette-scaled.jpg\" data-src=\"https:\/\/frmjccentre.org\/sts\/wp-content\/uploads\/2023\/12\/Systeme-solaire-maquette-scaled.jpg\" data-thumb=\"https:\/\/frmjccentre.org\/sts\/wp-content\/uploads\/2023\/12\/Systeme-solaire-maquette-scaled-700x300.jpg\" class=\"ml-lightbox-enabled\"><img loading=\"lazy\" decoding=\"async\" src=\"https:\/\/frmjccentre.org\/sts\/wp-content\/uploads\/2023\/12\/Systeme-solaire-maquette-scaled-700x300.jpg\" height=\"300\" width=\"700\" title=\"Systeme solaire - maquette\" alt=\"\" class=\"slider-7676 slide-9284 msDefaultImage\" \/><\/a><a href=\"https:\/\/frmjccentre.org\/sts\/wp-content\/uploads\/2023\/12\/Palnetaire-mobile-scaled-e1702465531483.jpg\" data-src=\"https:\/\/frmjccentre.org\/sts\/wp-content\/uploads\/2023\/12\/Palnetaire-mobile-scaled-e1702465531483.jpg\" data-thumb=\"https:\/\/frmjccentre.org\/sts\/wp-content\/uploads\/2023\/12\/Palnetaire-mobile-scaled-e1702465531483-700x300.jpg\" class=\"ml-lightbox-enabled\"><img loading=\"lazy\" decoding=\"async\" src=\"https:\/\/frmjccentre.org\/sts\/wp-content\/uploads\/2023\/12\/Palnetaire-mobile-scaled-e1702465531483-700x300.jpg\" height=\"300\" width=\"700\" title=\"Palnetaire mobile\" alt=\"\" class=\"slider-7676 slide-9287 msDefaultImage\" \/><\/a><a href=\"https:\/\/frmjccentre.org\/sts\/wp-content\/uploads\/2012\/05\/fxcd0031.jpg\" data-src=\"https:\/\/frmjccentre.org\/sts\/wp-content\/uploads\/2012\/05\/fxcd0031.jpg\" data-thumb=\"https:\/\/frmjccentre.org\/sts\/wp-content\/uploads\/2012\/05\/fxcd0031-700x300.jpg\" class=\"ml-lightbox-enabled\"><img loading=\"lazy\" decoding=\"async\" src=\"https:\/\/frmjccentre.org\/sts\/wp-content\/uploads\/2012\/05\/fxcd0031-700x300.jpg\" height=\"300\" width=\"700\" title=\"FXCD0031\" alt=\"m\u00e9t\u00e9orite\" class=\"slider-7676 slide-7692 msDefaultImage\" \/><\/a><a href=\"https:\/\/frmjccentre.org\/sts\/wp-content\/uploads\/2023\/12\/Intrus-scaled-e1702465287158.jpg\" data-src=\"https:\/\/frmjccentre.org\/sts\/wp-content\/uploads\/2023\/12\/Intrus-scaled-e1702465287158.jpg\" data-thumb=\"https:\/\/frmjccentre.org\/sts\/wp-content\/uploads\/2023\/12\/Intrus-scaled-e1702465287158-700x300.jpg\" class=\"ml-lightbox-enabled\"><img loading=\"lazy\" decoding=\"async\" src=\"https:\/\/frmjccentre.org\/sts\/wp-content\/uploads\/2023\/12\/Intrus-scaled-e1702465287158-700x300.jpg\" height=\"300\" width=\"700\" title=\"Intrus\" alt=\"\" class=\"slider-7676 slide-9280 msDefaultImage\" \/><\/a><a href=\"https:\/\/frmjccentre.org\/sts\/wp-content\/uploads\/2023\/12\/Atelier-Phases_Lune-scaled-e1702465449738.jpg\" data-src=\"https:\/\/frmjccentre.org\/sts\/wp-content\/uploads\/2023\/12\/Atelier-Phases_Lune-scaled-e1702465449738.jpg\" data-thumb=\"https:\/\/frmjccentre.org\/sts\/wp-content\/uploads\/2023\/12\/Atelier-Phases_Lune-scaled-e1702465449738-700x300.jpg\" class=\"ml-lightbox-enabled\"><img loading=\"lazy\" decoding=\"async\" src=\"https:\/\/frmjccentre.org\/sts\/wp-content\/uploads\/2023\/12\/Atelier-Phases_Lune-scaled-e1702465449738-700x300.jpg\" height=\"300\" width=\"700\" title=\"Atelier-Phases_Lune\" alt=\"\" class=\"slider-7676 slide-9283 msDefaultImage\" \/><\/a><a href=\"https:\/\/frmjccentre.org\/sts\/wp-content\/uploads\/2023\/12\/Carte-du-ciel-scaled.jpg\" data-src=\"https:\/\/frmjccentre.org\/sts\/wp-content\/uploads\/2023\/12\/Carte-du-ciel-scaled.jpg\" data-thumb=\"https:\/\/frmjccentre.org\/sts\/wp-content\/uploads\/2023\/12\/Carte-du-ciel-scaled-700x300.jpg\" class=\"ml-lightbox-enabled\"><img loading=\"lazy\" decoding=\"async\" src=\"https:\/\/frmjccentre.org\/sts\/wp-content\/uploads\/2023\/12\/Carte-du-ciel-scaled-700x300.jpg\" height=\"300\" width=\"700\" title=\"Carte du ciel\" alt=\"\" class=\"slider-7676 slide-9282 msDefaultImage\" \/><\/a><a href=\"https:\/\/frmjccentre.org\/sts\/wp-content\/uploads\/2025\/02\/temperature-etoiles.jpg\" data-src=\"https:\/\/frmjccentre.org\/sts\/wp-content\/uploads\/2025\/02\/temperature-etoiles.jpg\" data-thumb=\"https:\/\/frmjccentre.org\/sts\/wp-content\/uploads\/2025\/02\/temperature-etoiles-700x300.jpg\" class=\"ml-lightbox-enabled\"><img loading=\"lazy\" decoding=\"async\" src=\"https:\/\/frmjccentre.org\/sts\/wp-content\/uploads\/2025\/02\/temperature-etoiles-700x300.jpg\" height=\"300\" width=\"700\" title=\"temp\u00e9rature \u00e9toiles\" alt=\"\" class=\"slider-7676 slide-9717 msDefaultImage\" \/><\/a><a href=\"https:\/\/frmjccentre.org\/sts\/wp-content\/uploads\/2023\/12\/planete-mars-scaled.jpg\" data-src=\"https:\/\/frmjccentre.org\/sts\/wp-content\/uploads\/2023\/12\/planete-mars-scaled.jpg\" data-thumb=\"https:\/\/frmjccentre.org\/sts\/wp-content\/uploads\/2023\/12\/planete-mars-scaled-700x300.jpg\" class=\"ml-lightbox-enabled\"><img loading=\"lazy\" decoding=\"async\" src=\"https:\/\/frmjccentre.org\/sts\/wp-content\/uploads\/2023\/12\/planete-mars-scaled-700x300.jpg\" height=\"300\" width=\"700\" title=\"plan\u00e8te mars\" alt=\"\" class=\"slider-7676 slide-9299 msDefaultImage\" \/><\/a><a href=\"https:\/\/frmjccentre.org\/sts\/wp-content\/uploads\/2015\/01\/1_univers-expo-interactive.jpg\" data-src=\"https:\/\/frmjccentre.org\/sts\/wp-content\/uploads\/2015\/01\/1_univers-expo-interactive.jpg\" data-thumb=\"https:\/\/frmjccentre.org\/sts\/wp-content\/uploads\/2015\/01\/1_univers-expo-interactive-700x300.jpg\" class=\"ml-lightbox-enabled\"><img loading=\"lazy\" decoding=\"async\" src=\"https:\/\/frmjccentre.org\/sts\/wp-content\/uploads\/2015\/01\/1_univers-expo-interactive-700x300.jpg\" height=\"300\" width=\"700\" title=\"1_Univers - expo interactive\" alt=\"\" class=\"slider-7676 slide-7688 msDefaultImage\" \/><\/a><a href=\"https:\/\/frmjccentre.org\/sts\/wp-content\/uploads\/2023\/12\/saisons-maquette-scaled.jpg\" data-src=\"https:\/\/frmjccentre.org\/sts\/wp-content\/uploads\/2023\/12\/saisons-maquette-scaled.jpg\" data-thumb=\"https:\/\/frmjccentre.org\/sts\/wp-content\/uploads\/2023\/12\/saisons-maquette-scaled-700x300.jpg\" class=\"ml-lightbox-enabled\"><img loading=\"lazy\" decoding=\"async\" src=\"https:\/\/frmjccentre.org\/sts\/wp-content\/uploads\/2023\/12\/saisons-maquette-scaled-700x300.jpg\" height=\"300\" width=\"700\" title=\"saisons-maquette\" alt=\"\" class=\"slider-7676 slide-9285 msDefaultImage\" \/><\/a><a href=\"https:\/\/frmjccentre.org\/sts\/wp-content\/uploads\/2025\/02\/Planete-inferieure.jpg\" data-src=\"https:\/\/frmjccentre.org\/sts\/wp-content\/uploads\/2025\/02\/Planete-inferieure.jpg\" data-thumb=\"https:\/\/frmjccentre.org\/sts\/wp-content\/uploads\/2025\/02\/Planete-inferieure-700x300.jpg\" class=\"ml-lightbox-enabled\"><img loading=\"lazy\" decoding=\"async\" src=\"https:\/\/frmjccentre.org\/sts\/wp-content\/uploads\/2025\/02\/Planete-inferieure-700x300.jpg\" height=\"300\" width=\"700\" title=\"Plan\u00e8te inf\u00e9rieure\" alt=\"\" class=\"slider-7676 slide-9715 msDefaultImage\" \/><\/a><a href=\"https:\/\/frmjccentre.org\/sts\/wp-content\/uploads\/2023\/12\/Puzzle-de-la-lune-scaled.jpg\" data-src=\"https:\/\/frmjccentre.org\/sts\/wp-content\/uploads\/2023\/12\/Puzzle-de-la-lune-scaled.jpg\" data-thumb=\"https:\/\/frmjccentre.org\/sts\/wp-content\/uploads\/2023\/12\/Puzzle-de-la-lune-scaled-700x300.jpg\" class=\"ml-lightbox-enabled\"><img loading=\"lazy\" decoding=\"async\" src=\"https:\/\/frmjccentre.org\/sts\/wp-content\/uploads\/2023\/12\/Puzzle-de-la-lune-scaled-700x300.jpg\" height=\"300\" width=\"700\" title=\"Puzzle de la lune\" alt=\"\" class=\"slider-7676 slide-9286 msDefaultImage\" \/><\/a><a href=\"https:\/\/frmjccentre.org\/sts\/wp-content\/uploads\/2025\/02\/semaine.jpg\" data-src=\"https:\/\/frmjccentre.org\/sts\/wp-content\/uploads\/2025\/02\/semaine.jpg\" data-thumb=\"https:\/\/frmjccentre.org\/sts\/wp-content\/uploads\/2025\/02\/semaine-700x300.jpg\" class=\"ml-lightbox-enabled\"><img loading=\"lazy\" decoding=\"async\" src=\"https:\/\/frmjccentre.org\/sts\/wp-content\/uploads\/2025\/02\/semaine-700x300.jpg\" height=\"300\" width=\"700\" title=\"semaine\" alt=\"\" class=\"slider-7676 slide-9716 msDefaultImage\" \/><\/a><a href=\"https:\/\/frmjccentre.org\/sts\/wp-content\/uploads\/2024\/06\/IMG_20240605_132143-scaled.jpg\" data-src=\"https:\/\/frmjccentre.org\/sts\/wp-content\/uploads\/2024\/06\/IMG_20240605_132143-scaled.jpg\" data-thumb=\"https:\/\/frmjccentre.org\/sts\/wp-content\/uploads\/2024\/06\/IMG_20240605_132143-scaled-700x300.jpg\" class=\"ml-lightbox-enabled\"><img loading=\"lazy\" decoding=\"async\" src=\"https:\/\/frmjccentre.org\/sts\/wp-content\/uploads\/2024\/06\/IMG_20240605_132143-scaled-700x300.jpg\" height=\"300\" width=\"700\" title=\"IMG_20240605_132143\" alt=\"\" class=\"slider-7676 slide-9521 msDefaultImage\" \/><\/a><\/div><\/div>\n        \n    <\/div>\n<\/div>\n<p style=\"text-align: justify;\"><span style=\"color: #000000;\">Cette exposition vous transportera plus loin encore dans la <strong>d\u00e9couverte du cosmos<\/strong> qui depuis la nuit des temps, nous incite\u00a0inlassablement \u00e0 nous poser cette question de l&#8217;<strong>origine de l&#8217;Univers<\/strong>, o\u00f9 philosophie, m\u00e9taphysique et rigueur des v\u00e9rit\u00e9s scientifiques se conjuguent harmonieusement.<\/span><\/p>\n<div id=\"attachment_1174\" style=\"width: 115px\" class=\"wp-caption alignright\"><a href=\"https:\/\/frmjccentre.org\/sts\/wp-content\/uploads\/2012\/05\/100_5071.jpg\" data-src=\"https:\/\/frmjccentre.org\/sts\/wp-content\/uploads\/2012\/05\/100_5071.jpg\" data-thumb=\"https:\/\/frmjccentre.org\/sts\/wp-content\/uploads\/2012\/05\/100_5071.jpg?w=105\" class=\"ml-lightbox-enabled\"><img loading=\"lazy\" decoding=\"async\" aria-describedby=\"caption-attachment-1174\" data-attachment-id=\"1174\" data-permalink=\"https:\/\/frmjccentre.org\/sts\/100_5071\/\" data-orig-file=\"https:\/\/frmjccentre.org\/sts\/wp-content\/uploads\/2012\/05\/100_5071.jpg\" data-orig-size=\"1804,2568\" data-comments-opened=\"0\" data-image-meta=\"{&quot;aperture&quot;:&quot;2.8&quot;,&quot;credit&quot;:&quot;&quot;,&quot;camera&quot;:&quot;KODAK Z740 ZOOM DIGITAL CAMERA&quot;,&quot;caption&quot;:&quot;&quot;,&quot;created_timestamp&quot;:&quot;1222339420&quot;,&quot;copyright&quot;:&quot;&quot;,&quot;focal_length&quot;:&quot;6.3&quot;,&quot;iso&quot;:&quot;80&quot;,&quot;shutter_speed&quot;:&quot;0.0013333333333333&quot;,&quot;title&quot;:&quot;&quot;,&quot;orientation&quot;:&quot;0&quot;}\" data-image-title=\"panneau soleil\" data-image-description=\"&lt;p&gt;Panneau soleil exposition de la terre \u00e0 l&amp;#8217;univers &amp;#8211; astronomie &amp;#8211; syst\u00e8me solaire &amp;#8211; plan\u00e8tes &amp;#8211; lune&lt;\/p&gt;\n\" data-image-caption=\"&lt;p&gt;Exemple de panneau&lt;\/p&gt;\n\" data-large-file=\"https:\/\/frmjccentre.org\/sts\/wp-content\/uploads\/2012\/05\/100_5071-719x1024.jpg\" class=\"size-thumbnail wp-image-1174\" title=\"panneau imaginer...\" src=\"https:\/\/frmjccentre.org\/sts\/wp-content\/uploads\/2012\/05\/100_5071.jpg?w=105\" alt=\"\" width=\"105\" height=\"150\" srcset=\"https:\/\/frmjccentre.org\/sts\/wp-content\/uploads\/2012\/05\/100_5071.jpg 1804w, https:\/\/frmjccentre.org\/sts\/wp-content\/uploads\/2012\/05\/100_5071-211x300.jpg 211w, https:\/\/frmjccentre.org\/sts\/wp-content\/uploads\/2012\/05\/100_5071-768x1093.jpg 768w, https:\/\/frmjccentre.org\/sts\/wp-content\/uploads\/2012\/05\/100_5071-719x1024.jpg 719w\" sizes=\"auto, (max-width: 105px) 100vw, 105px\" \/><\/a><p id=\"caption-attachment-1174\" class=\"wp-caption-text\">Exemple de panneaux<\/p><\/div>\n<p><span style=\"color: #0000ff;\"><em><strong>Le mat\u00e9riel utilis\u00e9<\/strong><\/em><\/span><\/p>\n<p style=\"text-align: justify;\"><span style=\"color: #000000;\">Nous mettons \u00e0 votre disposition <strong>18 ateliers interactifs <\/strong>agr\u00e9ment\u00e9s par plusieurs <strong><a title=\"visualiser le livret des panneaux de cette exposition\" href=\"http:\/\/documents.pageflip-flap.com\/ddX07GMFNxHiI4ViMm6#.VAdELkd02M8=&amp;p=0\" target=\"_blank\" rel=\"noopener noreferrer\">panneaux<\/a>.<\/strong><strong>\u00a0<\/strong><\/span><\/p>\n<p style=\"text-align: justify;\"><span style=\"color: #000000;\"><img loading=\"lazy\" decoding=\"async\" data-attachment-id=\"1281\" data-permalink=\"https:\/\/frmjccentre.org\/sts\/fxcd0031\/\" data-orig-file=\"https:\/\/frmjccentre.org\/sts\/wp-content\/uploads\/2012\/05\/fxcd0031.jpg\" data-orig-size=\"3634,2434\" data-comments-opened=\"1\" data-image-meta=\"{&quot;aperture&quot;:&quot;5.6&quot;,&quot;credit&quot;:&quot;&quot;,&quot;camera&quot;:&quot;NIKON D200&quot;,&quot;caption&quot;:&quot;&quot;,&quot;created_timestamp&quot;:&quot;1244545591&quot;,&quot;copyright&quot;:&quot;&quot;,&quot;focal_length&quot;:&quot;70&quot;,&quot;iso&quot;:&quot;400&quot;,&quot;shutter_speed&quot;:&quot;0.016666666666667&quot;,&quot;title&quot;:&quot;&quot;,&quot;orientation&quot;:&quot;0&quot;}\" data-image-title=\"FXCD0031\" data-image-description=\"&lt;p&gt;v\u00e9ritable m\u00e9t\u00e9orite disponible avec la location de l&amp;#8217;exposition Univers&lt;\/p&gt;\n\" data-image-caption=\"\" data-large-file=\"https:\/\/frmjccentre.org\/sts\/wp-content\/uploads\/2012\/05\/fxcd0031-1024x686.jpg\" class=\"alignleft wp-image-1281 size-thumbnail\" title=\"FXCD0031\" src=\"https:\/\/frmjccentre.org\/sts\/wp-content\/uploads\/2012\/05\/fxcd0031-150x150.jpg\" alt=\"m\u00e9t\u00e9orite\" width=\"150\" height=\"150\" \/>Cette exposition itin\u00e9rante astronomie s&#8217;enrichit \u00e9galement de la pr\u00e9sence d&#8217;une <strong><span style=\"text-decoration: underline;\">v\u00e9ritable m\u00e9t\u00e9orite<\/span> <\/strong><\/span><\/p>\n<p style=\"text-align: left;\"><span style=\"color: #000000;\">Elle peut \u00eatre compl\u00e9t\u00e9e par des<strong> s\u00e9ances de plan\u00e9tarium gonflable <\/strong>(<a title=\"voir la page : Le Cosmorium\" href=\"https:\/\/frmjccentre.org\/sts\/cosmorium-2-2\/\" target=\"_blank\" rel=\"noopener noreferrer\">Cosmorium<\/a>). <\/span><\/p>\n<p><span style=\"color: #000000;\">Le contenu des ateliers et des panneaux traite <strong>3 th\u00e8mes principaux<\/strong> :<\/span><\/p>\n<p style=\"text-align: justify;\"><span style=\"color: #000000;\"><strong>1. Le Soleil, la Terre et la Lune<\/strong>\u00a0<\/span><\/p>\n<h5><span style=\"color: #000000;\"><em>Extrait d\u2019ateliers :<\/em><\/span><\/h5>\n<ul>\n<li>\n<h5><span style=\"color: #000000;\">Le jour et la nuit : reproduisez l\u2019alternance \u2026<\/span><\/h5>\n<\/li>\n<li>\n<h5><span style=\"color: #000000;\">La maquette des saisons : reproduisez l\u2019alternance des saisons ; les \u00e9clipses &#8230;<\/span><\/h5>\n<\/li>\n<li>\n<h5><span style=\"color: #000000;\">Les phases de la Lune : Pourquoi change-t-elle d\u2019aspect dans le ciel ?<\/span><\/h5>\n<\/li>\n<\/ul>\n<p><span style=\"color: #000000;\"><strong>2. Les plan\u00e8tes<\/strong><\/span><\/p>\n<h5><span style=\"color: #000000;\"><em>Extrait d\u2019ateliers :<\/em><\/span><\/h5>\n<ul>\n<li>\n<h5><span style=\"color: #000000;\">Le syst\u00e8me solaire : visitez-le d&#8217;un coup d&#8217;\u0153il !<\/span><\/h5>\n<\/li>\n<li>\n<h5><span style=\"color: #000000;\">L\u2019atlas des plan\u00e8tes : tout savoir sur les plan\u00e8tes \u2026<\/span><\/h5>\n<\/li>\n<li>\n<h5><span style=\"color: #000000;\">Plan\u00e8te inf\u00e9rieure ou sup\u00e9rieure ? : \u00ab\u00a0l\u2019\u00e9toile du Berger \u00bb est-elle la premi\u00e8re le soir ?<\/span><\/h5>\n<\/li>\n<li>\n<h5><span style=\"color: #000000;\">Myst\u00e9rieuse Plan\u00e8te Mars : en savoir un peu plus\u2026<\/span><\/h5>\n<\/li>\n<\/ul>\n<p><span style=\"color: #000000;\"><strong>3. L&#8217;Univers lointain<\/strong><\/span><\/p>\n<h5><span style=\"color: #000000;\"><em>Extrait d&#8217;ateliers :<\/em><\/span><\/h5>\n<ul>\n<li>\n<h5><span style=\"color: #000000;\">Les cartes du ciel tournantes : d\u00e9couvrez les noms des \u00e9toiles, \u00e0 toutes dates et toutes heures de l\u2019ann\u00e9e, pour se rep\u00e9rer.<\/span><\/h5>\n<\/li>\n<li>\n<h5><span style=\"color: #000000;\">\u00c9toile Polaire et Grande Ourse : apprendre \u00e0 se rep\u00e9rer la nuit avec un panneau lumineux !<\/span><\/h5>\n<\/li>\n<li>\n<h5><span style=\"color: #000000;\">Cassiop\u00e9e vue d&#8217;ailleurs : sortez du syst\u00e8me solaire pour voir la c\u00e9l\u00e8bre constellation&#8230;<\/span><\/h5>\n<\/li>\n<li>\n<h5><span style=\"color: #000000;\">Couleur et temp\u00e9rature des \u00e9toiles : d\u00e9couvrez la diversit\u00e9 des couleurs des \u00e9toiles.<\/span><\/h5>\n<\/li>\n<\/ul>\n<p>&nbsp;<\/p>\n<div style=\"width: 584px;\" class=\"wp-video\"><video class=\"wp-video-shortcode\" id=\"video-40-1\" width=\"584\" height=\"370\" preload=\"metadata\" controls=\"controls\"><source type=\"video\/mp4\" src=\"https:\/\/frmjccentre.org\/sts\/wp-content\/uploads\/2023\/10\/Expo-Univers-BipTV_10-2023.mp4?_=1\" \/><a href=\"https:\/\/frmjccentre.org\/sts\/wp-content\/uploads\/2023\/10\/Expo-Univers-BipTV_10-2023.mp4\">https:\/\/frmjccentre.org\/sts\/wp-content\/uploads\/2023\/10\/Expo-Univers-BipTV_10-2023.mp4<\/a><\/video><\/div>\n<p><span style=\"color: #0000ff;\"><span style=\"color: #000000;\">Si vous souhaitez recevoir nos ateliers, <a title=\"Contacts\" href=\"https:\/\/frmjccentre.org\/sts\/contacts\/\" target=\"_blank\" rel=\"noopener noreferrer\"><u><span style=\"color: #0066cc;\">contactez-nous<\/span><\/u><\/a>.<\/span><\/span><\/p>\n<p><span style=\"color: #0000ff;\"><strong><em>Public vis\u00e9<\/em><\/strong><\/span><\/p>\n<p><span style=\"color: #000000;\">Cette exposition itin\u00e9rante astronomie est adapt\u00e9e \u00e0 <strong>tout<\/strong> <strong>public.<\/strong><\/span><\/p>\n<p><span style=\"color: #000000;\"><strong>Pour le public scolaire<\/strong>, les ateliers sont propos\u00e9s d\u00e8s <strong>les grandes sections de maternelle jusqu&#8217;aux Lyc\u00e9es.<\/strong><\/span><\/p>\n<p><span style=\"color: #0000ff;\"><em><strong>Presse<\/strong><\/em><\/span><\/p>\n<p><span style=\"color: #000000;\">Retrouvez <a title=\"Dossier de presse \/ Cliquez pour t\u00e9l\u00e9charger\" href=\"https:\/\/frmjccentre.org\/sts\/wp-content\/uploads\/2021\/09\/DossierPresse_Univers.pdf\" target=\"_blank\" rel=\"noopener noreferrer\">(ici)<\/a> le dossier de presse de cette exposition.<br \/>\n<\/span><\/p>\n<p><span style=\"color: #0000ff;\"><em><strong>En compl\u00e9ment<\/strong><\/em><\/span><\/p>\n<p><span style=\"color: #000000;\">Nous mettons \u00e0 votre disposition :<\/span><\/p>\n<ul>\n<li><span style=\"color: #000000;\"><span style=\"color: #000000;\">Le <strong>dossier p\u00e9dagogique enseignant <\/strong>(une fiche descriptive par atelier avec le mat\u00e9riel, les objectifs, des informations et les r\u00e9ponses au questionnaire du dossier \u00e9l\u00e8ve). Cette version peut \u00eatre visualis\u00e9e ou t\u00e9l\u00e9charg\u00e9e ci-dessous :<\/span><\/span><\/li>\n<\/ul>\n<p style=\"text-align: center;\"><span style=\"color: #000000;\"><a title=\"feuilleter la version de d\u00e9monstration\" href=\"https:\/\/www.calameo.com\/read\/0049247157b3764d0d592\" target=\"_blank\" rel=\"noopener noreferrer\"><span style=\"color: #000000;\">(<span style=\"text-decoration: underline; color: #ff0000;\">\u2261<\/span>) visualiser la version de d\u00e9monstration <\/span><\/a>\/ <a title=\"acc\u00e9der \u00e0 la page de t\u00e9l\u00e9chargement\" href=\"https:\/\/wp.me\/P8PDPg-ys\" target=\"_blank\" rel=\"noopener noreferrer\"><span style=\"color: #000000;\">(<span style=\"color: #ff0000;\">\u2192<\/span>) acc\u00e9der \u00e0 la page de t\u00e9l\u00e9chargement<\/span><\/a><\/span><\/p>\n<ul>\n<li><span style=\"color: #000000;\"><span style=\"color: #000000;\">Le <strong>dossier p\u00e9dagogique \u00e9l\u00e8ve <\/strong>(une fiche par atelier avec les \u00e9tapes, les informations essentielles, un questionnaire avec des espaces pour les r\u00e9ponses). Cette version peut \u00eatre visualis\u00e9e ou t\u00e9l\u00e9charg\u00e9e ci-dessous :<\/span><\/span><\/li>\n<\/ul>\n<p style=\"text-align: center;\"><span style=\"color: #000000;\"><a title=\"feuilleter la version de d\u00e9monstration\" href=\"https:\/\/www.calameo.com\/read\/004924715a51028af1590\" target=\"_blank\" rel=\"noopener noreferrer\"><span style=\"color: #000000;\">(<span style=\"text-decoration: underline; color: #ff0000;\">\u2261<\/span>) visualiser la version de d\u00e9monstration<\/span><\/a><\/span><span style=\"color: #000000;\">\/ <a title=\"acc\u00e9der \u00e0 la page de t\u00e9l\u00e9chargement\" href=\"https:\/\/wp.me\/P8PDPg-ys\" target=\"_blank\" rel=\"noopener noreferrer\"><span style=\"color: #000000;\">(<span style=\"color: #ff0000;\">\u2192<\/span>) acc\u00e9der \u00e0 la page de t\u00e9l\u00e9chargement<\/span><\/a><\/span><\/p>\n<ul>\n<li><span style=\"color: #000000;\"><span style=\"color: #000000;\">Les dossiers <strong>\u00e9l\u00e8ve version courte <\/strong>(pour une prise de notes plus rapide lors de la visite). Ces versions sont <span style=\"color: #000000;\">t\u00e9l\u00e9chargeables <strong><span style=\"text-decoration: underline;\">gratuitement<\/span><\/strong> ci-dessous<\/span><span style=\"color: #333333;\"> :<\/span><\/span><\/span><\/li>\n<\/ul>\n<div id=\"attachment_1173\" style=\"width: 116px\" class=\"wp-caption alignright\"><a href=\"https:\/\/frmjccentre.org\/sts\/wp-content\/uploads\/2012\/05\/af-univ-ouv-we.jpg\" data-src=\"https:\/\/frmjccentre.org\/sts\/wp-content\/uploads\/2012\/05\/af-univ-ouv-we.jpg\" data-thumb=\"https:\/\/frmjccentre.org\/sts\/wp-content\/uploads\/2012\/05\/af-univ-ouv-we.jpg?w=106\" class=\"ml-lightbox-enabled\"><img loading=\"lazy\" decoding=\"async\" aria-describedby=\"caption-attachment-1173\" data-attachment-id=\"1173\" data-permalink=\"https:\/\/frmjccentre.org\/sts\/af-univ-ouv-we\/\" data-orig-file=\"https:\/\/frmjccentre.org\/sts\/wp-content\/uploads\/2012\/05\/af-univ-ouv-we.jpg\" data-orig-size=\"3508,4961\" data-comments-opened=\"0\" data-image-meta=\"{&quot;aperture&quot;:&quot;0&quot;,&quot;credit&quot;:&quot;&quot;,&quot;camera&quot;:&quot;&quot;,&quot;caption&quot;:&quot;&quot;,&quot;created_timestamp&quot;:&quot;0&quot;,&quot;copyright&quot;:&quot;&quot;,&quot;focal_length&quot;:&quot;0&quot;,&quot;iso&quot;:&quot;0&quot;,&quot;shutter_speed&quot;:&quot;0&quot;,&quot;title&quot;:&quot;&quot;,&quot;orientation&quot;:&quot;0&quot;}\" data-image-title=\"Affiche univers\" data-image-description=\"&lt;p&gt;Maquette de l&amp;#8217;affiche de l&amp;#8217;exposition &amp;#8220;De la Terre \u00e0 l&amp;#8217;Univers&amp;#8221;&lt;\/p&gt;\n&lt;p&gt;Th\u00e8me astronomie &amp;#8211; syst\u00e8me solaire &amp;#8211; rotation &amp;#8211; r\u00e9volution &amp;#8211; phases de la Lune&lt;\/p&gt;\n\" data-image-caption=\"&lt;p&gt;Maquette de l&amp;#8217;affiche&lt;\/p&gt;\n\" data-large-file=\"https:\/\/frmjccentre.org\/sts\/wp-content\/uploads\/2012\/05\/af-univ-ouv-we-724x1024.jpg\" class=\"size-thumbnail wp-image-1173\" title=\"Affiche univers\" src=\"https:\/\/frmjccentre.org\/sts\/wp-content\/uploads\/2012\/05\/af-univ-ouv-we.jpg?w=106\" alt=\"\" width=\"106\" height=\"150\" srcset=\"https:\/\/frmjccentre.org\/sts\/wp-content\/uploads\/2012\/05\/af-univ-ouv-we.jpg 3508w, https:\/\/frmjccentre.org\/sts\/wp-content\/uploads\/2012\/05\/af-univ-ouv-we-212x300.jpg 212w, https:\/\/frmjccentre.org\/sts\/wp-content\/uploads\/2012\/05\/af-univ-ouv-we-768x1086.jpg 768w, https:\/\/frmjccentre.org\/sts\/wp-content\/uploads\/2012\/05\/af-univ-ouv-we-724x1024.jpg 724w\" sizes=\"auto, (max-width: 106px) 100vw, 106px\" \/><\/a><p id=\"caption-attachment-1173\" class=\"wp-caption-text\">Maquette de l&#8217;affiche<\/p><\/div>\n<p style=\"padding-left: 30px;\"><span style=\"color: #000000;\"><a title=\"t\u00e9l\u00e9charger\" href=\"https:\/\/frmjccentre.org\/sts\/wp-content\/uploads\/2024\/01\/Guide-eleve-court-Univers-Cycle-2-2023.pdf\" target=\"_blank\" rel=\"noopener noreferrer\"><span style=\"color: #000000;\">(<span style=\"text-decoration: underline;\"><span style=\"color: #ff0000; text-decoration: underline;\">\u2193<\/span><\/span>) t\u00e9l\u00e9charger les 4 fiches A4<\/span><\/a> <span style=\"text-decoration: underline;\">version cycle 2<\/span> <\/span><br \/>\n<span style=\"color: #000000;\"><a title=\"t\u00e9l\u00e9charger\" href=\"https:\/\/frmjccentre.org\/sts\/wp-content\/uploads\/2024\/01\/Livret_Recto-Verso_A4-El-Univers-_Cycle2-2023.pdf\" target=\"_blank\" rel=\"noopener noreferrer\"><span style=\"color: #000000;\">(<span style=\"text-decoration: underline;\"><span style=\"color: #ff0000; text-decoration: underline;\">\u2193<\/span><\/span>) t\u00e9l\u00e9charger le livret (A4 recto-verso)<\/span><\/a> <span style=\"text-decoration: underline;\">version cycle 2<\/span> <\/span><\/p>\n<p style=\"padding-left: 30px;\"><span style=\"color: #000000;\"><a title=\"t\u00e9l\u00e9charger\" href=\"https:\/\/frmjccentre.org\/sts\/wp-content\/uploads\/2023\/09\/Dos-El-Univers-C3-Coll_v2023.pdf\" target=\"_blank\" rel=\"noopener noreferrer\"><span style=\"color: #000000;\">(<span style=\"text-decoration: underline;\"><span style=\"color: #ff0000; text-decoration: underline;\">\u2193<\/span><\/span>) t\u00e9l\u00e9charger les 4 fiches A4<\/span><\/a> <span style=\"text-decoration: underline;\">version cycle 3-Coll\u00e8ge<\/span><\/span><br \/>\n<span style=\"color: #000000;\"><a title=\"t\u00e9l\u00e9charger\" href=\"https:\/\/frmjccentre.org\/sts\/wp-content\/uploads\/2023\/09\/Livret_Recto-Verso_A4-El-Univers-_C3-Coll_v2023.pdf\" target=\"_blank\" rel=\"noopener noreferrer\"><span style=\"color: #000000;\">(<span style=\"text-decoration: underline;\"><span style=\"color: #ff0000; text-decoration: underline;\">\u2193<\/span><\/span>) t\u00e9l\u00e9charger le livret (A4 recto-verso)<\/span><\/a> <span style=\"text-decoration: underline;\">version cycle 3-Coll\u00e8ge<\/span><\/span><\/p>\n<p style=\"padding-left: 30px;\"><span style=\"color: #000000;\"><span style=\"font-size: 12.75px;\"><i>\u00a0<\/i><\/span><\/span><\/p>\n<ul>\n<li><span style=\"color: #000000;\">La <strong>maquette de l\u2019affiche et des flyers <\/strong>au format Publisher ou Jpeg.<\/span><\/li>\n<li><span style=\"color: #000000;\"><strong>Un mod\u00e8le de communiqu\u00e9 de presse<\/strong><\/span><\/li>\n<\/ul>\n<p><span style=\"color: #0000ff;\"><em><strong>Contraintes techniques<\/strong><\/em><\/span><\/p>\n<p><span style=\"color: #000000;\">L\u2019exposition se monte dans une<strong> salle de 120 \u00e0 200 m\u00b2 <\/strong>contenant<strong> deux prise 220 V. <\/strong>La salle doit \u00eatre \u00e9quip\u00e9e au<strong> minimum de 16 tables. <\/strong><\/span><\/p>\n<p><span style=\"color: #0000ff;\"><em><strong>Zone d&#8217;intervention<\/strong><\/em><\/span><\/p>\n<p><span style=\"color: #000000;\">Nous intervenons sur <strong>toute la France<\/strong>.<\/span><\/p>\n<p style=\"text-align: center;\"><span style=\"color: #000000;\"><strong><strong>\u2014<\/strong><\/strong><\/span><\/p>\n<p><span style=\"color: #000000;\"><span style=\"color: #333399;\">Ce support anim\u00e9 est \u00e9ligible au contrat P.A.C.T. (projets artistiques et culturels de territoire) de la R\u00e9gion Centre (voir les modalit\u00e9s<\/span> <a href=\"https:\/\/frmjccentre.org\/sts\/wp-content\/uploads\/2017\/07\/cadre-intervention-PACT-2013.pdf\">ici<\/a><span style=\"color: #333399;\">)<\/span><\/span><\/p>\n<h6 style=\"text-align: justify; padding-left: 150px;\"><span style=\"color: #000000;\">&gt;&gt;&gt; t\u00e9l\u00e9charger le\u00a0<a title=\"t\u00e9l\u00e9charger le catalogue\" href=\"https:\/\/frmjccentre.org\/sts\/wp-content\/uploads\/2020\/09\/2020-09_plaquette-catalogue.pdf\" target=\"_blank\" rel=\"noopener noreferrer\"><span style=\"color: #0066cc;\">catalogue des expositions<\/span><\/a><\/span><\/h6>\n<h6 style=\"text-align: justify; padding-left: 150px;\"><span style=\"color: #000000;\">&gt;&gt;&gt; t\u00e9l\u00e9charger\u00a0la\u00a0<a title=\"t\u00e9l\u00e9charger la fiche technique\" href=\"https:\/\/frmjccentre.org\/sts\/wp-content\/uploads\/2022\/06\/Fiche-tech-Univers.pdf\" target=\"_blank\" rel=\"noopener noreferrer\"><span style=\"color: #0066cc;\">fiche technique<\/span><\/a><\/span><\/h6>\n<h6 style=\"text-align: justify; padding-left: 150px;\"><span style=\"color: #000000;\">&gt;&gt;&gt; <a title=\"ouvrir la page Tarifs\" href=\"https:\/\/frmjccentre.org\/sts\/tarifs\/\" target=\"_blank\" rel=\"noopener noreferrer\"><u><span style=\"color: #0066cc;\">consulter nos tarifs<\/span><\/u><\/a><\/span><\/h6>\n<h6 style=\"text-align: justify; padding-left: 150px;\"><span style=\"color: #000000;\">&gt;&gt;&gt; <a title=\"ouvrir la page Contacts \" href=\"https:\/\/frmjccentre.org\/sts\/contacts\/\" target=\"_blank\" rel=\"noopener noreferrer\"><u><span style=\"color: #0066cc;\">nous contacter<\/span><\/u><\/a><\/span><\/h6>\n<h6 style=\"text-align: justify; padding-left: 150px;\"><span style=\"color: #000000;\">\u00a0<\/span><\/h6>\n","protected":false},"excerpt":{"rendered":"<p>L&#8217;exposition itin\u00e9rante et interactive &#8220;De la Terre \u00e0 l&#8217;Univers&#8221;\u00a0sensibilise le public avec de nombreux ateliers \u00e0 manipuler. Elle permet d\u2019appr\u00e9hender\u00a0l&#8217;astronomie par le biais des liens \u00e9troits qui ont toujours uni les ph\u00e9nom\u00e8nes c\u00e9lestes \u00e0 la vie quotidienne des \u00eatres humains &hellip; <a href=\"https:\/\/frmjccentre.org\/sts\/les-expositions-scientifiques\/de-la-terre-a-l-univers\/\">Continuer la lecture <span class=\"meta-nav\">&rarr;<\/span><\/a><\/p>\n","protected":false},"author":2,"featured_media":0,"parent":9,"menu_order":6,"comment_status":"closed","ping_status":"closed","template":"","meta":{"_crdt_document":"","footnotes":""},"class_list":["post-40","page","type-page","status-publish","hentry"],"yoast_head":"<!-- This site is optimized with the Yoast SEO plugin v27.5 - https:\/\/yoast.com\/product\/yoast-seo-wordpress\/ -->\n<title>De la Terre \u00e0 l&#039;Univers - FRMJC R\u00e9gion Centre - Service Sciences Techniques Soci\u00e9t\u00e9<\/title>\n<meta name=\"description\" content=\"L&#039;exposition itin\u00e9rante et interactive &quot;De la Terre \u00e0 l&#039;Univers&quot;\u00a0sensibilise le public \u00e0\u00a0l&#039;astronomie. Par le biais d&#039;ateliers, elle permet de mieux comprendre les ph\u00e9nom\u00e8nes c\u00e9lestes qui interagissent avec la vie quotidienne (alternance jour \/ nuit, saisons, phases de la Lune, calendriers, rep\u00e9rage par les \u00e9toiles...)\" \/>\n<meta name=\"robots\" content=\"index, follow, max-snippet:-1, max-image-preview:large, max-video-preview:-1\" \/>\n<link rel=\"canonical\" href=\"https:\/\/frmjccentre.org\/sts\/les-expositions-scientifiques\/de-la-terre-a-l-univers\/\" \/>\n<meta property=\"og:locale\" content=\"fr_FR\" \/>\n<meta property=\"og:type\" content=\"article\" \/>\n<meta property=\"og:title\" content=\"De la Terre \u00e0 l&#039;Univers - FRMJC R\u00e9gion Centre - Service Sciences Techniques Soci\u00e9t\u00e9\" \/>\n<meta property=\"og:description\" content=\"L&#039;exposition itin\u00e9rante et interactive &quot;De la Terre \u00e0 l&#039;Univers&quot;\u00a0sensibilise le public \u00e0\u00a0l&#039;astronomie. Par le biais d&#039;ateliers, elle permet de mieux comprendre les ph\u00e9nom\u00e8nes c\u00e9lestes qui interagissent avec la vie quotidienne (alternance jour \/ nuit, saisons, phases de la Lune, calendriers, rep\u00e9rage par les \u00e9toiles...)\" \/>\n<meta property=\"og:url\" content=\"https:\/\/frmjccentre.org\/sts\/les-expositions-scientifiques\/de-la-terre-a-l-univers\/\" \/>\n<meta property=\"og:site_name\" content=\"FRMJC R\u00e9gion Centre - Service Sciences Techniques Soci\u00e9t\u00e9\" \/>\n<meta property=\"article:publisher\" content=\"https:\/\/www.facebook.com\/Frmjccentrests\/\" \/>\n<meta property=\"article:modified_time\" content=\"2024-06-21T08:15:41+00:00\" \/>\n<meta property=\"og:image\" content=\"https:\/\/frmjccentre.org\/sts\/wp-content\/uploads\/2012\/05\/100_5071.jpg?w=105\" \/>\n<meta name=\"twitter:card\" content=\"summary_large_image\" \/>\n<meta name=\"twitter:site\" content=\"@FRMJCSTS\" \/>\n<meta name=\"twitter:label1\" content=\"Dur\u00e9e de lecture estim\u00e9e\" \/>\n\t<meta name=\"twitter:data1\" content=\"4 minutes\" \/>\n<script type=\"application\/ld+json\" class=\"yoast-schema-graph\">{\"@context\":\"https:\\\/\\\/schema.org\",\"@graph\":[{\"@type\":\"WebPage\",\"@id\":\"https:\\\/\\\/frmjccentre.org\\\/sts\\\/les-expositions-scientifiques\\\/de-la-terre-a-l-univers\\\/\",\"url\":\"https:\\\/\\\/frmjccentre.org\\\/sts\\\/les-expositions-scientifiques\\\/de-la-terre-a-l-univers\\\/\",\"name\":\"De la Terre \u00e0 l'Univers - FRMJC R\u00e9gion Centre - Service Sciences Techniques Soci\u00e9t\u00e9\",\"isPartOf\":{\"@id\":\"https:\\\/\\\/frmjccentre.org\\\/sts\\\/#website\"},\"primaryImageOfPage\":{\"@id\":\"https:\\\/\\\/frmjccentre.org\\\/sts\\\/les-expositions-scientifiques\\\/de-la-terre-a-l-univers\\\/#primaryimage\"},\"image\":{\"@id\":\"https:\\\/\\\/frmjccentre.org\\\/sts\\\/les-expositions-scientifiques\\\/de-la-terre-a-l-univers\\\/#primaryimage\"},\"thumbnailUrl\":\"https:\\\/\\\/frmjccentre.org\\\/sts\\\/wp-content\\\/uploads\\\/2012\\\/05\\\/100_5071.jpg?w=105\",\"datePublished\":\"2024-06-21T05:45:00+00:00\",\"dateModified\":\"2024-06-21T08:15:41+00:00\",\"description\":\"L'exposition itin\u00e9rante et interactive \\\"De la Terre \u00e0 l'Univers\\\"\u00a0sensibilise le public \u00e0\u00a0l'astronomie. Par le biais d'ateliers, elle permet de mieux comprendre les ph\u00e9nom\u00e8nes c\u00e9lestes qui interagissent avec la vie quotidienne (alternance jour \\\/ nuit, saisons, phases de la Lune, calendriers, rep\u00e9rage par les \u00e9toiles...)\",\"breadcrumb\":{\"@id\":\"https:\\\/\\\/frmjccentre.org\\\/sts\\\/les-expositions-scientifiques\\\/de-la-terre-a-l-univers\\\/#breadcrumb\"},\"inLanguage\":\"fr-FR\",\"potentialAction\":[{\"@type\":\"ReadAction\",\"target\":[\"https:\\\/\\\/frmjccentre.org\\\/sts\\\/les-expositions-scientifiques\\\/de-la-terre-a-l-univers\\\/\"]}]},{\"@type\":\"ImageObject\",\"inLanguage\":\"fr-FR\",\"@id\":\"https:\\\/\\\/frmjccentre.org\\\/sts\\\/les-expositions-scientifiques\\\/de-la-terre-a-l-univers\\\/#primaryimage\",\"url\":\"https:\\\/\\\/frmjccentre.org\\\/sts\\\/wp-content\\\/uploads\\\/2012\\\/05\\\/100_5071.jpg?w=105\",\"contentUrl\":\"https:\\\/\\\/frmjccentre.org\\\/sts\\\/wp-content\\\/uploads\\\/2012\\\/05\\\/100_5071.jpg?w=105\"},{\"@type\":\"BreadcrumbList\",\"@id\":\"https:\\\/\\\/frmjccentre.org\\\/sts\\\/les-expositions-scientifiques\\\/de-la-terre-a-l-univers\\\/#breadcrumb\",\"itemListElement\":[{\"@type\":\"ListItem\",\"position\":1,\"name\":\"Accueil\",\"item\":\"https:\\\/\\\/frmjccentre.org\\\/sts\\\/\"},{\"@type\":\"ListItem\",\"position\":2,\"name\":\"Les expositions scientifiques\",\"item\":\"https:\\\/\\\/frmjccentre.org\\\/sts\\\/les-expositions-scientifiques\\\/\"},{\"@type\":\"ListItem\",\"position\":3,\"name\":\"De la Terre \u00e0 l&rsquo;Univers\"}]},{\"@type\":\"WebSite\",\"@id\":\"https:\\\/\\\/frmjccentre.org\\\/sts\\\/#website\",\"url\":\"https:\\\/\\\/frmjccentre.org\\\/sts\\\/\",\"name\":\"FRMJC R\u00e9gion Centre - Service Sciences Techniques Soci\u00e9t\u00e9\",\"description\":\"Une \u00e9quipe de professionnels de la m\u00e9diation.\",\"publisher\":{\"@id\":\"https:\\\/\\\/frmjccentre.org\\\/sts\\\/#organization\"},\"potentialAction\":[{\"@type\":\"SearchAction\",\"target\":{\"@type\":\"EntryPoint\",\"urlTemplate\":\"https:\\\/\\\/frmjccentre.org\\\/sts\\\/?s={search_term_string}\"},\"query-input\":{\"@type\":\"PropertyValueSpecification\",\"valueRequired\":true,\"valueName\":\"search_term_string\"}}],\"inLanguage\":\"fr-FR\"},{\"@type\":\"Organization\",\"@id\":\"https:\\\/\\\/frmjccentre.org\\\/sts\\\/#organization\",\"name\":\"FRMJC CENTRE\",\"url\":\"https:\\\/\\\/frmjccentre.org\\\/sts\\\/\",\"logo\":{\"@type\":\"ImageObject\",\"inLanguage\":\"fr-FR\",\"@id\":\"https:\\\/\\\/frmjccentre.org\\\/sts\\\/#\\\/schema\\\/logo\\\/image\\\/\",\"url\":\"https:\\\/\\\/frmjccentre.org\\\/sts\\\/wp-content\\\/uploads\\\/2017\\\/06\\\/logo-Frmjc-Centre-GIF-300ppp.gif\",\"contentUrl\":\"https:\\\/\\\/frmjccentre.org\\\/sts\\\/wp-content\\\/uploads\\\/2017\\\/06\\\/logo-Frmjc-Centre-GIF-300ppp.gif\",\"width\":3508,\"height\":2480,\"caption\":\"FRMJC CENTRE\"},\"image\":{\"@id\":\"https:\\\/\\\/frmjccentre.org\\\/sts\\\/#\\\/schema\\\/logo\\\/image\\\/\"},\"sameAs\":[\"https:\\\/\\\/www.facebook.com\\\/Frmjccentrests\\\/\",\"https:\\\/\\\/x.com\\\/FRMJCSTS\"]}]}<\/script>\n<!-- \/ Yoast SEO plugin. -->","yoast_head_json":{"title":"De la Terre \u00e0 l'Univers - FRMJC R\u00e9gion Centre - Service Sciences Techniques Soci\u00e9t\u00e9","description":"L'exposition itin\u00e9rante et interactive \"De la Terre \u00e0 l'Univers\"\u00a0sensibilise le public \u00e0\u00a0l'astronomie. Par le biais d'ateliers, elle permet de mieux comprendre les ph\u00e9nom\u00e8nes c\u00e9lestes qui interagissent avec la vie quotidienne (alternance jour \/ nuit, saisons, phases de la Lune, calendriers, rep\u00e9rage par les \u00e9toiles...)","robots":{"index":"index","follow":"follow","max-snippet":"max-snippet:-1","max-image-preview":"max-image-preview:large","max-video-preview":"max-video-preview:-1"},"canonical":"https:\/\/frmjccentre.org\/sts\/les-expositions-scientifiques\/de-la-terre-a-l-univers\/","og_locale":"fr_FR","og_type":"article","og_title":"De la Terre \u00e0 l'Univers - FRMJC R\u00e9gion Centre - Service Sciences Techniques Soci\u00e9t\u00e9","og_description":"L'exposition itin\u00e9rante et interactive \"De la Terre \u00e0 l'Univers\"\u00a0sensibilise le public \u00e0\u00a0l'astronomie. Par le biais d'ateliers, elle permet de mieux comprendre les ph\u00e9nom\u00e8nes c\u00e9lestes qui interagissent avec la vie quotidienne (alternance jour \/ nuit, saisons, phases de la Lune, calendriers, rep\u00e9rage par les \u00e9toiles...)","og_url":"https:\/\/frmjccentre.org\/sts\/les-expositions-scientifiques\/de-la-terre-a-l-univers\/","og_site_name":"FRMJC R\u00e9gion Centre - Service Sciences Techniques Soci\u00e9t\u00e9","article_publisher":"https:\/\/www.facebook.com\/Frmjccentrests\/","article_modified_time":"2024-06-21T08:15:41+00:00","og_image":[{"url":"https:\/\/frmjccentre.org\/sts\/wp-content\/uploads\/2012\/05\/100_5071.jpg?w=105","type":"","width":"","height":""}],"twitter_card":"summary_large_image","twitter_site":"@FRMJCSTS","twitter_misc":{"Dur\u00e9e de lecture estim\u00e9e":"4 minutes"},"schema":{"@context":"https:\/\/schema.org","@graph":[{"@type":"WebPage","@id":"https:\/\/frmjccentre.org\/sts\/les-expositions-scientifiques\/de-la-terre-a-l-univers\/","url":"https:\/\/frmjccentre.org\/sts\/les-expositions-scientifiques\/de-la-terre-a-l-univers\/","name":"De la Terre \u00e0 l'Univers - FRMJC R\u00e9gion Centre - Service Sciences Techniques Soci\u00e9t\u00e9","isPartOf":{"@id":"https:\/\/frmjccentre.org\/sts\/#website"},"primaryImageOfPage":{"@id":"https:\/\/frmjccentre.org\/sts\/les-expositions-scientifiques\/de-la-terre-a-l-univers\/#primaryimage"},"image":{"@id":"https:\/\/frmjccentre.org\/sts\/les-expositions-scientifiques\/de-la-terre-a-l-univers\/#primaryimage"},"thumbnailUrl":"https:\/\/frmjccentre.org\/sts\/wp-content\/uploads\/2012\/05\/100_5071.jpg?w=105","datePublished":"2024-06-21T05:45:00+00:00","dateModified":"2024-06-21T08:15:41+00:00","description":"L'exposition itin\u00e9rante et interactive \"De la Terre \u00e0 l'Univers\"\u00a0sensibilise le public \u00e0\u00a0l'astronomie. Par le biais d'ateliers, elle permet de mieux comprendre les ph\u00e9nom\u00e8nes c\u00e9lestes qui interagissent avec la vie quotidienne (alternance jour \/ nuit, saisons, phases de la Lune, calendriers, rep\u00e9rage par les \u00e9toiles...)","breadcrumb":{"@id":"https:\/\/frmjccentre.org\/sts\/les-expositions-scientifiques\/de-la-terre-a-l-univers\/#breadcrumb"},"inLanguage":"fr-FR","potentialAction":[{"@type":"ReadAction","target":["https:\/\/frmjccentre.org\/sts\/les-expositions-scientifiques\/de-la-terre-a-l-univers\/"]}]},{"@type":"ImageObject","inLanguage":"fr-FR","@id":"https:\/\/frmjccentre.org\/sts\/les-expositions-scientifiques\/de-la-terre-a-l-univers\/#primaryimage","url":"https:\/\/frmjccentre.org\/sts\/wp-content\/uploads\/2012\/05\/100_5071.jpg?w=105","contentUrl":"https:\/\/frmjccentre.org\/sts\/wp-content\/uploads\/2012\/05\/100_5071.jpg?w=105"},{"@type":"BreadcrumbList","@id":"https:\/\/frmjccentre.org\/sts\/les-expositions-scientifiques\/de-la-terre-a-l-univers\/#breadcrumb","itemListElement":[{"@type":"ListItem","position":1,"name":"Accueil","item":"https:\/\/frmjccentre.org\/sts\/"},{"@type":"ListItem","position":2,"name":"Les expositions scientifiques","item":"https:\/\/frmjccentre.org\/sts\/les-expositions-scientifiques\/"},{"@type":"ListItem","position":3,"name":"De la Terre \u00e0 l&rsquo;Univers"}]},{"@type":"WebSite","@id":"https:\/\/frmjccentre.org\/sts\/#website","url":"https:\/\/frmjccentre.org\/sts\/","name":"FRMJC R\u00e9gion Centre - Service Sciences Techniques Soci\u00e9t\u00e9","description":"Une \u00e9quipe de professionnels de la m\u00e9diation.","publisher":{"@id":"https:\/\/frmjccentre.org\/sts\/#organization"},"potentialAction":[{"@type":"SearchAction","target":{"@type":"EntryPoint","urlTemplate":"https:\/\/frmjccentre.org\/sts\/?s={search_term_string}"},"query-input":{"@type":"PropertyValueSpecification","valueRequired":true,"valueName":"search_term_string"}}],"inLanguage":"fr-FR"},{"@type":"Organization","@id":"https:\/\/frmjccentre.org\/sts\/#organization","name":"FRMJC CENTRE","url":"https:\/\/frmjccentre.org\/sts\/","logo":{"@type":"ImageObject","inLanguage":"fr-FR","@id":"https:\/\/frmjccentre.org\/sts\/#\/schema\/logo\/image\/","url":"https:\/\/frmjccentre.org\/sts\/wp-content\/uploads\/2017\/06\/logo-Frmjc-Centre-GIF-300ppp.gif","contentUrl":"https:\/\/frmjccentre.org\/sts\/wp-content\/uploads\/2017\/06\/logo-Frmjc-Centre-GIF-300ppp.gif","width":3508,"height":2480,"caption":"FRMJC CENTRE"},"image":{"@id":"https:\/\/frmjccentre.org\/sts\/#\/schema\/logo\/image\/"},"sameAs":["https:\/\/www.facebook.com\/Frmjccentrests\/","https:\/\/x.com\/FRMJCSTS"]}]}},"jetpack_sharing_enabled":true,"jetpack_shortlink":"https:\/\/wp.me\/PgjY92-E","jetpack-related-posts":[],"_links":{"self":[{"href":"https:\/\/frmjccentre.org\/sts\/wp-json\/wp\/v2\/pages\/40","targetHints":{"allow":["GET"]}}],"collection":[{"href":"https:\/\/frmjccentre.org\/sts\/wp-json\/wp\/v2\/pages"}],"about":[{"href":"https:\/\/frmjccentre.org\/sts\/wp-json\/wp\/v2\/types\/page"}],"author":[{"embeddable":true,"href":"https:\/\/frmjccentre.org\/sts\/wp-json\/wp\/v2\/users\/2"}],"replies":[{"embeddable":true,"href":"https:\/\/frmjccentre.org\/sts\/wp-json\/wp\/v2\/comments?post=40"}],"version-history":[{"count":32,"href":"https:\/\/frmjccentre.org\/sts\/wp-json\/wp\/v2\/pages\/40\/revisions"}],"predecessor-version":[{"id":9508,"href":"https:\/\/frmjccentre.org\/sts\/wp-json\/wp\/v2\/pages\/40\/revisions\/9508"}],"up":[{"embeddable":true,"href":"https:\/\/frmjccentre.org\/sts\/wp-json\/wp\/v2\/pages\/9"}],"wp:attachment":[{"href":"https:\/\/frmjccentre.org\/sts\/wp-json\/wp\/v2\/media?parent=40"}],"curies":[{"name":"wp","href":"https:\/\/api.w.org\/{rel}","templated":true}]}}