{"id":45,"date":"2020-09-16T15:05:00","date_gmt":"2020-09-16T13:05:00","guid":{"rendered":"http:\/\/frmjccentrests.wordpress.com\/?page_id=45"},"modified":"2023-10-31T15:37:39","modified_gmt":"2023-10-31T14:37:39","slug":"electricite","status":"publish","type":"page","link":"https:\/\/frmjccentre.org\/sts\/les-expositions-scientifiques\/electricite\/","title":{"rendered":"Electricit\u00e9 &#8211; tout est clair"},"content":{"rendered":"<p style=\"text-align: justify;\"><span style=\"color: #000000;\">\u00a0Alors que\u00a0<strong>la question de la production \u00e9lectrique est au c\u0153ur des d\u00e9bats, <\/strong>l&#8217;<strong>exposition itin\u00e9rante interactive &#8220;\u00c9lectricit\u00e9, tout est clair&#8230; vers une \u00e9nergie durable ?<\/strong>&#8221; invite \u00e0\u00a0<strong>d\u00e9couvrir le monde de l&#8217;\u00e9lectricit\u00e9 <\/strong>: ses propri\u00e9t\u00e9s, ses applications, ses modes de production, ses risques, ses dangers,\u00a0&#8230;<\/span><\/p>\n<div id=\"metaslider-id-7638\" style=\"width: 100%; margin: 0 auto;\" class=\"ml-slider-3-108-0 metaslider metaslider-nivo metaslider-7638 ml-slider has-dots-nav ml-slider-lightbox-2-22-0 simple-lightbox-2-9-5 ms-theme-default\" role=\"region\" aria-label=\"EXPO interactive ELECTRICIT\u00c9\" data-height=\"300\" data-width=\"700\">\n    <div id=\"metaslider_container_7638\">\n        <div class='slider-wrapper theme-default'><div class='ribbon'><\/div><div id='metaslider_7638' class='nivoSlider'><a href=\"https:\/\/frmjccentre.org\/sts\/wp-content\/uploads\/2013\/02\/07022013363.jpg\" data-src=\"https:\/\/frmjccentre.org\/sts\/wp-content\/uploads\/2013\/02\/07022013363.jpg\" data-thumb=\"https:\/\/frmjccentre.org\/sts\/wp-content\/uploads\/2013\/02\/07022013363-700x300.jpg\" class=\"ml-lightbox-enabled\"><img loading=\"lazy\" decoding=\"async\" src=\"https:\/\/frmjccentre.org\/sts\/wp-content\/uploads\/2013\/02\/07022013363-700x300.jpg\" height=\"300\" width=\"700\" title=\"07022013363\" alt=\"\" class=\"slider-7638 slide-7646 msDefaultImage\" \/><\/a><a href=\"https:\/\/frmjccentre.org\/sts\/wp-content\/uploads\/2020\/01\/2-Chateau-Renault-29.11.2016-3-scaled.jpg\" data-src=\"https:\/\/frmjccentre.org\/sts\/wp-content\/uploads\/2020\/01\/2-Chateau-Renault-29.11.2016-3-scaled.jpg\" data-thumb=\"https:\/\/frmjccentre.org\/sts\/wp-content\/uploads\/2020\/01\/2-Chateau-Renault-29.11.2016-3-scaled-700x300.jpg\" class=\"ml-lightbox-enabled\"><img loading=\"lazy\" decoding=\"async\" src=\"https:\/\/frmjccentre.org\/sts\/wp-content\/uploads\/2020\/01\/2-Chateau-Renault-29.11.2016-3-scaled-700x300.jpg\" height=\"300\" width=\"700\" title=\"2-Chateau-Renault-29.11.2016 (3)\" alt=\"\" class=\"slider-7638 slide-7642 msDefaultImage\" \/><\/a><a href=\"https:\/\/frmjccentre.org\/sts\/wp-content\/uploads\/2020\/01\/03102012332-scaled.jpg\" data-src=\"https:\/\/frmjccentre.org\/sts\/wp-content\/uploads\/2020\/01\/03102012332-scaled.jpg\" data-thumb=\"https:\/\/frmjccentre.org\/sts\/wp-content\/uploads\/2020\/01\/03102012332-scaled-700x300.jpg\" class=\"ml-lightbox-enabled\"><img loading=\"lazy\" decoding=\"async\" src=\"https:\/\/frmjccentre.org\/sts\/wp-content\/uploads\/2020\/01\/03102012332-scaled-700x300.jpg\" height=\"300\" width=\"700\" title=\"03102012332\" alt=\"\" class=\"slider-7638 slide-7643 msDefaultImage\" \/><\/a><a href=\"https:\/\/frmjccentre.org\/sts\/wp-content\/uploads\/2013\/02\/23112012356.jpg\" data-src=\"https:\/\/frmjccentre.org\/sts\/wp-content\/uploads\/2013\/02\/23112012356.jpg\" data-thumb=\"https:\/\/frmjccentre.org\/sts\/wp-content\/uploads\/2013\/02\/23112012356-700x300.jpg\" class=\"ml-lightbox-enabled\"><img loading=\"lazy\" decoding=\"async\" src=\"https:\/\/frmjccentre.org\/sts\/wp-content\/uploads\/2013\/02\/23112012356-700x300.jpg\" height=\"300\" width=\"700\" title=\"Atelier \u00e9lectricit\u00e9 : conducteur - isolant\" alt=\"Expo \u00e9lectricit\u00e9 : conducteur - isolant\" class=\"slider-7638 slide-7645 msDefaultImage\" \/><\/a><a href=\"https:\/\/frmjccentre.org\/sts\/wp-content\/uploads\/2020\/01\/Saran-14.10.2016-12-scaled.jpg\" data-src=\"https:\/\/frmjccentre.org\/sts\/wp-content\/uploads\/2020\/01\/Saran-14.10.2016-12-scaled.jpg\" data-thumb=\"https:\/\/frmjccentre.org\/sts\/wp-content\/uploads\/2020\/01\/Saran-14.10.2016-12-scaled-700x300.jpg\" class=\"ml-lightbox-enabled\"><img loading=\"lazy\" decoding=\"async\" src=\"https:\/\/frmjccentre.org\/sts\/wp-content\/uploads\/2020\/01\/Saran-14.10.2016-12-scaled-700x300.jpg\" height=\"300\" width=\"700\" title=\"Saran-14.10.2016 (12)\" alt=\"\" class=\"slider-7638 slide-7644 msDefaultImage\" \/><\/a><a href=\"https:\/\/frmjccentre.org\/sts\/wp-content\/uploads\/2013\/02\/03102012334.jpg\" data-src=\"https:\/\/frmjccentre.org\/sts\/wp-content\/uploads\/2013\/02\/03102012334.jpg\" data-thumb=\"https:\/\/frmjccentre.org\/sts\/wp-content\/uploads\/2013\/02\/03102012334-700x300.jpg\" class=\"ml-lightbox-enabled\"><img loading=\"lazy\" decoding=\"async\" src=\"https:\/\/frmjccentre.org\/sts\/wp-content\/uploads\/2013\/02\/03102012334-700x300.jpg\" height=\"300\" width=\"700\" title=\"03102012334\" alt=\"\" class=\"slider-7638 slide-7649 msDefaultImage\" \/><\/a><a href=\"https:\/\/frmjccentre.org\/sts\/wp-content\/uploads\/2012\/05\/panneau-transport.jpg\" data-src=\"https:\/\/frmjccentre.org\/sts\/wp-content\/uploads\/2012\/05\/panneau-transport.jpg\" data-thumb=\"https:\/\/frmjccentre.org\/sts\/wp-content\/uploads\/2012\/05\/panneau-transport-700x300.jpg\" class=\"ml-lightbox-enabled\"><img loading=\"lazy\" decoding=\"async\" src=\"https:\/\/frmjccentre.org\/sts\/wp-content\/uploads\/2012\/05\/panneau-transport-700x300.jpg\" height=\"300\" width=\"700\" data-caption=\"Exemple de panneaux\" title=\"panneau elec TRANSPORT\" alt=\"\" class=\"slider-7638 slide-7650 msDefaultImage\" \/><\/a><\/div><\/div>\n        \n    <\/div>\n<\/div>\n<p style=\"text-align: justify;\"><span style=\"color: #000000;\"><strong>L&#8217;\u00e9lectricit\u00e9<\/strong> est <strong>utilis\u00e9e quotidiennement dans nos foyers<\/strong>. Elle <strong>permet le fonctionnement de nombreux appareils \u00e9lectrom\u00e9nagers et autres<\/strong>. De nos jours, sans \u00e9lectricit\u00e9, bons nombres de nos habitudes seraient chamboul\u00e9es.<\/span><\/p>\n<p style=\"text-align: justify;\"><span style=\"color: #000000;\">Cependant, la <strong>production et la consommation\u00a0 que nous faisons de notre \u00e9lectricit\u00e9<\/strong> deviennent de plus en plus des sujets de pr\u00e9occupations au sein de notre soci\u00e9t\u00e9.\u00a0<\/span><\/p>\n<div id=\"attachment_1169\" style=\"width: 129px\" class=\"wp-caption alignright\"><a href=\"https:\/\/frmjccentre.org\/sts\/wp-content\/uploads\/2012\/10\/panneau-orage.jpg\" data-src=\"https:\/\/frmjccentre.org\/sts\/wp-content\/uploads\/2012\/10\/panneau-orage.jpg\" data-thumb=\"https:\/\/frmjccentre.org\/sts\/wp-content\/uploads\/2012\/10\/panneau-orage.jpg?w=119\" class=\"ml-lightbox-enabled\"><img loading=\"lazy\" decoding=\"async\" aria-describedby=\"caption-attachment-1169\" data-attachment-id=\"1169\" data-permalink=\"https:\/\/frmjccentre.org\/sts\/panneau-transport\/\" data-orig-file=\"https:\/\/frmjccentre.org\/sts\/wp-content\/uploads\/2012\/05\/panneau-transport.jpg\" data-orig-size=\"4724,5906\" data-comments-opened=\"1\" data-image-meta=\"{&quot;aperture&quot;:&quot;0&quot;,&quot;credit&quot;:&quot;&quot;,&quot;camera&quot;:&quot;&quot;,&quot;caption&quot;:&quot;&quot;,&quot;created_timestamp&quot;:&quot;0&quot;,&quot;copyright&quot;:&quot;&quot;,&quot;focal_length&quot;:&quot;0&quot;,&quot;iso&quot;:&quot;0&quot;,&quot;shutter_speed&quot;:&quot;0&quot;,&quot;title&quot;:&quot;&quot;,&quot;orientation&quot;:&quot;0&quot;}\" data-image-title=\"panneau elec TRANSPORT\" data-image-description=\"\" data-image-caption=\"&lt;p&gt;Exemple de panneaux&lt;\/p&gt;\n\" data-large-file=\"https:\/\/frmjccentre.org\/sts\/wp-content\/uploads\/2012\/05\/panneau-transport-819x1024.jpg\" class=\"size-thumbnail wp-image-1169\" title=\"panneau elec TRANSPORT\" src=\"https:\/\/frmjccentre.org\/sts\/wp-content\/uploads\/2012\/10\/panneau-orage.jpg?w=119\" alt=\"\" width=\"119\" height=\"150\" \/><\/a><p id=\"caption-attachment-1169\" class=\"wp-caption-text\">Exemple de panneaux<\/p><\/div>\n<p><span style=\"color: #ff6600;\"><em><strong>Le mat\u00e9riel utilis\u00e9<\/strong><\/em><\/span><\/p>\n<p style=\"text-align: justify;\"><span style=\"color: #ff6600;\"><span style=\"color: #000000;\">Nous mettons \u00e0 votre disposition <strong>22 ateliers interactifs<\/strong> et <a title=\"voir les panneaux &quot;\u00e9lectricit\u00e9&quot;\" href=\"http:\/\/www.pageflip-flap.com\/read?r=yqteAN1215VtQAfUkD\" target=\"_blank\" rel=\"noopener noreferrer\"><strong>16 panneaux <\/strong><\/a>(format b\u00e2che 75&#215;100). <\/span><\/span><\/p>\n<p style=\"text-align: justify;\"><span style=\"color: #ff6600;\"><span style=\"color: #000000;\">Par <strong>la manipulation<\/strong> et <strong>l&#8217;observation<\/strong>, d\u00e9couvrez de mani\u00e8re ludique le monde de l&#8217;\u00e9lectricit\u00e9 abord\u00e9 au travers de <strong>3 th\u00e8mes principaux :<\/strong><\/span><\/span><\/p>\n<p style=\"text-align: justify;\"><strong><span style=\"color: #ff6600;\"><span style=\"color: #000000;\">1. <\/span><\/span><span style=\"color: #ff6600;\"><span style=\"color: #000000;\"><strong>\u00c9lectricit\u00e9<\/strong> et Nature<\/span><\/span><\/strong><\/p>\n<h5><em><span style=\"color: #ff6600;\"><span style=\"color: #000000;\">Extrait d&#8217;ateliers:<\/span><\/span><\/em><\/h5>\n<ul>\n<li>\n<h5 style=\"text-align: justify;\"><span style=\"color: #000000;\"><span style=\"color: #000000;\">La sph\u00e8re \u00e0 plasma : <\/span><\/span><span style=\"color: #000000;\">observez des \u00e9clairs et autres arcs \u00e9lectriques en toute s\u00e9curit\u00e9.<\/span><\/h5>\n<\/li>\n<li>\n<h5 style=\"text-align: justify;\"><span style=\"color: #000000;\">Ateliers : objets attir\u00e9s, objets qui s&#8217;\u00e9lectrisent.<\/span><\/h5>\n<\/li>\n<li>\n<h5 style=\"text-align: justify;\"><span style=\"color: #000000;\">Histoire : les pionniers de l&#8217;\u00e9lectricit\u00e9.<\/span><\/h5>\n<\/li>\n<\/ul>\n<p style=\"text-align: justify;\"><span style=\"color: #000000;\"><strong>2. \u00c9lectricit\u00e9 et propri\u00e9t\u00e9s<\/strong><\/span><\/p>\n<h5><span style=\"color: #000000;\"><em>Extrait d&#8217;ateliers<\/em><\/span><\/h5>\n<ul>\n<li>\n<h5><span style=\"color: #000000;\">\u00c9lectron : qui suis-je ? : \u00a0une maquette qui aide \u00e0 comprendre ce qu\u2019est l\u2019\u00e9lectron puis l\u2019\u00e9lectricit\u00e9.<\/span><\/h5>\n<\/li>\n<li>\n<h5><span style=\"color: #000000;\">Ateliers : des circuits \u00e9lectriques \u00e0 construire.<\/span><\/h5>\n<\/li>\n<li>\n<h5><span style=\"color: #000000;\">Conducteurs ou isolants ? :\u00a0 tester et classer&#8230;<\/span><\/h5>\n<\/li>\n<li>\n<h5><span style=\"color: #000000;\">Changer le sens du courant<\/span><\/h5>\n<\/li>\n<li>\n<h5><span style=\"color: #000000;\">Attention \u00e0 la tension<\/span><\/h5>\n<\/li>\n<li>\n<h5><span style=\"color: #000000;\">Les circuits font de la r\u00e9sistance<\/span><\/h5>\n<\/li>\n<li>\n<h5><span style=\"color: #000000;\">Du courant qui aimante<\/span><\/h5>\n<\/li>\n<li>\n<h5><span style=\"color: #000000;\">Moteurs \u00e9lectriques ou dynamos ?<\/span><\/h5>\n<\/li>\n<\/ul>\n<p><span style=\"color: #000000;\"><strong>3. \u00c9lectricit\u00e9 et d\u00e9veloppement durable<\/strong><\/span><\/p>\n<h5><span style=\"color: #000000;\"><em>Extrait d&#8217;ateliers<\/em><\/span><\/h5>\n<ul>\n<li>\n<h5><span style=\"color: #000000;\">Produire l\u2019\u00e9lectricit\u00e9 ! Quelles sources d\u2019\u00e9nergie ? Nucl\u00e9aire ? Fossile ? Renouvelable ?<\/span><\/h5>\n<\/li>\n<li>\n<h5><span style=\"color: #000000;\">L\u2019\u00e9nergie \u00e9lectrique, une \u00e9nergie durable ?\u00a0 produire de l\u2019\u00e9lectricit\u00e9 en prot\u00e9geant l\u2019environnement : un d\u00e9fi ! L\u2019\u00e9olienne : comment produire l\u2019\u00e9lectricit\u00e9 par la force du vent ? Le ventilateur solaire\u00a0 !\u00a0 comprendre la photo-\u00e9lectricit\u00e9 !<\/span><\/h5>\n<\/li>\n<li>\n<h5><span style=\"color: #000000;\">Les mains-batteries : se prot\u00e9ger des dangers de l\u2019\u00e9lectrocution.<\/span><\/h5>\n<\/li>\n<li>\n<h5><span style=\"color: #000000;\">Circuit s\u00e9rie ou d\u00e9rivation ?<\/span><\/h5>\n<\/li>\n<li>\n<h5><span style=\"color: #000000;\">\u00c9lectricit\u00e9, on ne peut plus s\u2019en passer ?<\/span><\/h5>\n<\/li>\n<\/ul>\n<p><span style=\"color: #ff6600;\"><em><strong>Public vis\u00e9<\/strong><\/em><\/span><\/p>\n<p><span style=\"color: #000000;\">Cette exposition est adapt\u00e9e \u00e0 <strong>tout<\/strong> <strong>public.<\/strong><\/span><\/p>\n<p><span style=\"color: #000000;\"><strong>Pour le public scolaire<\/strong>, les ateliers sont propos\u00e9s d\u00e8s <strong>les\u00a0classes de CP\u00a0jusqu\u2019aux classes de 3\u00e8me des coll\u00e8ges.<\/strong><\/span><\/p>\n<p><span style=\"color: #000000;\">\u00a0<\/span><\/p>\n<p><span style=\"color: #ff6600;\"><em><strong>Presse<\/strong><\/em><\/span><\/p>\n<p><span style=\"color: #000000;\">Retrouvez <a title=\"Dossier de presse \/ Cliquez pour t\u00e9l\u00e9charger\" href=\"https:\/\/frmjccentre.org\/sts\/wp-content\/uploads\/2013\/05\/dossierpresse_elec.pdf\" target=\"_blank\" rel=\"noopener noreferrer\">(ici)<\/a> le dossier de presse de cette exposition. <\/span><\/p>\n<p><span style=\"color: #ff6600;\"><em><strong>En compl\u00e9ment<\/strong><\/em><\/span><\/p>\n<p><span style=\"color: #000000;\">Nous mettons \u00e0 votre disposition :<\/span><\/p>\n<ul>\n<li><span style=\"color: #000000;\">Le <strong>dossier p\u00e9dagogique enseignant <\/strong>(une fiche descriptive par atelier avec le mat\u00e9riel, les objectifs, des informations et les r\u00e9ponses au questionnaire du dossier \u00e9l\u00e8ve).\u00a0<\/span><\/li>\n<\/ul>\n<p style=\"text-align: center;\"><span style=\"color: #000000;\"><a title=\"acc\u00e9der \u00e0 la page de t\u00e9l\u00e9chargement\" href=\"https:\/\/frmjccentre.org\/sts\/les-expositions-scientifiques\/electricite\/page-de-telechargement-des-dossiers-pedagogiques\/\" target=\"_blank\" rel=\"noopener noreferrer\"><span style=\"color: #000000;\">(<span style=\"color: #ff0000;\">\u2192<\/span>) acc\u00e9der \u00e0 la page de t\u00e9l\u00e9chargement<\/span><\/a><\/span><\/p>\n<ul>\n<li><span style=\"color: #000000;\">Le <strong>dossier p\u00e9dagogique \u00e9l\u00e8ve <\/strong>(une fiche par atelier avec les \u00e9tapes, les informations essentielles, un questionnaire avec des espaces pour les r\u00e9ponses).\u00a0<\/span><\/li>\n<\/ul>\n<p style=\"text-align: center;\"><span style=\"color: #000000;\"><a title=\"acc\u00e9der \u00e0 la page de t\u00e9l\u00e9chargement\" href=\"https:\/\/frmjccentre.org\/sts\/les-expositions-scientifiques\/electricite\/page-de-telechargement-des-dossiers-pedagogiques\/\" target=\"_blank\" rel=\"noopener noreferrer\"><span style=\"color: #000000;\">(<span style=\"color: #ff0000;\">\u2192<\/span>) acc\u00e9der \u00e0 la page de t\u00e9l\u00e9chargement<\/span><\/a><\/span><\/p>\n<ul>\n<li><span style=\"color: #000000;\"><span style=\"color: #000000;\"><span style=\"color: #000000;\">Les dossiers <strong>\u00e9l\u00e8ve version courte <\/strong>(pour une prise de notes plus rapide lors de la visite). Ces versions sont <span style=\"color: #000000;\">t\u00e9l\u00e9chargeables <strong><span style=\"text-decoration: underline;\">gratuitement<\/span><\/strong> ci-dessous <\/span><span style=\"color: #333333;\">:<\/span><\/span><\/span><\/span>\n<p><div id=\"attachment_1166\" style=\"width: 116px\" class=\"wp-caption alignright\"><a href=\"https:\/\/frmjccentre.org\/sts\/wp-content\/uploads\/2012\/05\/affiche-2012-13.jpg\" data-src=\"https:\/\/frmjccentre.org\/sts\/wp-content\/uploads\/2012\/05\/affiche-2012-13.jpg\" data-thumb=\"https:\/\/frmjccentre.org\/sts\/wp-content\/uploads\/2012\/05\/affiche-2012-13.jpg?w=106\" class=\"ml-lightbox-enabled\"><img loading=\"lazy\" decoding=\"async\" aria-describedby=\"caption-attachment-1166\" data-attachment-id=\"1166\" data-permalink=\"https:\/\/frmjccentre.org\/sts\/affiche-2012-13\/\" data-orig-file=\"https:\/\/frmjccentre.org\/sts\/wp-content\/uploads\/2012\/05\/affiche-2012-13.jpg\" data-orig-size=\"3508,4961\" data-comments-opened=\"0\" data-image-meta=\"{&quot;aperture&quot;:&quot;0&quot;,&quot;credit&quot;:&quot;&quot;,&quot;camera&quot;:&quot;&quot;,&quot;caption&quot;:&quot;&quot;,&quot;created_timestamp&quot;:&quot;0&quot;,&quot;copyright&quot;:&quot;&quot;,&quot;focal_length&quot;:&quot;0&quot;,&quot;iso&quot;:&quot;0&quot;,&quot;shutter_speed&quot;:&quot;0&quot;,&quot;title&quot;:&quot;&quot;,&quot;orientation&quot;:&quot;0&quot;}\" data-image-title=\"Affiche \u00e9lectricit\u00e9\" data-image-description=\"&lt;p&gt;Exposition scientifique itin\u00e9rante sur la th\u00e9matique de l&amp;#8217;\u00e9lectricit\u00e9&lt;\/p&gt;\n&lt;p&gt;D\u00e9finition, production, montages de circuits \u00e9lectriques&lt;\/p&gt;\n\" data-image-caption=\"&lt;p&gt;Maquette affiche exposition \u00e9lectricit\u00e9&lt;\/p&gt;\n\" data-large-file=\"https:\/\/frmjccentre.org\/sts\/wp-content\/uploads\/2012\/05\/affiche-2012-13-724x1024.jpg\" class=\" wp-image-1166\" title=\"Affiche electricite\" src=\"https:\/\/frmjccentre.org\/sts\/wp-content\/uploads\/2012\/05\/affiche-2012-13.jpg?w=106\" alt=\"\" width=\"106\" height=\"150\" srcset=\"https:\/\/frmjccentre.org\/sts\/wp-content\/uploads\/2012\/05\/affiche-2012-13.jpg 3508w, https:\/\/frmjccentre.org\/sts\/wp-content\/uploads\/2012\/05\/affiche-2012-13-212x300.jpg 212w, https:\/\/frmjccentre.org\/sts\/wp-content\/uploads\/2012\/05\/affiche-2012-13-768x1086.jpg 768w, https:\/\/frmjccentre.org\/sts\/wp-content\/uploads\/2012\/05\/affiche-2012-13-724x1024.jpg 724w\" sizes=\"auto, (max-width: 106px) 100vw, 106px\" \/><\/a><p id=\"caption-attachment-1166\" class=\"wp-caption-text\">Maquette de l&#8217;affiche<\/p><\/div><\/li>\n<\/ul>\n<p style=\"padding-left: 30px;\">\u00a0<a title=\"t\u00e9l\u00e9charger\" href=\"https:\/\/frmjccentre.org\/sts\/wp-content\/uploads\/2012\/09\/dos-el-elec-cycle-2-v2012-court.pdf\" target=\"_blank\" rel=\"noopener noreferrer\"><span style=\"color: #000000;\">(<\/span><span style=\"color: #000000;\"><span style=\"color: #000000;\"><span style=\"text-decoration: underline;\"><span style=\"color: #ff0000; text-decoration: underline;\">\u2193<\/span><\/span>) <\/span><\/span><span style=\"color: #000000;\">t\u00e9l\u00e9charger<\/span><\/a><span style=\"text-decoration: underline;\"><span style=\"color: #000000;\"><span style=\"color: #000000; text-decoration: underline;\"> Version cycle 2<\/span><\/span><\/span> <span style=\"color: #000000;\"><em><span style=\"font-size: 70%;\">(582 Ko)<\/span><\/em><\/span><\/p>\n<p><a title=\"t\u00e9l\u00e9charger\" href=\"https:\/\/frmjccentre.org\/sts\/wp-content\/uploads\/2012\/12\/dos-el-elec-v2012-court.pdf\" target=\"_blank\" rel=\"noopener noreferrer\"><span style=\"color: #000000;\">(<\/span><span style=\"color: #000000;\"><span style=\"color: #000000;\"><span style=\"text-decoration: underline;\"><span style=\"color: #ff0000; text-decoration: underline;\">\u2193<\/span><\/span>)<\/span><\/span><span style=\"color: #000000;\"> t\u00e9l\u00e9charger <\/span><\/a><span style=\"text-decoration: underline;\"><span style=\"color: #000000;\"><span style=\"color: #000000; text-decoration: underline;\">Version cycle 3-coll\u00e8ge<\/span><\/span><\/span> <span style=\"color: #000000;\"><em><span style=\"font-size: 70%;\">(598 Ko)<\/span><\/em><\/span><\/p>\n<p style=\"padding-left: 30px;\"><span style=\"color: #000000;\"><em><span style=\"font-size: 85%;\">Les dossiers existent sur support Cdr en version &#8220;Word&#8221;.<\/span><\/em><\/span><\/p>\n<ul>\n<li><span style=\"color: #000000;\">La <strong>maquette de l\u2019affiche et des flyers <\/strong>au format Publisher ou Jpeg.<\/span><\/li>\n<li><span style=\"color: #000000;\"><strong>Un mod\u00e8le de communiqu\u00e9 de presse<\/strong><\/span><\/li>\n<\/ul>\n<p><span style=\"color: #ff6600;\"><em><strong>Contraintes techniques<\/strong><\/em><\/span><\/p>\n<p><span style=\"color: #000000;\">L\u2019exposition se monte dans une<strong> salle de 150 \u00e0 200 m\u00b2 <\/strong>contenant<strong>\u00a0deux prise 220 V. <\/strong>La salle doit \u00eatre \u00e9quip\u00e9e au<strong> minimum de 12 tables. <\/strong><\/span><\/p>\n<p><span style=\"color: #ff6600;\"><em><strong>Zone d&#8217;intervention<\/strong><\/em><\/span><\/p>\n<p><span style=\"color: #000000;\">Nous intervenons sur <strong>toute la France<\/strong>.<\/span><\/p>\n<p style=\"text-align: center;\"><span style=\"color: #000000;\"><strong><strong>\u2014<\/strong><\/strong><\/span><\/p>\n<p><span style=\"color: #000000;\"><span style=\"color: #333399;\">Ce support anim\u00e9 est \u00e9ligible au contrat P.A.C.T. (projets artistiques et culturels de territoire) de la R\u00e9gion Centre (voir les modalit\u00e9s<\/span> <a href=\"https:\/\/frmjccentre.org\/sts\/wp-content\/uploads\/2017\/07\/cadre-intervention-PACT-2013.pdf\">ici<\/a><span style=\"color: #333399;\">)\u00a0<\/span><\/span><\/p>\n<h6 style=\"text-align: justify; padding-left: 150px;\"><span style=\"color: #000000;\">&gt;&gt;&gt; t\u00e9l\u00e9charger le\u00a0<a title=\"t\u00e9l\u00e9charger le catalogue\" href=\"https:\/\/frmjccentre.org\/sts\/wp-content\/uploads\/2020\/09\/2020-09_plaquette-catalogue.pdf\" target=\"_blank\" rel=\"noopener noreferrer\"><span style=\"color: #0066cc;\">catalogue des expositions<\/span><\/a><\/span><\/h6>\n<h6 style=\"text-align: justify; padding-left: 150px;\"><span style=\"color: #000000;\">&gt;&gt;&gt; t\u00e9l\u00e9charger\u00a0la\u00a0<a title=\"t\u00e9l\u00e9charger la fiche technique\" href=\"https:\/\/frmjccentre.org\/sts\/wp-content\/uploads\/2017\/07\/F-tech-eaudstps.pdf\" target=\"_blank\" rel=\"noopener noreferrer\"><span style=\"color: #0066cc;\">fiche technique<\/span><\/a><\/span><\/h6>\n<h6 style=\"text-align: justify; padding-left: 150px;\"><span style=\"color: #000000;\">&gt;&gt;&gt; <a title=\"ouvrir la page Tarifs\" href=\"https:\/\/frmjccentre.org\/sts\/tarifs\/\" target=\"_blank\" rel=\"noopener noreferrer\"><u><span style=\"color: #0066cc;\">consulter nos tarifs<\/span><\/u><\/a><\/span><\/h6>\n<h6 style=\"text-align: justify; padding-left: 150px;\"><span style=\"color: #000000;\">&gt;&gt;&gt; <a title=\"ouvrir la page Contacts \" href=\"https:\/\/frmjccentre.org\/sts\/contacts\/\" target=\"_blank\" rel=\"noopener noreferrer\"><u><span style=\"color: #0066cc;\">nous contacter<\/span><\/u><\/a><\/span><\/h6>\n<h6 style=\"text-align: justify; padding-left: 150px;\"><span style=\"color: #000000;\">\u00a0<\/span><\/h6>\n","protected":false},"excerpt":{"rendered":"<p>\u00a0Alors que\u00a0la question de la production \u00e9lectrique est au c\u0153ur des d\u00e9bats, l&#8217;exposition itin\u00e9rante interactive &#8220;\u00c9lectricit\u00e9, tout est clair&#8230; vers une \u00e9nergie durable ?&#8221; invite \u00e0\u00a0d\u00e9couvrir le monde de l&#8217;\u00e9lectricit\u00e9 : ses propri\u00e9t\u00e9s, ses applications, ses modes de production, ses &hellip; <a href=\"https:\/\/frmjccentre.org\/sts\/les-expositions-scientifiques\/electricite\/\">Continuer la lecture <span class=\"meta-nav\">&rarr;<\/span><\/a><\/p>\n","protected":false},"author":2,"featured_media":0,"parent":9,"menu_order":10,"comment_status":"closed","ping_status":"closed","template":"","meta":{"_crdt_document":"","footnotes":""},"class_list":["post-45","page","type-page","status-publish","hentry"],"yoast_head":"<!-- This site is optimized with the Yoast SEO plugin v27.4 - https:\/\/yoast.com\/product\/yoast-seo-wordpress\/ -->\n<title>Electricit\u00e9 - tout est clair - FRMJC R\u00e9gion Centre - Service Sciences Techniques Soci\u00e9t\u00e9<\/title>\n<meta name=\"description\" content=\"L&#039;exposition itin\u00e9rante interactive &quot;\u00c9lectricit\u00e9, tout est clair... vers une \u00e9nergie durable ?&quot; invite \u00e0\u00a0d\u00e9couvrir l&#039;\u00e9lectricit\u00e9 : propri\u00e9t\u00e9s, applications, modes de production, risques, dangers,\u00a0... au travers d&#039;ateliers interactifs et de panneaux explicatifs. Public : cycle 2, cycle 3, coll\u00e8ge \/ tout public\" \/>\n<meta name=\"robots\" content=\"index, follow, max-snippet:-1, max-image-preview:large, max-video-preview:-1\" \/>\n<link rel=\"canonical\" href=\"https:\/\/frmjccentre.org\/sts\/les-expositions-scientifiques\/electricite\/\" \/>\n<meta property=\"og:locale\" content=\"fr_FR\" \/>\n<meta property=\"og:type\" content=\"article\" \/>\n<meta property=\"og:title\" content=\"Electricit\u00e9 - tout est clair - FRMJC R\u00e9gion Centre - Service Sciences Techniques Soci\u00e9t\u00e9\" \/>\n<meta property=\"og:description\" content=\"L&#039;exposition itin\u00e9rante interactive &quot;\u00c9lectricit\u00e9, tout est clair... vers une \u00e9nergie durable ?&quot; invite \u00e0\u00a0d\u00e9couvrir l&#039;\u00e9lectricit\u00e9 : propri\u00e9t\u00e9s, applications, modes de production, risques, dangers,\u00a0... au travers d&#039;ateliers interactifs et de panneaux explicatifs. Public : cycle 2, cycle 3, coll\u00e8ge \/ tout public\" \/>\n<meta property=\"og:url\" content=\"https:\/\/frmjccentre.org\/sts\/les-expositions-scientifiques\/electricite\/\" \/>\n<meta property=\"og:site_name\" content=\"FRMJC R\u00e9gion Centre - Service Sciences Techniques Soci\u00e9t\u00e9\" \/>\n<meta property=\"article:publisher\" content=\"https:\/\/www.facebook.com\/Frmjccentrests\/\" \/>\n<meta property=\"article:modified_time\" content=\"2023-10-31T14:37:39+00:00\" \/>\n<meta property=\"og:image\" content=\"https:\/\/frmjccentre.org\/sts\/wp-content\/uploads\/2012\/10\/panneau-orage.jpg?w=119\" \/>\n<meta name=\"twitter:card\" content=\"summary_large_image\" \/>\n<meta name=\"twitter:site\" content=\"@FRMJCSTS\" \/>\n<meta name=\"twitter:label1\" content=\"Dur\u00e9e de lecture estim\u00e9e\" \/>\n\t<meta name=\"twitter:data1\" content=\"3 minutes\" \/>\n<script type=\"application\/ld+json\" class=\"yoast-schema-graph\">{\"@context\":\"https:\\\/\\\/schema.org\",\"@graph\":[{\"@type\":\"WebPage\",\"@id\":\"https:\\\/\\\/frmjccentre.org\\\/sts\\\/les-expositions-scientifiques\\\/electricite\\\/\",\"url\":\"https:\\\/\\\/frmjccentre.org\\\/sts\\\/les-expositions-scientifiques\\\/electricite\\\/\",\"name\":\"Electricit\u00e9 - tout est clair - FRMJC R\u00e9gion Centre - Service Sciences Techniques Soci\u00e9t\u00e9\",\"isPartOf\":{\"@id\":\"https:\\\/\\\/frmjccentre.org\\\/sts\\\/#website\"},\"primaryImageOfPage\":{\"@id\":\"https:\\\/\\\/frmjccentre.org\\\/sts\\\/les-expositions-scientifiques\\\/electricite\\\/#primaryimage\"},\"image\":{\"@id\":\"https:\\\/\\\/frmjccentre.org\\\/sts\\\/les-expositions-scientifiques\\\/electricite\\\/#primaryimage\"},\"thumbnailUrl\":\"https:\\\/\\\/frmjccentre.org\\\/sts\\\/wp-content\\\/uploads\\\/2012\\\/10\\\/panneau-orage.jpg?w=119\",\"datePublished\":\"2020-09-16T13:05:00+00:00\",\"dateModified\":\"2023-10-31T14:37:39+00:00\",\"description\":\"L'exposition itin\u00e9rante interactive \\\"\u00c9lectricit\u00e9, tout est clair... vers une \u00e9nergie durable ?\\\" invite \u00e0\u00a0d\u00e9couvrir l'\u00e9lectricit\u00e9 : propri\u00e9t\u00e9s, applications, modes de production, risques, dangers,\u00a0... au travers d'ateliers interactifs et de panneaux explicatifs. Public : cycle 2, cycle 3, coll\u00e8ge \\\/ tout public\",\"breadcrumb\":{\"@id\":\"https:\\\/\\\/frmjccentre.org\\\/sts\\\/les-expositions-scientifiques\\\/electricite\\\/#breadcrumb\"},\"inLanguage\":\"fr-FR\",\"potentialAction\":[{\"@type\":\"ReadAction\",\"target\":[\"https:\\\/\\\/frmjccentre.org\\\/sts\\\/les-expositions-scientifiques\\\/electricite\\\/\"]}]},{\"@type\":\"ImageObject\",\"inLanguage\":\"fr-FR\",\"@id\":\"https:\\\/\\\/frmjccentre.org\\\/sts\\\/les-expositions-scientifiques\\\/electricite\\\/#primaryimage\",\"url\":\"https:\\\/\\\/frmjccentre.org\\\/sts\\\/wp-content\\\/uploads\\\/2012\\\/10\\\/panneau-orage.jpg?w=119\",\"contentUrl\":\"https:\\\/\\\/frmjccentre.org\\\/sts\\\/wp-content\\\/uploads\\\/2012\\\/10\\\/panneau-orage.jpg?w=119\"},{\"@type\":\"BreadcrumbList\",\"@id\":\"https:\\\/\\\/frmjccentre.org\\\/sts\\\/les-expositions-scientifiques\\\/electricite\\\/#breadcrumb\",\"itemListElement\":[{\"@type\":\"ListItem\",\"position\":1,\"name\":\"Accueil\",\"item\":\"https:\\\/\\\/frmjccentre.org\\\/sts\\\/\"},{\"@type\":\"ListItem\",\"position\":2,\"name\":\"Les expositions scientifiques\",\"item\":\"https:\\\/\\\/frmjccentre.org\\\/sts\\\/les-expositions-scientifiques\\\/\"},{\"@type\":\"ListItem\",\"position\":3,\"name\":\"Electricit\u00e9 &#8211; tout est clair\"}]},{\"@type\":\"WebSite\",\"@id\":\"https:\\\/\\\/frmjccentre.org\\\/sts\\\/#website\",\"url\":\"https:\\\/\\\/frmjccentre.org\\\/sts\\\/\",\"name\":\"FRMJC R\u00e9gion Centre - Service Sciences Techniques Soci\u00e9t\u00e9\",\"description\":\"Une \u00e9quipe de professionnels de la m\u00e9diation.\",\"publisher\":{\"@id\":\"https:\\\/\\\/frmjccentre.org\\\/sts\\\/#organization\"},\"potentialAction\":[{\"@type\":\"SearchAction\",\"target\":{\"@type\":\"EntryPoint\",\"urlTemplate\":\"https:\\\/\\\/frmjccentre.org\\\/sts\\\/?s={search_term_string}\"},\"query-input\":{\"@type\":\"PropertyValueSpecification\",\"valueRequired\":true,\"valueName\":\"search_term_string\"}}],\"inLanguage\":\"fr-FR\"},{\"@type\":\"Organization\",\"@id\":\"https:\\\/\\\/frmjccentre.org\\\/sts\\\/#organization\",\"name\":\"FRMJC CENTRE\",\"url\":\"https:\\\/\\\/frmjccentre.org\\\/sts\\\/\",\"logo\":{\"@type\":\"ImageObject\",\"inLanguage\":\"fr-FR\",\"@id\":\"https:\\\/\\\/frmjccentre.org\\\/sts\\\/#\\\/schema\\\/logo\\\/image\\\/\",\"url\":\"https:\\\/\\\/frmjccentre.org\\\/sts\\\/wp-content\\\/uploads\\\/2017\\\/06\\\/logo-Frmjc-Centre-GIF-300ppp.gif\",\"contentUrl\":\"https:\\\/\\\/frmjccentre.org\\\/sts\\\/wp-content\\\/uploads\\\/2017\\\/06\\\/logo-Frmjc-Centre-GIF-300ppp.gif\",\"width\":3508,\"height\":2480,\"caption\":\"FRMJC CENTRE\"},\"image\":{\"@id\":\"https:\\\/\\\/frmjccentre.org\\\/sts\\\/#\\\/schema\\\/logo\\\/image\\\/\"},\"sameAs\":[\"https:\\\/\\\/www.facebook.com\\\/Frmjccentrests\\\/\",\"https:\\\/\\\/x.com\\\/FRMJCSTS\"]}]}<\/script>\n<!-- \/ Yoast SEO plugin. -->","yoast_head_json":{"title":"Electricit\u00e9 - tout est clair - FRMJC R\u00e9gion Centre - Service Sciences Techniques Soci\u00e9t\u00e9","description":"L'exposition itin\u00e9rante interactive \"\u00c9lectricit\u00e9, tout est clair... vers une \u00e9nergie durable ?\" invite \u00e0\u00a0d\u00e9couvrir l'\u00e9lectricit\u00e9 : propri\u00e9t\u00e9s, applications, modes de production, risques, dangers,\u00a0... au travers d'ateliers interactifs et de panneaux explicatifs. Public : cycle 2, cycle 3, coll\u00e8ge \/ tout public","robots":{"index":"index","follow":"follow","max-snippet":"max-snippet:-1","max-image-preview":"max-image-preview:large","max-video-preview":"max-video-preview:-1"},"canonical":"https:\/\/frmjccentre.org\/sts\/les-expositions-scientifiques\/electricite\/","og_locale":"fr_FR","og_type":"article","og_title":"Electricit\u00e9 - tout est clair - FRMJC R\u00e9gion Centre - Service Sciences Techniques Soci\u00e9t\u00e9","og_description":"L'exposition itin\u00e9rante interactive \"\u00c9lectricit\u00e9, tout est clair... vers une \u00e9nergie durable ?\" invite \u00e0\u00a0d\u00e9couvrir l'\u00e9lectricit\u00e9 : propri\u00e9t\u00e9s, applications, modes de production, risques, dangers,\u00a0... au travers d'ateliers interactifs et de panneaux explicatifs. Public : cycle 2, cycle 3, coll\u00e8ge \/ tout public","og_url":"https:\/\/frmjccentre.org\/sts\/les-expositions-scientifiques\/electricite\/","og_site_name":"FRMJC R\u00e9gion Centre - Service Sciences Techniques Soci\u00e9t\u00e9","article_publisher":"https:\/\/www.facebook.com\/Frmjccentrests\/","article_modified_time":"2023-10-31T14:37:39+00:00","og_image":[{"url":"https:\/\/frmjccentre.org\/sts\/wp-content\/uploads\/2012\/10\/panneau-orage.jpg?w=119","type":"","width":"","height":""}],"twitter_card":"summary_large_image","twitter_site":"@FRMJCSTS","twitter_misc":{"Dur\u00e9e de lecture estim\u00e9e":"3 minutes"},"schema":{"@context":"https:\/\/schema.org","@graph":[{"@type":"WebPage","@id":"https:\/\/frmjccentre.org\/sts\/les-expositions-scientifiques\/electricite\/","url":"https:\/\/frmjccentre.org\/sts\/les-expositions-scientifiques\/electricite\/","name":"Electricit\u00e9 - tout est clair - FRMJC R\u00e9gion Centre - Service Sciences Techniques Soci\u00e9t\u00e9","isPartOf":{"@id":"https:\/\/frmjccentre.org\/sts\/#website"},"primaryImageOfPage":{"@id":"https:\/\/frmjccentre.org\/sts\/les-expositions-scientifiques\/electricite\/#primaryimage"},"image":{"@id":"https:\/\/frmjccentre.org\/sts\/les-expositions-scientifiques\/electricite\/#primaryimage"},"thumbnailUrl":"https:\/\/frmjccentre.org\/sts\/wp-content\/uploads\/2012\/10\/panneau-orage.jpg?w=119","datePublished":"2020-09-16T13:05:00+00:00","dateModified":"2023-10-31T14:37:39+00:00","description":"L'exposition itin\u00e9rante interactive \"\u00c9lectricit\u00e9, tout est clair... vers une \u00e9nergie durable ?\" invite \u00e0\u00a0d\u00e9couvrir l'\u00e9lectricit\u00e9 : propri\u00e9t\u00e9s, applications, modes de production, risques, dangers,\u00a0... au travers d'ateliers interactifs et de panneaux explicatifs. Public : cycle 2, cycle 3, coll\u00e8ge \/ tout public","breadcrumb":{"@id":"https:\/\/frmjccentre.org\/sts\/les-expositions-scientifiques\/electricite\/#breadcrumb"},"inLanguage":"fr-FR","potentialAction":[{"@type":"ReadAction","target":["https:\/\/frmjccentre.org\/sts\/les-expositions-scientifiques\/electricite\/"]}]},{"@type":"ImageObject","inLanguage":"fr-FR","@id":"https:\/\/frmjccentre.org\/sts\/les-expositions-scientifiques\/electricite\/#primaryimage","url":"https:\/\/frmjccentre.org\/sts\/wp-content\/uploads\/2012\/10\/panneau-orage.jpg?w=119","contentUrl":"https:\/\/frmjccentre.org\/sts\/wp-content\/uploads\/2012\/10\/panneau-orage.jpg?w=119"},{"@type":"BreadcrumbList","@id":"https:\/\/frmjccentre.org\/sts\/les-expositions-scientifiques\/electricite\/#breadcrumb","itemListElement":[{"@type":"ListItem","position":1,"name":"Accueil","item":"https:\/\/frmjccentre.org\/sts\/"},{"@type":"ListItem","position":2,"name":"Les expositions scientifiques","item":"https:\/\/frmjccentre.org\/sts\/les-expositions-scientifiques\/"},{"@type":"ListItem","position":3,"name":"Electricit\u00e9 &#8211; tout est clair"}]},{"@type":"WebSite","@id":"https:\/\/frmjccentre.org\/sts\/#website","url":"https:\/\/frmjccentre.org\/sts\/","name":"FRMJC R\u00e9gion Centre - Service Sciences Techniques Soci\u00e9t\u00e9","description":"Une \u00e9quipe de professionnels de la m\u00e9diation.","publisher":{"@id":"https:\/\/frmjccentre.org\/sts\/#organization"},"potentialAction":[{"@type":"SearchAction","target":{"@type":"EntryPoint","urlTemplate":"https:\/\/frmjccentre.org\/sts\/?s={search_term_string}"},"query-input":{"@type":"PropertyValueSpecification","valueRequired":true,"valueName":"search_term_string"}}],"inLanguage":"fr-FR"},{"@type":"Organization","@id":"https:\/\/frmjccentre.org\/sts\/#organization","name":"FRMJC CENTRE","url":"https:\/\/frmjccentre.org\/sts\/","logo":{"@type":"ImageObject","inLanguage":"fr-FR","@id":"https:\/\/frmjccentre.org\/sts\/#\/schema\/logo\/image\/","url":"https:\/\/frmjccentre.org\/sts\/wp-content\/uploads\/2017\/06\/logo-Frmjc-Centre-GIF-300ppp.gif","contentUrl":"https:\/\/frmjccentre.org\/sts\/wp-content\/uploads\/2017\/06\/logo-Frmjc-Centre-GIF-300ppp.gif","width":3508,"height":2480,"caption":"FRMJC CENTRE"},"image":{"@id":"https:\/\/frmjccentre.org\/sts\/#\/schema\/logo\/image\/"},"sameAs":["https:\/\/www.facebook.com\/Frmjccentrests\/","https:\/\/x.com\/FRMJCSTS"]}]}},"jetpack_sharing_enabled":true,"jetpack_shortlink":"https:\/\/wp.me\/PgjY92-J","jetpack-related-posts":[],"_links":{"self":[{"href":"https:\/\/frmjccentre.org\/sts\/wp-json\/wp\/v2\/pages\/45","targetHints":{"allow":["GET"]}}],"collection":[{"href":"https:\/\/frmjccentre.org\/sts\/wp-json\/wp\/v2\/pages"}],"about":[{"href":"https:\/\/frmjccentre.org\/sts\/wp-json\/wp\/v2\/types\/page"}],"author":[{"embeddable":true,"href":"https:\/\/frmjccentre.org\/sts\/wp-json\/wp\/v2\/users\/2"}],"replies":[{"embeddable":true,"href":"https:\/\/frmjccentre.org\/sts\/wp-json\/wp\/v2\/comments?post=45"}],"version-history":[{"count":8,"href":"https:\/\/frmjccentre.org\/sts\/wp-json\/wp\/v2\/pages\/45\/revisions"}],"predecessor-version":[{"id":8108,"href":"https:\/\/frmjccentre.org\/sts\/wp-json\/wp\/v2\/pages\/45\/revisions\/8108"}],"up":[{"embeddable":true,"href":"https:\/\/frmjccentre.org\/sts\/wp-json\/wp\/v2\/pages\/9"}],"wp:attachment":[{"href":"https:\/\/frmjccentre.org\/sts\/wp-json\/wp\/v2\/media?parent=45"}],"curies":[{"name":"wp","href":"https:\/\/api.w.org\/{rel}","templated":true}]}}