{"id":4587,"date":"2018-06-14T09:56:49","date_gmt":"2018-06-14T07:56:49","guid":{"rendered":"http:\/\/frmjccentrests.wordpress.com\/?page_id=4587"},"modified":"2018-06-14T10:28:58","modified_gmt":"2018-06-14T08:28:58","slug":"activites-scientifiques","status":"publish","type":"page","link":"https:\/\/frmjccentre.org\/sts\/activites-scientifiques\/","title":{"rendered":"Les activit\u00e9s scientifiques"},"content":{"rendered":"<p>Pour les Comit\u00e9s d\u2019Entreprises, les Centres de Loisirs, les \u00e9tablissements scolaires\u2026<\/p>\n<p style=\"text-align: justify;\">Nous proposons des <strong>activit\u00e9s scientifiques adapt\u00e9es \u00e0 chaque projet.\u00a0<\/strong>Nous pouvons aussi construire de\u00a0nouveaux sc\u00e9narios\u00a0ludiques\u00a0(et p\u00e9dagogiques) selon votre choix. Sont renseign\u00e9s ici, par activit\u00e9 :<br \/>\n&#8211;\u00a0 \u00a0l&#8217;\u00e2ge minimal des participants<br \/>\n&#8211; la dur\u00e9e de l&#8217;animation (dur\u00e9es comprenant un accompagnement p\u00e9dagogique \u00e9voluant face aux besoins du public encadr\u00e9 et pouvant \u00eatre enrichi \u00e0 votre demande)<br \/>\n&#8211; la mise \u00e0 disposition de Kit scientifique (pr\u00eat \u00e0 l\u2019emploi, contenant tout le mat\u00e9riel n\u00e9cessaire pour chacune des activit\u00e9s)<br \/>\n&#8211; les notions abord\u00e9es (introduction\u00a0aux sciences mais aussi, lors des ateliers de construction, initiation de principes de s\u00e9curit\u00e9 dans la pratique du bricolage).<\/p>\n<p style=\"text-align: justify;\"><span style=\"text-decoration: underline;\">Les publics<\/span> : enfants, adultes, public en difficult\u00e9 (handicaps moteurs et\/ou c\u00e9r\u00e9braux associ\u00e9s, enseignement sp\u00e9cialis\u00e9 \u2026), publics sans app\u00e9tence pr\u00e9alable pour les sciences et techniques\u2026 Nous conseillons un\u00a0groupe d\u2019une dizaine, voire d\u2019une douzaine de personnes par s\u00e9ance.<\/p>\n<p style=\"text-align: left;\"><span style=\"color: #0000ff;\"><br \/>\n<span style=\"color: #c0c0c0;\">\u25ac\u25ac\u25ac\u25ac\u25ac\u25ac\u25ac\u25ac<span style=\"color: #c0c0c0;\">\u25ac\u25ac\u25ac\u25ac\u25ac<\/span>\u00a0<\/span><span style=\"line-height: 2em; font-size: 150%;\"><span style=\"color: #999999;\">Les activit\u00e9s scientifiques disponibles<\/span> <\/span><\/span><\/p>\n<p><em>acc\u00e8s rapide :<\/em><\/p>\n<table>\n<tbody>\n<tr>\n<td><span style=\"color: #333333;\"><strong>Conception, Construction<\/strong><\/span><\/td>\n<td><span style=\"color: #333333;\"><strong>Initiation<\/strong><\/span><\/td>\n<\/tr>\n<tr>\n<td><a href=\"#microfusees\">\u25ab micro-fus\u00e9es<\/a><br \/>\n<a href=\"#fusees\">\u25ab fus\u00e9es \u00e0 eau<\/a><br \/>\n<a href=\"#vehiculesfusees\">\u25ab v\u00e9hicules \u00e0\u00a0propulsion<\/a><br \/>\n<a href=\"#planeurs\">\u25ab planeurs en balsa<\/a><br \/>\n<a href=\"#cerfsvolants\">\u25ab cerfs-volants<\/a><br \/>\n<a href=\"#toupies\">\u25ab toupies \u00e0 lancer<\/a><br \/>\n<a href=\"#lampes\">\u25ab lampes de poche \u00e0 Led<\/a><br \/>\n<a href=\"#vehiculeseoliens\">\u25ab v\u00e9hicules \u00e9oliens<\/a><br \/>\n<a href=\"#vehiculeslunaires\">\u25ab v\u00e9hicules lunaires \u00e0 ressort<\/a><br \/>\n<a href=\"#rameurs\">\u25ab rameurs \u00e9lectro-m\u00e9caniques<\/a><br \/>\n<a href=\"#microscopes\">\u25ab microscopes en bois<\/a><\/td>\n<td><a href=\"#electronique\">\u25ab \u00e9lectronique<\/a><br \/>\n<a href=\"#astronomie\">\u25ab astronomie<\/a><br \/>\n<a href=\"#observation\">\u25ab soir\u00e9e d&#8217;observation astronomique<\/a><br \/>\n<a href=\"#nature\">\u25ab nature\/environnement\/d\u00e9veloppement durable<\/a><br \/>\n<span style=\"color: #ffffff;\"> .<\/span><br \/>\n<span style=\"color: #ffffff;\"> .<\/span><br \/>\n<span style=\"color: #ffffff;\"> .<\/span><br \/>\n<span style=\"color: #ffffff;\"> .<\/span><br \/>\n<span style=\"color: #ffffff;\"> .<\/span><br \/>\n<span style=\"color: #ffffff;\"> .<\/span><br \/>\n<span style=\"color: #ffffff;\"> .<\/span><\/td>\n<\/tr>\n<\/tbody>\n<\/table>\n<p>&nbsp;<\/p>\n<p style=\"text-align: left;\"><span style=\"color: #0000ff;\"><br \/>\n<span style=\"color: #c0c0c0;\">\u25ac<span style=\"color: #c0c0c0;\">\u25ac\u25ac\u25ac\u25ac\u25ac\u25ac\u25ac<\/span><span style=\"color: #c0c0c0;\">\u25ac\u25ac\u25ac\u25ac\u25ac\u25ac\u25ac<\/span><span style=\"color: #c0c0c0;\">\u25ac\u25ac\u25ac\u25ac\u25ac\u25ac<\/span> <\/span><span style=\"line-height: 2em; font-size: 150%;\"><span style=\"color: #999999;\">Conception, Construction<\/span> <\/span><\/span><\/p>\n<h2 id=\"microfusees\"><\/h2>\n<p>&nbsp;<\/p>\n<p><span style=\"color: #333333;\"><strong>\u25aa Micro-fus\u00e9es<\/strong><\/span><\/p>\n<table>\n<tbody>\n<tr>\n<td style=\"text-align: justify; width: 165px;\"><span style=\"color: #333333;\"><span style=\"color: #333333;\"><span style=\"color: #ffffff;\">.<br \/>\n<\/span><a href=\"https:\/\/frmjccentre.org\/sts\/wp-content\/uploads\/2014\/03\/microfusees.gif\" data-src=\"https:\/\/frmjccentre.org\/sts\/wp-content\/uploads\/2014\/03\/microfusees.gif\" data-thumb=\"https:\/\/frmjccentre.org\/sts\/wp-content\/uploads\/2014\/03\/microfusees.gif?w=150\" class=\"ml-lightbox-enabled\"><img loading=\"lazy\" decoding=\"async\" class=\"aligncenter\" src=\"https:\/\/frmjccentre.org\/sts\/wp-content\/uploads\/2014\/03\/microfusees.gif?w=150\" alt=\"microfusees\" width=\"150\" height=\"150\" \/><\/a><\/span><\/span><\/td>\n<td><\/td>\n<td style=\"vertical-align: top; width: 400px;\"><span style=\"font-size: 75%; line-height: 2em;\"><span style=\"color: #333333;\"><span style=\"color: #ffffff;\">.<\/span><br \/>\n\u00e2ge : \u00e0 partir de 8 ans<\/span><br \/>\n<span style=\"color: #333333;\"> dur\u00e9e : de 1 \u00e0 3 jours<\/span><br \/>\n<span style=\"color: #333333;\">contraintes techniques : 2 prises 220 V, un terrain d\u00e9gag\u00e9 de 100 m2,<br \/>\nid\u00e9alement 150 m2 pour le lancement (activit\u00e9 conditionn\u00e9e par la m\u00e9t\u00e9o).<\/span><br \/>\n<span style=\"color: #333333;\"> <em>L\u2019animateur poss\u00e8de un agr\u00e9ment \u00ab micro-fus\u00e9e \u00bb,<br \/>\nsuite \u00e0 une formation dispens\u00e9e par Plan\u00e8te <\/em><em>Sciences valid\u00e9e par le CNES.<\/em><\/span><\/span><\/td>\n<\/tr>\n<\/tbody>\n<\/table>\n<p style=\"text-align: justify;\">La r\u00e9alisation de ces micro-fus\u00e9es en carton et balsa permet d\u2019aborder la propulsion par r\u00e9action et l\u2019a\u00e9rodynamisme, gr\u00e2ce \u00e0 un syst\u00e8me de propulseurs int\u00e9gr\u00e9 dans le kit, agr\u00e9\u00e9 par le CNES. Chaque participant construit sa fus\u00e9e, la personnalise et la fait d\u00e9coller. Le d\u00e9collage n\u00e9cessite une rampe de lancement et une ligne de lancement \u00e9lectrique avec cl\u00e9 de s\u00e9curit\u00e9 apport\u00e9es par l\u2019animateur.<\/p>\n<h2 id=\"fusees\"><\/h2>\n<p>&nbsp;<\/p>\n<p><span style=\"color: #333333;\"><strong>\u25aa Fus\u00e9es \u00e0 eau<\/strong><\/span><\/p>\n<table>\n<tbody>\n<tr>\n<td style=\"text-align: justify; width: 165px;\"><span style=\"color: #333333;\"><span style=\"color: #ffffff;\">.<br \/>\n<\/span><a href=\"https:\/\/frmjccentre.org\/sts\/wp-content\/uploads\/2014\/03\/fuseesaeau.gif\" data-src=\"https:\/\/frmjccentre.org\/sts\/wp-content\/uploads\/2014\/03\/fuseesaeau.gif\" data-thumb=\"https:\/\/frmjccentre.org\/sts\/wp-content\/uploads\/2014\/03\/fuseesaeau.gif?w=150\" class=\"ml-lightbox-enabled\"><img loading=\"lazy\" decoding=\"async\" class=\"aligncenter style=\" src=\"https:\/\/frmjccentre.org\/sts\/wp-content\/uploads\/2014\/03\/fuseesaeau.gif?w=150\" alt=\"fuseesaeau\" width=\"150\" height=\"150\" \/><\/a><\/span><\/td>\n<td><\/td>\n<td style=\"vertical-align: top; width: 400px;\"><span style=\"font-size: 75%; line-height: 2em;\"><span style=\"color: #ffffff;\">..<br \/>\n.<br \/>\n.<\/span><br \/>\n<span style=\"color: #333333;\">\u00e2ge : \u00e0 partir de 8 ans<\/span><br \/>\n<span style=\"color: #333333;\"> dur\u00e9e : \u00bd \u00e0 1 journ\u00e9e, \u00e0 voir avec l\u2019animateur<\/span><br \/>\n<span style=\"color: #333333;\"> contraintes techniques : terrain d\u00e9gag\u00e9 de 80 m2, id\u00e9alement 150 m2 pour le lancement (activit\u00e9 conditionn\u00e9e par la m\u00e9t\u00e9o).<\/span><\/span><\/td>\n<\/tr>\n<\/tbody>\n<\/table>\n<p style=\"text-align: justify;\">Les fus\u00e9es \u00e0 eau sont des fus\u00e9es de 40 \u00e0 80 cm de hauteur environ, construites \u00e0 partir de bouteilles de soda et de carton de r\u00e9cup\u00e9ration. Chaque participant construit sa fus\u00e9e, la personnalise (peinture \u00e0 la bombe) et la fait d\u00e9coller. Elles sont propuls\u00e9es par la pression de l\u2019air exerc\u00e9e sur une masse d\u2019eau. Le lancement n\u00e9cessite une ligne de lancement apport\u00e9e par l\u2019animateur.<\/p>\n<h2 id=\"vehiculesfusees\"><\/h2>\n<p>&nbsp;<\/p>\n<p><span style=\"color: #333333;\"><strong>\u25aa V\u00e9hicules \u00e0 propulsion<\/strong><\/span><\/p>\n<table style=\"height: 171px;\" width=\"584\">\n<tbody>\n<tr>\n<td style=\"text-align: justify; width: 165px;\"><span style=\"color: #333333;\"><span style=\"color: #ffffff;\">.<br \/>\n<\/span><a href=\"https:\/\/frmjccentre.org\/sts\/wp-content\/uploads\/2014\/03\/vehiculesafusees.gif\" data-src=\"https:\/\/frmjccentre.org\/sts\/wp-content\/uploads\/2014\/03\/vehiculesafusees.gif\" data-thumb=\"https:\/\/frmjccentre.org\/sts\/wp-content\/uploads\/2014\/03\/vehiculesafusees.gif?w=150\" class=\"ml-lightbox-enabled\"><img loading=\"lazy\" decoding=\"async\" class=\"aligncenter style=\" src=\"https:\/\/frmjccentre.org\/sts\/wp-content\/uploads\/2014\/03\/vehiculesafusees.gif?w=150\" alt=\"vehiculesafusees\" width=\"150\" height=\"150\" \/><\/a><\/span><\/td>\n<td style=\"text-align: left;\"><span style=\"color: #ffffff;\"> ;<\/span><\/td>\n<td style=\"vertical-align: top; width: 400px;\"><span style=\"color: #ffffff;\">.<\/span><span style=\"font-size: 75%; line-height: 2em;\"><br \/>\n<span style=\"color: #ffffff;\"> .<\/span><br \/>\n<span style=\"color: #ffffff;\"> .<\/span><br \/>\n<span style=\"color: #ffffff;\"> .<\/span><br \/>\n<span style=\"color: #ffffff;\">.<br \/>\n<\/span>\u00e2ge : \u00e0 partir de 8 ans<br \/>\ndur\u00e9e : \u00bd journ\u00e9e <span style=\"color: #ffffff;\">;;;;;;;;;;;;;;;;;;;;;;;;;;<\/span><span style=\"color: #333333;\"><span style=\"color: #ffffff;\">&#8230;&#8230;&#8230;&#8230;&#8230;&#8230;&#8230;&#8230;&#8230;&#8230;&#8230;&#8230;&#8230;&#8230;&#8230;&#8230;&#8230;&#8230;&#8230;&#8230;&#8230;&#8230;&#8230;&#8230;<\/span><br \/>\n<\/span><\/span><\/td>\n<\/tr>\n<\/tbody>\n<\/table>\n<p style=\"text-align: justify;\">La r\u00e9alisation de cet objet technique permet d\u2019aborder les bases \u00e9l\u00e9mentaires de la propulsion par r\u00e9action.<br \/>\nLe mat\u00e9riel est mis \u00e0 la disposition des participants sous forme de Kits complets avec une notice individuelle. L\u2019objet r\u00e9alis\u00e9 est brut, sa d\u00e9coration par chaque participant est propos\u00e9e en option. Chaque jeune r\u00e9alise enti\u00e8rement son v\u00e9hicule.<\/p>\n<h2 id=\"planeurs\"><\/h2>\n<p>&nbsp;<\/p>\n<p><span style=\"color: #333333;\"><strong>\u25aa Planeurs en balsa<\/strong><\/span><\/p>\n<table>\n<tbody>\n<tr>\n<td style=\"text-align: justify; width: 165px;\"><span style=\"color: #333333;\"><span style=\"color: #ffffff;\">.<\/span><br \/>\n<a href=\"https:\/\/frmjccentre.org\/sts\/wp-content\/uploads\/2014\/03\/planeursbalsa.gif\" data-src=\"https:\/\/frmjccentre.org\/sts\/wp-content\/uploads\/2014\/03\/planeursbalsa.gif\" data-thumb=\"https:\/\/frmjccentre.org\/sts\/wp-content\/uploads\/2014\/03\/planeursbalsa.gif?w=150\" class=\"ml-lightbox-enabled\"><img loading=\"lazy\" decoding=\"async\" data-attachment-id=\"4654\" data-permalink=\"https:\/\/frmjccentre.org\/sts\/planeursbalsa\/\" data-orig-file=\"https:\/\/frmjccentre.org\/sts\/wp-content\/uploads\/2014\/03\/planeursbalsa.gif\" data-orig-size=\"236,236\" data-comments-opened=\"1\" data-image-meta=\"{&quot;aperture&quot;:&quot;0&quot;,&quot;credit&quot;:&quot;&quot;,&quot;camera&quot;:&quot;&quot;,&quot;caption&quot;:&quot;&quot;,&quot;created_timestamp&quot;:&quot;0&quot;,&quot;copyright&quot;:&quot;&quot;,&quot;focal_length&quot;:&quot;0&quot;,&quot;iso&quot;:&quot;0&quot;,&quot;shutter_speed&quot;:&quot;0&quot;,&quot;title&quot;:&quot;&quot;,&quot;orientation&quot;:&quot;0&quot;}\" data-image-title=\"planeursbalsa\" data-image-description=\"\" data-image-caption=\"\" data-large-file=\"https:\/\/frmjccentre.org\/sts\/wp-content\/uploads\/2014\/03\/planeursbalsa.gif\" class=\"aligncenter wp-image-4654 size-thumbnail\" src=\"https:\/\/frmjccentre.org\/sts\/wp-content\/uploads\/2014\/03\/planeursbalsa.gif?w=150\" alt=\"planeursbalsa\" width=\"150\" height=\"150\" \/><\/a><\/span><\/td>\n<td><span style=\"color: #ffffff;\">.<\/span><br \/>\n<span style=\"color: #ffffff;\"> .<\/span><br \/>\n<span style=\"color: #ffffff;\"> .<\/span><br \/>\n<span style=\"color: #ffffff;\"> . .<\/span><\/td>\n<td style=\"vertical-align: top; width: 400px;\"><span style=\"font-size: 75%; line-height: 2em;\"><span style=\"color: #333333;\"><span style=\"color: #ffffff;\">.<\/span><br \/>\n<span style=\"color: #ffffff;\">.<\/span><br \/>\n<span style=\"color: #ffffff;\">.<\/span><br \/>\n<span style=\"color: #ffffff;\">.<\/span><br \/>\n\u00e2ge : \u00e0 partir de 8 ans ou de 12 ans,<br \/>\nselon le mod\u00e8le retenu<br \/>\ndur\u00e9e : \u00bd \u00e0 1 journ\u00e9e selon le kit<span style=\"color: #ffffff;\">&#8230;;;&#8230;&#8230;&#8230;&#8230;&#8230;;;;;;;;;;;;;;;;;;;;;;;;&#8230;&#8230;&#8230;&#8230;&#8230;&#8230;&#8230;&#8230;&#8230;&#8230;&#8230;.<\/span><\/span><\/span><\/td>\n<\/tr>\n<\/tbody>\n<\/table>\n<p style=\"text-align: justify;\">Les planeurs favorisent une approche de l\u2019a\u00e9rodynamique.<br \/>\nLe mat\u00e9riel est mis \u00e0 la disposition de chaque participant sous forme d\u2019un Kit complet en Balsa \u00e0 monter \u00e0 partir d\u2019une notice individuelle. Chaque jeune r\u00e9alise enti\u00e8rement 1 planeur. L\u2019objet r\u00e9alis\u00e9 est brut, sa d\u00e9coration par chaque participant est propos\u00e9e en option.<\/p>\n<h2 id=\"cerfsvolants\"><\/h2>\n<p>&nbsp;<\/p>\n<p><span style=\"color: #333333;\"><strong>\u25aa Cerfs-volants<\/strong><\/span><\/p>\n<table>\n<tbody>\n<tr>\n<td style=\"text-align: justify; width: 165px;\"><span style=\"color: #333333;\"><span style=\"color: #ffffff;\">.<\/span><br \/>\n<a href=\"https:\/\/frmjccentre.org\/sts\/wp-content\/uploads\/2014\/03\/cerfsvolants.gif\" data-src=\"https:\/\/frmjccentre.org\/sts\/wp-content\/uploads\/2014\/03\/cerfsvolants.gif\" data-thumb=\"https:\/\/frmjccentre.org\/sts\/wp-content\/uploads\/2014\/03\/cerfsvolants.gif?w=150\" class=\"ml-lightbox-enabled\"><img loading=\"lazy\" decoding=\"async\" data-attachment-id=\"4646\" data-permalink=\"https:\/\/frmjccentre.org\/sts\/cerfsvolants\/\" data-orig-file=\"https:\/\/frmjccentre.org\/sts\/wp-content\/uploads\/2014\/03\/cerfsvolants.gif\" data-orig-size=\"236,236\" data-comments-opened=\"1\" data-image-meta=\"{&quot;aperture&quot;:&quot;0&quot;,&quot;credit&quot;:&quot;&quot;,&quot;camera&quot;:&quot;&quot;,&quot;caption&quot;:&quot;&quot;,&quot;created_timestamp&quot;:&quot;0&quot;,&quot;copyright&quot;:&quot;&quot;,&quot;focal_length&quot;:&quot;0&quot;,&quot;iso&quot;:&quot;0&quot;,&quot;shutter_speed&quot;:&quot;0&quot;,&quot;title&quot;:&quot;&quot;,&quot;orientation&quot;:&quot;0&quot;}\" data-image-title=\"cerfsvolants\" data-image-description=\"\" data-image-caption=\"\" data-large-file=\"https:\/\/frmjccentre.org\/sts\/wp-content\/uploads\/2014\/03\/cerfsvolants.gif\" class=\"aligncenter wp-image-4646 size-thumbnail\" src=\"https:\/\/frmjccentre.org\/sts\/wp-content\/uploads\/2014\/03\/cerfsvolants.gif?w=150\" alt=\"cerfsvolants\" width=\"150\" height=\"150\" \/><\/a><\/span><\/td>\n<td><span style=\"color: #ffffff;\">.<\/span><br \/>\n<span style=\"color: #ffffff;\"> .<\/span><br \/>\n<span style=\"color: #ffffff;\"> .<\/span><br \/>\n<span style=\"color: #ffffff;\"> .<\/span><br \/>\n<span style=\"color: #ffffff;\"> .<\/span><\/td>\n<td style=\"vertical-align: top; width: 400px;\"><span style=\"font-size: 75%; line-height: 2em;\"><br \/>\n<span style=\"color: #333333;\"><span style=\"color: #ffffff;\">.<\/span><br \/>\n<span style=\"color: #ffffff;\">;<\/span><br \/>\n<span style=\"color: #ffffff;\">;<\/span><br \/>\n<span style=\"color: #ffffff;\">.<\/span><br \/>\n\u00e2ge : \u00e0 partir de 10 ans<\/span><br \/>\n<span style=\"color: #333333;\"> dur\u00e9e : \u00bd journ\u00e9e<span style=\"color: #ffffff;\">&#8230;..;;;;;;;;;;;;;;;;;;;;;;;;&#8230;&#8230;&#8230;&#8230;&#8230;&#8230;&#8230;&#8230;&#8230;&#8230;&#8230;&#8230;&#8230;&#8230;&#8230;&#8230;&#8230;&#8230;&#8230;&#8230;&#8230;&#8230;.<\/span><\/span><\/span><\/td>\n<\/tr>\n<\/tbody>\n<\/table>\n<p style=\"text-align: justify;\">Venus d&#8217;Asie, les cerfs-volants ont probablement \u00e9t\u00e9 invent\u00e9s en Chine il y a 3 000 ans !<br \/>\nLe mat\u00e9riel individuel n\u00e9cessaire \u00e0 la r\u00e9alisation d\u2019un cerf-volant est remis \u00e0 chaque participant. L\u2019objet r\u00e9alis\u00e9 est brut, sa d\u00e9coration par chaque participant est propos\u00e9e en option. Chaque jeune r\u00e9alise enti\u00e8rement 1 cerf-volant et le fait voler.<\/p>\n<h2 id=\"toupies\"><\/h2>\n<p>&nbsp;<\/p>\n<p><span style=\"color: #333333;\"><strong>\u25aa Toupies \u00e0 lancer<\/strong><\/span><\/p>\n<table>\n<tbody>\n<tr>\n<td style=\"text-align: justify; width: 165px;\"><span style=\"color: #333333;\"><span style=\"color: #ffffff;\">.<\/span><br \/>\n<a href=\"https:\/\/frmjccentre.org\/sts\/wp-content\/uploads\/2014\/03\/toupiesalancer.gif\" data-src=\"https:\/\/frmjccentre.org\/sts\/wp-content\/uploads\/2014\/03\/toupiesalancer.gif\" data-thumb=\"https:\/\/frmjccentre.org\/sts\/wp-content\/uploads\/2014\/03\/toupiesalancer.gif?w=150\" class=\"ml-lightbox-enabled\"><img loading=\"lazy\" decoding=\"async\" data-attachment-id=\"4656\" data-permalink=\"https:\/\/frmjccentre.org\/sts\/toupiesalancer\/\" data-orig-file=\"https:\/\/frmjccentre.org\/sts\/wp-content\/uploads\/2014\/03\/toupiesalancer.gif\" data-orig-size=\"236,236\" data-comments-opened=\"1\" data-image-meta=\"{&quot;aperture&quot;:&quot;0&quot;,&quot;credit&quot;:&quot;&quot;,&quot;camera&quot;:&quot;&quot;,&quot;caption&quot;:&quot;&quot;,&quot;created_timestamp&quot;:&quot;0&quot;,&quot;copyright&quot;:&quot;&quot;,&quot;focal_length&quot;:&quot;0&quot;,&quot;iso&quot;:&quot;0&quot;,&quot;shutter_speed&quot;:&quot;0&quot;,&quot;title&quot;:&quot;&quot;,&quot;orientation&quot;:&quot;0&quot;}\" data-image-title=\"toupiesalancer\" data-image-description=\"\" data-image-caption=\"\" data-large-file=\"https:\/\/frmjccentre.org\/sts\/wp-content\/uploads\/2014\/03\/toupiesalancer.gif\" class=\"aligncenter wp-image-4656 size-thumbnail\" src=\"https:\/\/frmjccentre.org\/sts\/wp-content\/uploads\/2014\/03\/toupiesalancer.gif?w=150\" alt=\"toupiesalancer\" width=\"150\" height=\"150\" \/><\/a><\/span><\/td>\n<td><span style=\"color: #ffffff;\">.<\/span><span style=\"color: #ffffff;\">.;<\/span><br \/>\n<span style=\"color: #ffffff;\"> ;<\/span><span style=\"color: #ffffff;\"> .<\/span><br \/>\n<span style=\"color: #ffffff;\"> .<\/span><br \/>\n<span style=\"color: #ffffff;\"><br \/>\n<\/span><\/td>\n<td style=\"vertical-align: top; width: 400px;\"><span style=\"font-size: 75%; line-height: 2em;\"><span style=\"color: #ffffff;\">.<\/span><br \/>\n<span style=\"color: #ffffff;\">;<\/span><br \/>\n<span style=\"color: #ffffff;\">.<\/span><br \/>\n<span style=\"color: #ffffff;\">.<\/span><br \/>\n<span style=\"color: #ffffff;\">.<\/span><br \/>\n\u00e2ge : \u00e0 partir de 8 ans<br \/>\n<span style=\"color: #333333;\"> dur\u00e9e : \u00bd journ\u00e9e<span style=\"color: #ffffff;\">&#8230;&#8230;&#8230;..;;;;;;;;;;;;;;;;;;;;;;;;;;&#8230;&#8230;&#8230;&#8230;&#8230;&#8230;&#8230;&#8230;&#8230;&#8230;&#8230;&#8230;&#8230;&#8230;&#8230;&#8230;&#8230;&#8230;&#8230;&#8230;.<\/span><\/span><\/span><\/td>\n<\/tr>\n<\/tbody>\n<\/table>\n<p style=\"text-align: justify;\">La r\u00e9alisation de cet objet mu par transmission permet de s\u2019initier au petit bricolage.<br \/>\nLe mat\u00e9riel est mis \u00e0 la disposition des participants sous forme de Kit complet avec une notice individuelle. Chaque jeune r\u00e9alise enti\u00e8rement sa toupie. L\u2019objet r\u00e9alis\u00e9 est brut, sa d\u00e9coration par chaque participant est propos\u00e9e en option.<\/p>\n<h2 id=\"lampes\"><\/h2>\n<p>&nbsp;<\/p>\n<p><span style=\"color: #333333;\"><strong>\u25aa Lampes de poche \u00e0 Led<\/strong><\/span><\/p>\n<table>\n<tbody>\n<tr>\n<td style=\"text-align: justify; width: 165px;\"><span style=\"color: #ffffff;\"><span style=\"color: #ffffff;\">.<a href=\"https:\/\/frmjccentre.org\/sts\/wp-content\/uploads\/2014\/03\/lampesdepoche.gif\" data-src=\"https:\/\/frmjccentre.org\/sts\/wp-content\/uploads\/2014\/03\/lampesdepoche.gif\" data-thumb=\"https:\/\/frmjccentre.org\/sts\/wp-content\/uploads\/2014\/03\/lampesdepoche.gif?w=150\" class=\"ml-lightbox-enabled\"><img loading=\"lazy\" decoding=\"async\" data-attachment-id=\"4649\" data-permalink=\"https:\/\/frmjccentre.org\/sts\/lampesdepoche\/\" data-orig-file=\"https:\/\/frmjccentre.org\/sts\/wp-content\/uploads\/2014\/03\/lampesdepoche.gif\" data-orig-size=\"236,236\" data-comments-opened=\"1\" data-image-meta=\"{&quot;aperture&quot;:&quot;0&quot;,&quot;credit&quot;:&quot;&quot;,&quot;camera&quot;:&quot;&quot;,&quot;caption&quot;:&quot;&quot;,&quot;created_timestamp&quot;:&quot;0&quot;,&quot;copyright&quot;:&quot;&quot;,&quot;focal_length&quot;:&quot;0&quot;,&quot;iso&quot;:&quot;0&quot;,&quot;shutter_speed&quot;:&quot;0&quot;,&quot;title&quot;:&quot;&quot;,&quot;orientation&quot;:&quot;0&quot;}\" data-image-title=\"lampesdepoche\" data-image-description=\"\" data-image-caption=\"\" data-large-file=\"https:\/\/frmjccentre.org\/sts\/wp-content\/uploads\/2014\/03\/lampesdepoche.gif\" class=\"aligncenter wp-image-4649 \" src=\"https:\/\/frmjccentre.org\/sts\/wp-content\/uploads\/2014\/03\/lampesdepoche.gif?w=150\" alt=\"lampesdepoche\" width=\"150\" height=\"150\" \/><\/a><\/span><\/span><\/td>\n<td><\/td>\n<td style=\"vertical-align: top; width: 400px;\"><span style=\"color: #ffffff;\">.<\/span><span style=\"color: #ffffff;\">.<\/span><br \/>\n<span style=\"color: #ffffff;\">;<br \/>\n; .<\/span><br \/>\n<span style=\"color: #ffffff;\">.<\/span><br \/>\n<span style=\"color: #333333;\"><span style=\"font-size: 75%; line-height: 2em;\">\u00e2ge : \u00e0 partir de 10 ans<br \/>\n<span style=\"color: #333333;\"> dur\u00e9e : 1 journ\u00e9e (\u00bd journ\u00e9e montage \/ \u00bd fin de montage et r\u00e9glages)<span style=\"color: #ffffff;\">;;;;;;;;;;;;;;;;;;;;;;;<\/span><\/span><\/span><\/span><\/td>\n<\/tr>\n<\/tbody>\n<\/table>\n<p>La r\u00e9alisation de la lampe de poche favorise une approche de notions d\u2019\u00e9lectricit\u00e9.<br \/>\nLe mat\u00e9riel est mis \u00e0 la disposition des participants sous forme de Kits complets (piles incluses) avec une notice individuelle.<br \/>\nChaque jeune r\u00e9alise enti\u00e8rement sa lampe de poche.<\/p>\n<h2 id=\"vehiculeseoliens\"><\/h2>\n<p>&nbsp;<\/p>\n<p><span style=\"color: #333333;\"><strong>\u25aa V\u00e9hicules \u00e9oliens<span style=\"text-decoration: underline;\"><br \/>\n<\/span><\/strong><\/span><\/p>\n<table>\n<tbody>\n<tr>\n<td style=\"text-align: justify; width: 165px;\"><span style=\"color: #333333;\"><span style=\"color: #ffffff;\">.<\/span><br \/>\n<a href=\"https:\/\/frmjccentre.org\/sts\/wp-content\/uploads\/2014\/03\/vehiculeseoliens.gif\" data-src=\"https:\/\/frmjccentre.org\/sts\/wp-content\/uploads\/2014\/03\/vehiculeseoliens.gif\" data-thumb=\"https:\/\/frmjccentre.org\/sts\/wp-content\/uploads\/2014\/03\/vehiculeseoliens.gif?w=150\" class=\"ml-lightbox-enabled\"><img loading=\"lazy\" decoding=\"async\" data-attachment-id=\"4658\" data-permalink=\"https:\/\/frmjccentre.org\/sts\/vehiculeseoliens\/\" data-orig-file=\"https:\/\/frmjccentre.org\/sts\/wp-content\/uploads\/2014\/03\/vehiculeseoliens.gif\" data-orig-size=\"236,236\" data-comments-opened=\"1\" data-image-meta=\"{&quot;aperture&quot;:&quot;0&quot;,&quot;credit&quot;:&quot;&quot;,&quot;camera&quot;:&quot;&quot;,&quot;caption&quot;:&quot;&quot;,&quot;created_timestamp&quot;:&quot;0&quot;,&quot;copyright&quot;:&quot;&quot;,&quot;focal_length&quot;:&quot;0&quot;,&quot;iso&quot;:&quot;0&quot;,&quot;shutter_speed&quot;:&quot;0&quot;,&quot;title&quot;:&quot;&quot;,&quot;orientation&quot;:&quot;0&quot;}\" data-image-title=\"vehiculeseoliens\" data-image-description=\"\" data-image-caption=\"\" data-large-file=\"https:\/\/frmjccentre.org\/sts\/wp-content\/uploads\/2014\/03\/vehiculeseoliens.gif\" class=\"aligncenter wp-image-4658 size-thumbnail\" src=\"https:\/\/frmjccentre.org\/sts\/wp-content\/uploads\/2014\/03\/vehiculeseoliens.gif?w=150\" alt=\"vehiculeseoliens\" width=\"150\" height=\"150\" \/><\/a><\/span><\/td>\n<td><\/td>\n<td style=\"vertical-align: top; width: 400px;\"><span style=\"color: #ffffff;\">.<\/span><br \/>\n<span style=\"color: #ffffff;\">.<\/span><br \/>\n<span style=\"color: #ffffff;\">.<\/span><br \/>\n<span style=\"color: #ffffff;\">.<\/span><br \/>\n<span style=\"color: #ffffff;\">.<\/span><br \/>\n<span style=\"font-size: 75%; line-height: 2em;\">\u00e2ge : \u00e0 partir de 12 ans<br \/>\ndur\u00e9e : 1 journ\u00e9e<span style=\"color: #333333;\"><span style=\"color: #ffffff;\">..;;;;;;;;;;;;;;;;;;;;;;;;;;;&#8230;&#8230;&#8230;&#8230;&#8230;&#8230;&#8230;&#8230;&#8230;&#8230;&#8230;&#8230;&#8230;&#8230;&#8230;&#8230;&#8230;&#8230;&#8230;&#8230;&#8230;&#8230;&#8230;.<\/span><\/span><\/span><\/td>\n<\/tr>\n<\/tbody>\n<\/table>\n<p style=\"text-align: justify;\">La r\u00e9alisation du v\u00e9hicule \u00e9olien, fonctionnant avec un syst\u00e8me form\u00e9 d\u2019une h\u00e9lice, d\u2019une vis sans fin et d\u2019une roue dent\u00e9e, permet d\u2019appr\u00e9hender la transmission et la propulsion.<br \/>\nLe mat\u00e9riel est mis \u00e0 la disposition des participants sous forme de Kits complets avec une notice individuelle. Chaque jeune r\u00e9alise enti\u00e8rement son v\u00e9hicule \u00e9olien.<\/p>\n<h2 id=\"vehiculeslunaires\"><\/h2>\n<p>&nbsp;<\/p>\n<p><span style=\"color: #333333;\"><strong>\u25aa V\u00e9hicules lunaires \u00e0 ressort<\/strong><\/span><\/p>\n<table>\n<tbody>\n<tr>\n<td style=\"text-align: justify; width: 165px;\"><span style=\"color: #333333;\"><span style=\"color: #ffffff;\">.<\/span><br \/>\n<a href=\"https:\/\/frmjccentre.org\/sts\/wp-content\/uploads\/2014\/03\/vehiculeslunaires.gif\" data-src=\"https:\/\/frmjccentre.org\/sts\/wp-content\/uploads\/2014\/03\/vehiculeslunaires.gif\" data-thumb=\"https:\/\/frmjccentre.org\/sts\/wp-content\/uploads\/2014\/03\/vehiculeslunaires.gif?w=150\" class=\"ml-lightbox-enabled\"><img loading=\"lazy\" decoding=\"async\" data-attachment-id=\"4659\" data-permalink=\"https:\/\/frmjccentre.org\/sts\/vehiculeslunaires\/\" data-orig-file=\"https:\/\/frmjccentre.org\/sts\/wp-content\/uploads\/2014\/03\/vehiculeslunaires.gif\" data-orig-size=\"236,236\" data-comments-opened=\"1\" data-image-meta=\"{&quot;aperture&quot;:&quot;0&quot;,&quot;credit&quot;:&quot;&quot;,&quot;camera&quot;:&quot;&quot;,&quot;caption&quot;:&quot;&quot;,&quot;created_timestamp&quot;:&quot;0&quot;,&quot;copyright&quot;:&quot;&quot;,&quot;focal_length&quot;:&quot;0&quot;,&quot;iso&quot;:&quot;0&quot;,&quot;shutter_speed&quot;:&quot;0&quot;,&quot;title&quot;:&quot;&quot;,&quot;orientation&quot;:&quot;0&quot;}\" data-image-title=\"vehiculeslunaires\" data-image-description=\"\" data-image-caption=\"\" data-large-file=\"https:\/\/frmjccentre.org\/sts\/wp-content\/uploads\/2014\/03\/vehiculeslunaires.gif\" class=\"aligncenter wp-image-4659 size-thumbnail\" src=\"https:\/\/frmjccentre.org\/sts\/wp-content\/uploads\/2014\/03\/vehiculeslunaires.gif?w=150\" alt=\"vehiculeslunaires\" width=\"150\" height=\"150\" \/><\/a><\/span><\/td>\n<td><\/td>\n<td style=\"vertical-align: top; width: 400px;\"><span style=\"color: #333333;\"><span style=\"color: #ffffff;\">.<\/span><br \/>\n<span style=\"color: #ffffff;\">.<\/span><br \/>\n<span style=\"color: #ffffff;\">.<\/span> <span style=\"color: #ffffff;\">.<\/span><br \/>\n<span style=\"color: #ffffff;\">.<\/span><br \/>\n<span style=\"color: #ffffff;\">.<\/span><br \/>\n<\/span><span style=\"font-size: 75%; line-height: 2em;\">\u00e2ge : \u00e0 partir de 12 ans<br \/>\ndur\u00e9e : 1 journ\u00e9e et demie<span style=\"color: #333333;\"><span style=\"color: #ffffff;\">&#8230;&#8230;&#8230;&#8230;&#8230;&#8230;;;;;;;;;;;;;;;;;;;;;;;;;;;;&#8230;&#8230;&#8230;&#8230;&#8230;&#8230;&#8230;&#8230;&#8230;&#8230;&#8230;&#8230;&#8230;.<\/span><\/span><\/span><\/td>\n<\/tr>\n<\/tbody>\n<\/table>\n<p style=\"text-align: justify;\">La r\u00e9alisation du v\u00e9hicule lunaire permet d\u2019appr\u00e9hender la propulsion par ressort.<br \/>\nLe mat\u00e9riel est mis \u00e0 la disposition des participants sous forme de Kits complets avec une notice individuelle. Chaque jeune r\u00e9alise enti\u00e8rement son v\u00e9hicule lunaire \u00e0 ressort.<\/p>\n<h2 id=\"rameurs\"><\/h2>\n<p>&nbsp;<\/p>\n<p><span style=\"color: #333333;\"><strong>\u25aa Rameurs \u00e9lectro-m\u00e9caniques<\/strong><\/span><\/p>\n<table>\n<tbody>\n<tr>\n<td style=\"text-align: justify; width: 165px;\"><span style=\"color: #333333;\"><span style=\"color: #ffffff;\">.<\/span><br \/>\n<a href=\"https:\/\/frmjccentre.org\/sts\/wp-content\/uploads\/2014\/03\/rameurs.gif\" data-src=\"https:\/\/frmjccentre.org\/sts\/wp-content\/uploads\/2014\/03\/rameurs.gif\" data-thumb=\"https:\/\/frmjccentre.org\/sts\/wp-content\/uploads\/2014\/03\/rameurs.gif?w=150\" class=\"ml-lightbox-enabled\"><img loading=\"lazy\" decoding=\"async\" data-attachment-id=\"4655\" data-permalink=\"https:\/\/frmjccentre.org\/sts\/rameurs\/\" data-orig-file=\"https:\/\/frmjccentre.org\/sts\/wp-content\/uploads\/2014\/03\/rameurs.gif\" data-orig-size=\"236,236\" data-comments-opened=\"1\" data-image-meta=\"{&quot;aperture&quot;:&quot;0&quot;,&quot;credit&quot;:&quot;&quot;,&quot;camera&quot;:&quot;&quot;,&quot;caption&quot;:&quot;&quot;,&quot;created_timestamp&quot;:&quot;0&quot;,&quot;copyright&quot;:&quot;&quot;,&quot;focal_length&quot;:&quot;0&quot;,&quot;iso&quot;:&quot;0&quot;,&quot;shutter_speed&quot;:&quot;0&quot;,&quot;title&quot;:&quot;&quot;,&quot;orientation&quot;:&quot;0&quot;}\" data-image-title=\"rameurs\" data-image-description=\"\" data-image-caption=\"\" data-large-file=\"https:\/\/frmjccentre.org\/sts\/wp-content\/uploads\/2014\/03\/rameurs.gif\" class=\"aligncenter wp-image-4655 size-thumbnail\" src=\"https:\/\/frmjccentre.org\/sts\/wp-content\/uploads\/2014\/03\/rameurs.gif?w=150\" alt=\"rameurs\" width=\"150\" height=\"150\" \/><\/a><\/span><\/td>\n<td><\/td>\n<td style=\"vertical-align: top; width: 400px;\"><span style=\"color: #ffffff;\">.<\/span><br \/>\n<span style=\"color: #ffffff;\">.<\/span><br \/>\n<span style=\"color: #ffffff;\">.<\/span><br \/>\n<span style=\"color: #ffffff;\">.<\/span> <span style=\"color: #ffffff;\">.<\/span><br \/>\n<span style=\"color: #ffffff;\">.<\/span><br \/>\n<span style=\"color: #333333;\"><span style=\"font-size: 75%; line-height: 2em;\">\u00e2ge : \u00e0 partir de 12 ans<br \/>\n<span style=\"color: #333333;\"> dur\u00e9e : 1 journ\u00e9e et demie<\/span><span style=\"color: #ffffff;\">&#8230;&#8230;.;;;;;;;;;;;;;;;;;;;;;;;;;;;;;;&#8230;&#8230;&#8230;&#8230;&#8230;&#8230;&#8230;&#8230;&#8230;&#8230;&#8230;&#8230;&#8230;&#8230;&#8230;&#8230;..<\/span><\/span><\/span><\/td>\n<\/tr>\n<\/tbody>\n<\/table>\n<p style=\"text-align: justify;\">La r\u00e9alisation du rameur \u00e9lectro-m\u00e9canique permet d\u2019appr\u00e9hender la propulsion \u00e9lectrique, o\u00f9 l\u2019\u00e9nergie \u00e9lectrique est transform\u00e9e en \u00e9nergie m\u00e9canique.<br \/>\nLe mat\u00e9riel est mis \u00e0 la disposition des participants sous forme de Kits complets avec une notice individuelle. Cette activit\u00e9 n\u00e9cessite calme et minutie, mais permet un d\u00e9veloppement ludique \u00e0 l\u2019issue de la r\u00e9alisation, o\u00f9 chaque jeune teste son rameur \u00e9lectro-m\u00e9canique.<\/p>\n<h2 id=\"microscopes\"><\/h2>\n<p>&nbsp;<\/p>\n<p><span style=\"color: #333333;\"><strong>\u25aa Microscopes en bois<\/strong><\/span><\/p>\n<table>\n<tbody>\n<tr>\n<td style=\"text-align: justify; width: 165px;\"><span style=\"color: #333333;\"><span style=\"color: #ffffff;\">.<\/span><br \/>\n<a href=\"https:\/\/frmjccentre.org\/sts\/wp-content\/uploads\/2014\/03\/microscope.gif\" data-src=\"https:\/\/frmjccentre.org\/sts\/wp-content\/uploads\/2014\/03\/microscope.gif\" data-thumb=\"https:\/\/frmjccentre.org\/sts\/wp-content\/uploads\/2014\/03\/microscope.gif?w=150\" class=\"ml-lightbox-enabled\"><img loading=\"lazy\" decoding=\"async\" data-attachment-id=\"4651\" data-permalink=\"https:\/\/frmjccentre.org\/sts\/microscope\/\" data-orig-file=\"https:\/\/frmjccentre.org\/sts\/wp-content\/uploads\/2014\/03\/microscope.gif\" data-orig-size=\"236,236\" data-comments-opened=\"1\" data-image-meta=\"{&quot;aperture&quot;:&quot;0&quot;,&quot;credit&quot;:&quot;&quot;,&quot;camera&quot;:&quot;&quot;,&quot;caption&quot;:&quot;&quot;,&quot;created_timestamp&quot;:&quot;0&quot;,&quot;copyright&quot;:&quot;&quot;,&quot;focal_length&quot;:&quot;0&quot;,&quot;iso&quot;:&quot;0&quot;,&quot;shutter_speed&quot;:&quot;0&quot;,&quot;title&quot;:&quot;&quot;,&quot;orientation&quot;:&quot;0&quot;}\" data-image-title=\"microscope\" data-image-description=\"\" data-image-caption=\"\" data-large-file=\"https:\/\/frmjccentre.org\/sts\/wp-content\/uploads\/2014\/03\/microscope.gif\" class=\"aligncenter wp-image-4651 size-thumbnail\" src=\"https:\/\/frmjccentre.org\/sts\/wp-content\/uploads\/2014\/03\/microscope.gif?w=150\" alt=\"microscope\" width=\"150\" height=\"150\" \/><\/a><\/span><\/td>\n<td><\/td>\n<td style=\"vertical-align: top; width: 400px;\"><span style=\"color: #ffffff;\">.<\/span><br \/>\n<span style=\"color: #ffffff;\"> .<\/span><br \/>\n<span style=\"color: #ffffff;\"> .<\/span><br \/>\n<span style=\"color: #ffffff;\"> . .<\/span><br \/>\n<span style=\"color: #333333;\"><span style=\"font-size: 75%; line-height: 2em;\">\u00e2ge : \u00e0 partir de 12 ans<br \/>\n<span style=\"color: #333333;\"> dur\u00e9e : 2 journ\u00e9es (qui peuvent \u00eatre prolong\u00e9es d\u2019une s\u00e9ance d\u2019observation)<span style=\"color: #ffffff;\">.;;;;;;;;;;;;;;;;;;;;<\/span><\/span><\/span><\/span><\/td>\n<\/tr>\n<\/tbody>\n<\/table>\n<p style=\"text-align: justify;\">La r\u00e9alisation du microscope permet d\u2019aborder l\u2019optique par la pratique du petit bricolage.<br \/>\nLe mat\u00e9riel est mis \u00e0 la disposition des participants sous forme de Kit complet avec une notice individuelle, avec plaques de pr\u00e9paration. Cette activit\u00e9 n\u00e9cessite calme et minutie. Chaque jeune r\u00e9alise et vernit enti\u00e8rement son microscope.<\/p>\n<p>&nbsp;<\/p>\n<p>&nbsp;<\/p>\n<p style=\"text-align: left;\"><span style=\"color: #0000ff;\"><br \/>\n<span style=\"color: #c0c0c0;\">\u25ac\u25ac\u25ac\u25ac\u25ac\u25ac\u25ac\u25ac<span style=\"color: #c0c0c0;\">\u25ac\u25ac\u25ac\u25ac\u25ac\u25ac\u25ac<\/span><span style=\"color: #c0c0c0;\">\u25ac\u25ac\u25ac\u25ac\u25ac\u25ac\u25ac<\/span><span style=\"color: #c0c0c0;\">\u25ac\u25ac\u25ac\u25ac\u25ac\u25ac\u25ac<\/span><span style=\"color: #c0c0c0;\">\u25ac\u25ac\u25ac <\/span><\/span><span style=\"line-height: 2em; font-size: 150%;\"><span style=\"color: #999999;\">Initiation<\/span> <\/span><\/span><\/p>\n<h2 id=\"electronique\"><\/h2>\n<p>&nbsp;<\/p>\n<p><span style=\"color: #333333;\"><strong>\u25aa Electronique<\/strong><\/span><\/p>\n<table>\n<tbody>\n<tr>\n<td style=\"text-align: justify; width: 165px;\"><span style=\"color: #333333;\"><span style=\"color: #ffffff;\">.<\/span><br \/>\n<a href=\"https:\/\/frmjccentre.org\/sts\/wp-content\/uploads\/2014\/03\/electronique-e1396531433127.gif\" data-src=\"https:\/\/frmjccentre.org\/sts\/wp-content\/uploads\/2014\/03\/electronique-e1396531433127.gif\" data-thumb=\"https:\/\/frmjccentre.org\/sts\/wp-content\/uploads\/2014\/03\/electronique-e1396531433127.gif\" class=\"ml-lightbox-enabled\"><img loading=\"lazy\" decoding=\"async\" data-attachment-id=\"4647\" data-permalink=\"https:\/\/frmjccentre.org\/sts\/electronique\/\" data-orig-file=\"https:\/\/frmjccentre.org\/sts\/wp-content\/uploads\/2014\/03\/electronique-e1396531433127.gif\" data-orig-size=\"150,150\" data-comments-opened=\"1\" data-image-meta=\"{&quot;aperture&quot;:&quot;0&quot;,&quot;credit&quot;:&quot;&quot;,&quot;camera&quot;:&quot;&quot;,&quot;caption&quot;:&quot;&quot;,&quot;created_timestamp&quot;:&quot;0&quot;,&quot;copyright&quot;:&quot;&quot;,&quot;focal_length&quot;:&quot;0&quot;,&quot;iso&quot;:&quot;0&quot;,&quot;shutter_speed&quot;:&quot;0&quot;,&quot;title&quot;:&quot;&quot;,&quot;orientation&quot;:&quot;0&quot;}\" data-image-title=\"electronique\" data-image-description=\"\" data-image-caption=\"\" data-large-file=\"https:\/\/frmjccentre.org\/sts\/wp-content\/uploads\/2014\/03\/electronique-e1396531433127.gif\" class=\"aligncenter wp-image-4647 size-full\" src=\"https:\/\/frmjccentre.org\/sts\/wp-content\/uploads\/2014\/03\/electronique-e1396531433127.gif\" alt=\"electronique\" width=\"150\" height=\"150\" \/><\/a><\/span><\/td>\n<td><\/td>\n<td style=\"vertical-align: top; width: 400px;\"><span style=\"color: #ffffff;\">.<\/span><br \/>\n<span style=\"color: #ffffff;\"> .<\/span><br \/>\n<span style=\"color: #ffffff;\"> .<\/span><br \/>\n<span style=\"color: #333333;\"><span style=\"font-size: 75%; line-height: 2em;\">\u00e2ge : \u00e0 partir de 12 ans<br \/>\n<span style=\"color: #333333;\"> dur\u00e9e : 1 journ\u00e9e<\/span><br \/>\n<span style=\"color: #333333;\"> contraintes techniques : construction en salle avec tables et chaises, utilisation de fers \u00e0 souder (prises accessibles \u00e0 pr\u00e9voir).<\/span><\/span><\/span><\/td>\n<\/tr>\n<\/tbody>\n<\/table>\n<p style=\"text-align: justify;\">Des notions d&#8217;\u00e9lectronique sont abord\u00e9es autour\u00a0d&#8217;une construction\u00a0\u00e0 partir d&#8217;un kit (plusieurs choix sont propos\u00e9s : d\u00e9tecteurs de mouvements, sir\u00e8nes d\u2019alarmes, feux clignotants\u2026). Chaque jeune r\u00e9alise enti\u00e8rement son objet \u00e9lectronique.<\/p>\n<h2 id=\"astronomie\"><\/h2>\n<p>&nbsp;<\/p>\n<p><span style=\"color: #333333;\"><strong>\u25aa Astronomie<\/strong><\/span><\/p>\n<table>\n<tbody>\n<tr>\n<td style=\"text-align: justify; width: 165px;\"><span style=\"color: #333333;\"><span style=\"color: #ffffff;\">.<\/span><br \/>\n<a href=\"https:\/\/frmjccentre.org\/sts\/wp-content\/uploads\/2014\/03\/astronomie.gif\" data-src=\"https:\/\/frmjccentre.org\/sts\/wp-content\/uploads\/2014\/03\/astronomie.gif\" data-thumb=\"https:\/\/frmjccentre.org\/sts\/wp-content\/uploads\/2014\/03\/astronomie.gif?w=150\" class=\"ml-lightbox-enabled\"><img loading=\"lazy\" decoding=\"async\" data-attachment-id=\"4645\" data-permalink=\"https:\/\/frmjccentre.org\/sts\/astronomie\/\" data-orig-file=\"https:\/\/frmjccentre.org\/sts\/wp-content\/uploads\/2014\/03\/astronomie.gif\" data-orig-size=\"236,236\" data-comments-opened=\"1\" data-image-meta=\"{&quot;aperture&quot;:&quot;0&quot;,&quot;credit&quot;:&quot;&quot;,&quot;camera&quot;:&quot;&quot;,&quot;caption&quot;:&quot;&quot;,&quot;created_timestamp&quot;:&quot;0&quot;,&quot;copyright&quot;:&quot;&quot;,&quot;focal_length&quot;:&quot;0&quot;,&quot;iso&quot;:&quot;0&quot;,&quot;shutter_speed&quot;:&quot;0&quot;,&quot;title&quot;:&quot;&quot;,&quot;orientation&quot;:&quot;0&quot;}\" data-image-title=\"astronomie\" data-image-description=\"\" data-image-caption=\"\" data-large-file=\"https:\/\/frmjccentre.org\/sts\/wp-content\/uploads\/2014\/03\/astronomie.gif\" class=\"aligncenter wp-image-4645 size-thumbnail\" src=\"https:\/\/frmjccentre.org\/sts\/wp-content\/uploads\/2014\/03\/astronomie.gif?w=150\" alt=\"astronomie\" width=\"150\" height=\"150\" \/><\/a><\/span><\/td>\n<td><\/td>\n<td style=\"vertical-align: top; width: 400px;\"><span style=\"color: #ffffff;\">.<\/span><br \/>\n<span style=\"color: #ffffff;\"> ..<\/span><br \/>\n<span style=\"color: #ffffff;\"> .<\/span><br \/>\n<span style=\"color: #333333;\"><span style=\"font-size: 75%; line-height: 2em;\">\u00e2ge : \u00e0 partir de 8 ou 12 ans<br \/>\n<span style=\"color: #333333;\"> dur\u00e9e : \u00bd journ\u00e9e<\/span><br \/>\n<span style=\"color: #333333;\"> contraintes techniques : construction en salle avec tables et chaises<span style=\"color: #ffffff;\">;;;;;;;;;;;;;;;;;;;;;;;;;;;;;;<\/span><\/span><\/span><\/span><\/td>\n<\/tr>\n<\/tbody>\n<\/table>\n<p style=\"text-align: justify;\">Des notions d&#8217;astronomie sont abord\u00e9es autour d&#8217;une construction \u00e0 partir d&#8217;un kit (plusieurs choix sont propos\u00e9s : cartes du ciel, lunettes astronomiques de Galil\u00e9e, cadrans solaires\u2026). Chaque jeune r\u00e9alise enti\u00e8rement son objet.<\/p>\n<h2 id=\"observation\"><\/h2>\n<p>&nbsp;<\/p>\n<p><strong>\u25aa Soir\u00e9es d\u2019observations astronomiques<\/strong><\/p>\n<table>\n<tbody>\n<tr>\n<td style=\"text-align: justify; width: 165px;\"><span style=\"color: #333333;\"><span style=\"color: #ffffff;\">.<\/span><br \/>\n<a href=\"https:\/\/frmjccentre.org\/sts\/wp-content\/uploads\/2014\/03\/observation.gif\" data-src=\"https:\/\/frmjccentre.org\/sts\/wp-content\/uploads\/2014\/03\/observation.gif\" data-thumb=\"https:\/\/frmjccentre.org\/sts\/wp-content\/uploads\/2014\/03\/observation.gif?w=150\" class=\"ml-lightbox-enabled\"><img loading=\"lazy\" decoding=\"async\" data-attachment-id=\"4653\" data-permalink=\"https:\/\/frmjccentre.org\/sts\/observation\/\" data-orig-file=\"https:\/\/frmjccentre.org\/sts\/wp-content\/uploads\/2014\/03\/observation.gif\" data-orig-size=\"236,236\" data-comments-opened=\"1\" data-image-meta=\"{&quot;aperture&quot;:&quot;0&quot;,&quot;credit&quot;:&quot;&quot;,&quot;camera&quot;:&quot;&quot;,&quot;caption&quot;:&quot;&quot;,&quot;created_timestamp&quot;:&quot;0&quot;,&quot;copyright&quot;:&quot;&quot;,&quot;focal_length&quot;:&quot;0&quot;,&quot;iso&quot;:&quot;0&quot;,&quot;shutter_speed&quot;:&quot;0&quot;,&quot;title&quot;:&quot;&quot;,&quot;orientation&quot;:&quot;0&quot;}\" data-image-title=\"observation\" data-image-description=\"\" data-image-caption=\"\" data-large-file=\"https:\/\/frmjccentre.org\/sts\/wp-content\/uploads\/2014\/03\/observation.gif\" class=\"aligncenter wp-image-4653 size-thumbnail\" src=\"https:\/\/frmjccentre.org\/sts\/wp-content\/uploads\/2014\/03\/observation.gif?w=150\" alt=\"observation\" width=\"150\" height=\"150\" \/><\/a><\/span><\/td>\n<td><\/td>\n<td style=\"vertical-align: top; width: 400px;\"><span style=\"color: #333333;\"><span style=\"font-size: 75%; line-height: 2em;\"><span style=\"color: #ffffff;\">.<\/span><br \/>\n<span style=\"color: #ffffff;\">.<\/span><br \/>\n\u00e2ge : \u00e0 partir de 8 ans (20 enfants maximum par s\u00e9ance)<br \/>\n<span style=\"color: #333333;\"> dur\u00e9e : 1 soir\u00e9e<br \/>\ncette initiation \u00e0 l\u2019observation peut \u00eatre pr\u00e9c\u00e9d\u00e9e d\u2019autres activit\u00e9s, notamment en \u00e9t\u00e9 lorsque la nuit tombe tard : initiation \u00e0 l&#8217;astronomie (voir ci-dessus), projection du ciel visible dans la soir\u00e9e gr\u00e2ce au logiciel Stellarium<\/span><\/span><\/span><\/td>\n<\/tr>\n<\/tbody>\n<\/table>\n<p style=\"text-align: justify;\">A l&#8217;aide d&#8217;un t\u00e9lescope motoris\u00e9 de 130 mm de diam\u00e8tre et 900 mm de focale muni de deux grossissements, 45 X et 100 X, l&#8217;animateur vous apprendra \u00e0 rep\u00e9rer \u00e0 l&#8217;\u0153il nu les principales \u00e9toiles et constellations, et vous fera d\u00e9couvrir les merveilles du ciel \u00e9toil\u00e9 : les jeux d&#8217;ombre et de lumi\u00e8re dans les crat\u00e8res et montagnes lunaires, les plan\u00e8tes visibles du moment, Jupiter et ses satellites, la calotte polaire de Mars, ou les spectaculaires anneaux de Saturne, puis plus loin encore, les n\u00e9buleuses, ces nuages froids de gaz illumin\u00e9s par les \u00e9toiles, les amas d&#8217;\u00e9toiles \u00e9tincelants, les galaxies lointaines&#8230;<\/p>\n<h2 id=\"nature\"><\/h2>\n<p>&nbsp;<\/p>\n<p><span style=\"color: #333333;\"><strong>\u25aa Nature \/ environnement \/ d\u00e9veloppement durable<\/strong><\/span><\/p>\n<table>\n<tbody>\n<tr>\n<td style=\"text-align: justify; width: 165px;\"><span style=\"color: #ffffff;\">.<a href=\"https:\/\/frmjccentre.org\/sts\/wp-content\/uploads\/2014\/03\/nature.gif\" data-src=\"https:\/\/frmjccentre.org\/sts\/wp-content\/uploads\/2014\/03\/nature.gif\" data-thumb=\"https:\/\/frmjccentre.org\/sts\/wp-content\/uploads\/2014\/03\/nature.gif?w=150\" class=\"ml-lightbox-enabled\"><span style=\"color: #ffffff;\">.<\/span><br \/>\n<img loading=\"lazy\" decoding=\"async\" data-attachment-id=\"4652\" data-permalink=\"https:\/\/frmjccentre.org\/sts\/nature\/\" data-orig-file=\"https:\/\/frmjccentre.org\/sts\/wp-content\/uploads\/2014\/03\/nature.gif\" data-orig-size=\"236,236\" data-comments-opened=\"1\" data-image-meta=\"{&quot;aperture&quot;:&quot;0&quot;,&quot;credit&quot;:&quot;&quot;,&quot;camera&quot;:&quot;&quot;,&quot;caption&quot;:&quot;&quot;,&quot;created_timestamp&quot;:&quot;0&quot;,&quot;copyright&quot;:&quot;&quot;,&quot;focal_length&quot;:&quot;0&quot;,&quot;iso&quot;:&quot;0&quot;,&quot;shutter_speed&quot;:&quot;0&quot;,&quot;title&quot;:&quot;&quot;,&quot;orientation&quot;:&quot;0&quot;}\" data-image-title=\"nature\" data-image-description=\"\" data-image-caption=\"\" data-large-file=\"https:\/\/frmjccentre.org\/sts\/wp-content\/uploads\/2014\/03\/nature.gif\" class=\"aligncenter wp-image-4652 size-thumbnail\" src=\"https:\/\/frmjccentre.org\/sts\/wp-content\/uploads\/2014\/03\/nature.gif?w=150\" alt=\"nature\" width=\"150\" height=\"150\" \/><\/a><\/span><\/td>\n<td><\/td>\n<td style=\"vertical-align: top; width: 400px;\"><span style=\"font-size: 75%; line-height: 2em;\"><span style=\"color: #ffffff;\">\u00a0<\/span><span style=\"color: #ffffff;\">.<\/span><br \/>\n\u00e2ge : selon le projet<br \/>\ndur\u00e9e : sur une ou plusieurs journ\u00e9es<br \/>\nexemples : l&#8217;\u00e9cosyst\u00e8me forestier par l&#8217;approche historique de l&#8217;\u00e9volution des haies (cycle 3), \u00e9tude de la lisi\u00e8re (cycle 2) (sur une journ\u00e9e) ;<br \/>\n\u00e9tude de l\u2019adaptation des insectes au milieu aquatique (cycle 3 \u2013 CM2) (sur plusieurs journ\u00e9es)<br \/>\n<span style=\"color: #ffffff;\">&#8230;&#8230;&#8230;&#8230;&#8230;&#8230;&#8230;&#8230;&#8230;&#8230;&#8230;&#8230;&#8230;&#8230;&#8230;&#8230;&#8230;&#8230;&#8230;&#8230;&#8230;&#8230;&#8230;..<\/span><\/span><\/td>\n<\/tr>\n<\/tbody>\n<\/table>\n<p style=\"text-align: justify;\">Ces interventions\u00a0sont construites\u00a0autour d&#8217;une sortie\u00a0en nature, elles sont pr\u00e9par\u00e9es par une \u00e9tape de sensibilisation o\u00f9 sont pr\u00e9sent\u00e9s le sujet du travail et ses conditions de r\u00e9alisation,\u00a0des\u00a0notions comme celles de respect de la nature, de classification, d&#8217;\u00e9cosyst\u00e8me&#8230; La d\u00e9couverte du site donne lieu \u00e0 des pr\u00e9l\u00e8vements qui vont \u00eatre identifi\u00e9s, \u00e0 la production de sch\u00e9mas et de dessins qui peuvent mener \u00e0 une r\u00e9alisation (herbier, livret de reconnaissance, exposition).<\/p>\n<p><strong>Nous avons la possibilit\u00e9 de d\u00e9velopper d\u2019autres activit\u00e9s et th\u00e9matiques en fonction de votre demande<\/strong>. Apr\u00e8s avoir d\u00e9fini ensemble votre projet, nous vous adresserons une proposition accompagn\u00e9e d\u2019un devis.<\/p>\n<p>Pour consulter les<strong> tarifs<\/strong> pratiqu\u00e9s en R\u00e9gion Centre-Val de Loire\u00a0cliquez <a title=\"voir la page des tarifs pour ces activit\u00e9s\" href=\"https:\/\/frmjccentre.org\/sts\/tarifs\/autres-activites-2\/\" target=\"_blank\" rel=\"noopener\">ici<\/a>.<\/p>\n<p>Pour nous contacter\u00a0cliquez <a title=\"voir la page des tarifs pour ces activit\u00e9s\" href=\"https:\/\/frmjccentre.org\/sts\/contacts\/\" target=\"_blank\" rel=\"noopener\">ici<\/a>.<\/p>\n<p>&nbsp;<\/p>\n<p class=\"jetpack-slideshow-noscript robots-nocontent\">Ce diaporama n\u00e9cessite JavaScript.<\/p><div id=\"gallery-4587-1-slideshow\" class=\"jetpack-slideshow-window jetpack-slideshow jetpack-slideshow-black\" data-trans=\"fade\" data-autostart=\"1\" data-gallery=\"[{&quot;src&quot;:&quot;https:\\\/\\\/frmjccentre.org\\\/sts\\\/wp-content\\\/uploads\\\/2013\\\/09\\\/montage-vehicule-eolien.jpg&quot;,&quot;id&quot;:&quot;4229&quot;,&quot;title&quot;:&quot;SAMSUNG DIGIMAX A503&quot;,&quot;alt&quot;:&quot;&quot;,&quot;caption&quot;:&quot;&quot;,&quot;itemprop&quot;:&quot;image&quot;},{&quot;src&quot;:&quot;https:\\\/\\\/frmjccentre.org\\\/sts\\\/wp-content\\\/uploads\\\/2013\\\/09\\\/bricolage.jpg&quot;,&quot;id&quot;:&quot;4217&quot;,&quot;title&quot;:&quot;SAMSUNG DIGIMAX A503&quot;,&quot;alt&quot;:&quot;&quot;,&quot;caption&quot;:&quot;&quot;,&quot;itemprop&quot;:&quot;image&quot;},{&quot;src&quot;:&quot;https:\\\/\\\/frmjccentre.org\\\/sts\\\/wp-content\\\/uploads\\\/2013\\\/09\\\/test-vehicule-eolien.jpg&quot;,&quot;id&quot;:&quot;4231&quot;,&quot;title&quot;:&quot;SAMSUNG DIGIMAX A503&quot;,&quot;alt&quot;:&quot;&quot;,&quot;caption&quot;:&quot;&quot;,&quot;itemprop&quot;:&quot;image&quot;},{&quot;src&quot;:&quot;https:\\\/\\\/frmjccentre.org\\\/sts\\\/wp-content\\\/uploads\\\/2013\\\/09\\\/c3a9tc3a9-sportif-2012-plou.jpg&quot;,&quot;id&quot;:&quot;4226&quot;,&quot;title&quot;:&quot;\\u00e9t\\u00e9 sportif 2012 Plou&quot;,&quot;alt&quot;:&quot;&quot;,&quot;caption&quot;:&quot;&quot;,&quot;itemprop&quot;:&quot;image&quot;},{&quot;src&quot;:&quot;https:\\\/\\\/frmjccentre.org\\\/sts\\\/wp-content\\\/uploads\\\/2013\\\/09\\\/vc3a9hicules-c3a0-propulsion.jpg&quot;,&quot;id&quot;:&quot;4233&quot;,&quot;title&quot;:&quot;v\\u00e9hicules \\u00e0 propulsion&quot;,&quot;alt&quot;:&quot;&quot;,&quot;caption&quot;:&quot;&quot;,&quot;itemprop&quot;:&quot;image&quot;},{&quot;src&quot;:&quot;https:\\\/\\\/frmjccentre.org\\\/sts\\\/wp-content\\\/uploads\\\/2013\\\/09\\\/c3a9tc3a9-sportif-2012-sancerre.jpg&quot;,&quot;id&quot;:&quot;4225&quot;,&quot;title&quot;:&quot;\\u00e9t\\u00e9 sportif 2012  Sancerre&quot;,&quot;alt&quot;:&quot;&quot;,&quot;caption&quot;:&quot;&quot;,&quot;itemprop&quot;:&quot;image&quot;},{&quot;src&quot;:&quot;https:\\\/\\\/frmjccentre.org\\\/sts\\\/wp-content\\\/uploads\\\/2013\\\/09\\\/atelier-peinture-fusee.jpg&quot;,&quot;id&quot;:&quot;4216&quot;,&quot;title&quot;:&quot;atelier peinture fusee&quot;,&quot;alt&quot;:&quot;&quot;,&quot;caption&quot;:&quot;&quot;,&quot;itemprop&quot;:&quot;image&quot;},{&quot;src&quot;:&quot;https:\\\/\\\/frmjccentre.org\\\/sts\\\/wp-content\\\/uploads\\\/2013\\\/09\\\/lancement-fusee-eau.jpg&quot;,&quot;id&quot;:&quot;4228&quot;,&quot;title&quot;:&quot;lancement fusee eau&quot;,&quot;alt&quot;:&quot;&quot;,&quot;caption&quot;:&quot;&quot;,&quot;itemprop&quot;:&quot;image&quot;},{&quot;src&quot;:&quot;https:\\\/\\\/frmjccentre.org\\\/sts\\\/wp-content\\\/uploads\\\/2013\\\/09\\\/decollage-fusee-eau.jpg&quot;,&quot;id&quot;:&quot;4222&quot;,&quot;title&quot;:&quot;decollage fusee eau&quot;,&quot;alt&quot;:&quot;&quot;,&quot;caption&quot;:&quot;&quot;,&quot;itemprop&quot;:&quot;image&quot;},{&quot;src&quot;:&quot;https:\\\/\\\/frmjccentre.org\\\/sts\\\/wp-content\\\/uploads\\\/2013\\\/09\\\/chantier-de-fouilles-itinerant.jpg&quot;,&quot;id&quot;:&quot;4218&quot;,&quot;title&quot;:&quot;chantier de fouilles itinerant&quot;,&quot;alt&quot;:&quot;&quot;,&quot;caption&quot;:&quot;&quot;,&quot;itemprop&quot;:&quot;image&quot;},{&quot;src&quot;:&quot;https:\\\/\\\/frmjccentre.org\\\/sts\\\/wp-content\\\/uploads\\\/2013\\\/09\\\/atelier-fouilles.jpg&quot;,&quot;id&quot;:&quot;4215&quot;,&quot;title&quot;:&quot;atelier fouilles&quot;,&quot;alt&quot;:&quot;&quot;,&quot;caption&quot;:&quot;&quot;,&quot;itemprop&quot;:&quot;image&quot;},{&quot;src&quot;:&quot;https:\\\/\\\/frmjccentre.org\\\/sts\\\/wp-content\\\/uploads\\\/2013\\\/09\\\/construction-mobile.jpg&quot;,&quot;id&quot;:&quot;4220&quot;,&quot;title&quot;:&quot;construction mobile&quot;,&quot;alt&quot;:&quot;&quot;,&quot;caption&quot;:&quot;&quot;,&quot;itemprop&quot;:&quot;image&quot;},{&quot;src&quot;:&quot;https:\\\/\\\/frmjccentre.org\\\/sts\\\/wp-content\\\/uploads\\\/2013\\\/09\\\/decoration-du-mobile.jpg&quot;,&quot;id&quot;:&quot;4223&quot;,&quot;title&quot;:&quot;decoration du mobile&quot;,&quot;alt&quot;:&quot;&quot;,&quot;caption&quot;:&quot;&quot;,&quot;itemprop&quot;:&quot;image&quot;},{&quot;src&quot;:&quot;https:\\\/\\\/frmjccentre.org\\\/sts\\\/wp-content\\\/uploads\\\/2013\\\/09\\\/essai-du-mobile.jpg&quot;,&quot;id&quot;:&quot;4224&quot;,&quot;title&quot;:&quot;essai du mobile&quot;,&quot;alt&quot;:&quot;&quot;,&quot;caption&quot;:&quot;&quot;,&quot;itemprop&quot;:&quot;image&quot;},{&quot;src&quot;:&quot;https:\\\/\\\/frmjccentre.org\\\/sts\\\/wp-content\\\/uploads\\\/2013\\\/09\\\/exposition-mobiles.jpg&quot;,&quot;id&quot;:&quot;4227&quot;,&quot;title&quot;:&quot;exposition mobiles&quot;,&quot;alt&quot;:&quot;&quot;,&quot;caption&quot;:&quot;&quot;,&quot;itemprop&quot;:&quot;image&quot;},{&quot;src&quot;:&quot;https:\\\/\\\/frmjccentre.org\\\/sts\\\/wp-content\\\/uploads\\\/2013\\\/09\\\/atelier-engrenages.jpg&quot;,&quot;id&quot;:&quot;4214&quot;,&quot;title&quot;:&quot;atelier engrenages&quot;,&quot;alt&quot;:&quot;&quot;,&quot;caption&quot;:&quot;&quot;,&quot;itemprop&quot;:&quot;image&quot;},{&quot;src&quot;:&quot;https:\\\/\\\/frmjccentre.org\\\/sts\\\/wp-content\\\/uploads\\\/2013\\\/09\\\/construction-vehicule.jpg&quot;,&quot;id&quot;:&quot;4221&quot;,&quot;title&quot;:&quot;construction vehicule&quot;,&quot;alt&quot;:&quot;&quot;,&quot;caption&quot;:&quot;&quot;,&quot;itemprop&quot;:&quot;image&quot;},{&quot;src&quot;:&quot;https:\\\/\\\/frmjccentre.org\\\/sts\\\/wp-content\\\/uploads\\\/2013\\\/09\\\/pas-de-tir-fusee-eau.jpg&quot;,&quot;id&quot;:&quot;4230&quot;,&quot;title&quot;:&quot;pas de tir fusee eau&quot;,&quot;alt&quot;:&quot;&quot;,&quot;caption&quot;:&quot;&quot;,&quot;itemprop&quot;:&quot;image&quot;},{&quot;src&quot;:&quot;https:\\\/\\\/frmjccentre.org\\\/sts\\\/wp-content\\\/uploads\\\/2013\\\/09\\\/construction-lampe-led.jpg&quot;,&quot;id&quot;:&quot;4219&quot;,&quot;title&quot;:&quot;construction lampe led&quot;,&quot;alt&quot;:&quot;&quot;,&quot;caption&quot;:&quot;&quot;,&quot;itemprop&quot;:&quot;image&quot;}]\" itemscope itemtype=\"https:\/\/schema.org\/ImageGallery\"><\/div>\n<p>&nbsp;<\/p>\n<p style=\"text-align: center;\"><span style=\"font-size: 75%; line-height: 2em;\">Merci de ne pas utiliser les images sans l&#8217;accord de la FRMJC R\u00e9gion Centre.<\/span><\/p>\n","protected":false},"excerpt":{"rendered":"<p>Pour les Comit\u00e9s d\u2019Entreprises, les Centres de Loisirs, les \u00e9tablissements scolaires\u2026 Nous proposons des activit\u00e9s scientifiques adapt\u00e9es \u00e0 chaque projet.\u00a0Nous pouvons aussi construire de\u00a0nouveaux sc\u00e9narios\u00a0ludiques\u00a0(et p\u00e9dagogiques) selon votre choix. Sont renseign\u00e9s ici, par activit\u00e9 : &#8211;\u00a0 \u00a0l&#8217;\u00e2ge minimal des participants &hellip; <a href=\"https:\/\/frmjccentre.org\/sts\/activites-scientifiques\/\">Continuer la lecture <span class=\"meta-nav\">&rarr;<\/span><\/a><\/p>\n","protected":false},"author":2,"featured_media":0,"parent":0,"menu_order":8,"comment_status":"closed","ping_status":"closed","template":"","meta":{"_crdt_document":"","footnotes":""},"class_list":["post-4587","page","type-page","status-publish","hentry"],"yoast_head":"<!-- This site is optimized with the Yoast SEO plugin v27.5 - https:\/\/yoast.com\/product\/yoast-seo-wordpress\/ -->\n<title>Les activit\u00e9s scientifiques - FRMJC R\u00e9gion Centre - Service Sciences Techniques Soci\u00e9t\u00e9<\/title>\n<meta name=\"description\" content=\"Nous proposons pour les Comit\u00e9s d\u2019Entreprises, les Centres de Loisirs, les \u00e9tablissements scolaires\u2026des activit\u00e9s scientifiques adapt\u00e9es \u00e0 chaque projet.\u00a0La liste des activit\u00e9s scientifiques est disponible avec les repr\u00e9sentations.\" \/>\n<meta name=\"robots\" content=\"index, follow, max-snippet:-1, max-image-preview:large, max-video-preview:-1\" \/>\n<link rel=\"canonical\" href=\"https:\/\/frmjccentre.org\/sts\/activites-scientifiques\/\" \/>\n<meta property=\"og:locale\" content=\"fr_FR\" \/>\n<meta property=\"og:type\" content=\"article\" \/>\n<meta property=\"og:title\" content=\"Les activit\u00e9s scientifiques - FRMJC R\u00e9gion Centre - Service Sciences Techniques Soci\u00e9t\u00e9\" \/>\n<meta property=\"og:description\" content=\"Nous proposons pour les Comit\u00e9s d\u2019Entreprises, les Centres de Loisirs, les \u00e9tablissements scolaires\u2026des activit\u00e9s scientifiques adapt\u00e9es \u00e0 chaque projet.\u00a0La liste des activit\u00e9s scientifiques est disponible avec les repr\u00e9sentations.\" \/>\n<meta property=\"og:url\" content=\"https:\/\/frmjccentre.org\/sts\/activites-scientifiques\/\" \/>\n<meta property=\"og:site_name\" content=\"FRMJC R\u00e9gion Centre - Service Sciences Techniques Soci\u00e9t\u00e9\" \/>\n<meta property=\"article:publisher\" content=\"https:\/\/www.facebook.com\/Frmjccentrests\/\" \/>\n<meta property=\"article:modified_time\" content=\"2018-06-14T08:28:58+00:00\" \/>\n<meta property=\"og:image\" content=\"https:\/\/frmjccentre.org\/sts\/wp-content\/uploads\/2014\/03\/microfusees.gif?w=150\" \/>\n<meta name=\"twitter:card\" content=\"summary_large_image\" \/>\n<meta name=\"twitter:site\" content=\"@FRMJCSTS\" \/>\n<meta name=\"twitter:label1\" content=\"Dur\u00e9e de lecture estim\u00e9e\" \/>\n\t<meta name=\"twitter:data1\" content=\"8 minutes\" \/>\n<script type=\"application\/ld+json\" class=\"yoast-schema-graph\">{\"@context\":\"https:\\\/\\\/schema.org\",\"@graph\":[{\"@type\":\"WebPage\",\"@id\":\"https:\\\/\\\/frmjccentre.org\\\/sts\\\/activites-scientifiques\\\/\",\"url\":\"https:\\\/\\\/frmjccentre.org\\\/sts\\\/activites-scientifiques\\\/\",\"name\":\"Les activit\u00e9s scientifiques - FRMJC R\u00e9gion Centre - Service Sciences Techniques Soci\u00e9t\u00e9\",\"isPartOf\":{\"@id\":\"https:\\\/\\\/frmjccentre.org\\\/sts\\\/#website\"},\"primaryImageOfPage\":{\"@id\":\"https:\\\/\\\/frmjccentre.org\\\/sts\\\/activites-scientifiques\\\/#primaryimage\"},\"image\":{\"@id\":\"https:\\\/\\\/frmjccentre.org\\\/sts\\\/activites-scientifiques\\\/#primaryimage\"},\"thumbnailUrl\":\"https:\\\/\\\/frmjccentre.org\\\/sts\\\/wp-content\\\/uploads\\\/2014\\\/03\\\/microfusees.gif?w=150\",\"datePublished\":\"2018-06-14T07:56:49+00:00\",\"dateModified\":\"2018-06-14T08:28:58+00:00\",\"description\":\"Nous proposons pour les Comit\u00e9s d\u2019Entreprises, les Centres de Loisirs, les \u00e9tablissements scolaires\u2026des activit\u00e9s scientifiques adapt\u00e9es \u00e0 chaque projet.\u00a0La liste des activit\u00e9s scientifiques est disponible avec les repr\u00e9sentations.\",\"breadcrumb\":{\"@id\":\"https:\\\/\\\/frmjccentre.org\\\/sts\\\/activites-scientifiques\\\/#breadcrumb\"},\"inLanguage\":\"fr-FR\",\"potentialAction\":[{\"@type\":\"ReadAction\",\"target\":[\"https:\\\/\\\/frmjccentre.org\\\/sts\\\/activites-scientifiques\\\/\"]}]},{\"@type\":\"ImageObject\",\"inLanguage\":\"fr-FR\",\"@id\":\"https:\\\/\\\/frmjccentre.org\\\/sts\\\/activites-scientifiques\\\/#primaryimage\",\"url\":\"https:\\\/\\\/frmjccentre.org\\\/sts\\\/wp-content\\\/uploads\\\/2014\\\/03\\\/microfusees.gif?w=150\",\"contentUrl\":\"https:\\\/\\\/frmjccentre.org\\\/sts\\\/wp-content\\\/uploads\\\/2014\\\/03\\\/microfusees.gif?w=150\"},{\"@type\":\"BreadcrumbList\",\"@id\":\"https:\\\/\\\/frmjccentre.org\\\/sts\\\/activites-scientifiques\\\/#breadcrumb\",\"itemListElement\":[{\"@type\":\"ListItem\",\"position\":1,\"name\":\"Accueil\",\"item\":\"https:\\\/\\\/frmjccentre.org\\\/sts\\\/\"},{\"@type\":\"ListItem\",\"position\":2,\"name\":\"Les activit\u00e9s scientifiques\"}]},{\"@type\":\"WebSite\",\"@id\":\"https:\\\/\\\/frmjccentre.org\\\/sts\\\/#website\",\"url\":\"https:\\\/\\\/frmjccentre.org\\\/sts\\\/\",\"name\":\"FRMJC R\u00e9gion Centre - Service Sciences Techniques Soci\u00e9t\u00e9\",\"description\":\"Une \u00e9quipe de professionnels de la m\u00e9diation.\",\"publisher\":{\"@id\":\"https:\\\/\\\/frmjccentre.org\\\/sts\\\/#organization\"},\"potentialAction\":[{\"@type\":\"SearchAction\",\"target\":{\"@type\":\"EntryPoint\",\"urlTemplate\":\"https:\\\/\\\/frmjccentre.org\\\/sts\\\/?s={search_term_string}\"},\"query-input\":{\"@type\":\"PropertyValueSpecification\",\"valueRequired\":true,\"valueName\":\"search_term_string\"}}],\"inLanguage\":\"fr-FR\"},{\"@type\":\"Organization\",\"@id\":\"https:\\\/\\\/frmjccentre.org\\\/sts\\\/#organization\",\"name\":\"FRMJC CENTRE\",\"url\":\"https:\\\/\\\/frmjccentre.org\\\/sts\\\/\",\"logo\":{\"@type\":\"ImageObject\",\"inLanguage\":\"fr-FR\",\"@id\":\"https:\\\/\\\/frmjccentre.org\\\/sts\\\/#\\\/schema\\\/logo\\\/image\\\/\",\"url\":\"https:\\\/\\\/frmjccentre.org\\\/sts\\\/wp-content\\\/uploads\\\/2017\\\/06\\\/logo-Frmjc-Centre-GIF-300ppp.gif\",\"contentUrl\":\"https:\\\/\\\/frmjccentre.org\\\/sts\\\/wp-content\\\/uploads\\\/2017\\\/06\\\/logo-Frmjc-Centre-GIF-300ppp.gif\",\"width\":3508,\"height\":2480,\"caption\":\"FRMJC CENTRE\"},\"image\":{\"@id\":\"https:\\\/\\\/frmjccentre.org\\\/sts\\\/#\\\/schema\\\/logo\\\/image\\\/\"},\"sameAs\":[\"https:\\\/\\\/www.facebook.com\\\/Frmjccentrests\\\/\",\"https:\\\/\\\/x.com\\\/FRMJCSTS\"]}]}<\/script>\n<!-- \/ Yoast SEO plugin. -->","yoast_head_json":{"title":"Les activit\u00e9s scientifiques - FRMJC R\u00e9gion Centre - Service Sciences Techniques Soci\u00e9t\u00e9","description":"Nous proposons pour les Comit\u00e9s d\u2019Entreprises, les Centres de Loisirs, les \u00e9tablissements scolaires\u2026des activit\u00e9s scientifiques adapt\u00e9es \u00e0 chaque projet.\u00a0La liste des activit\u00e9s scientifiques est disponible avec les repr\u00e9sentations.","robots":{"index":"index","follow":"follow","max-snippet":"max-snippet:-1","max-image-preview":"max-image-preview:large","max-video-preview":"max-video-preview:-1"},"canonical":"https:\/\/frmjccentre.org\/sts\/activites-scientifiques\/","og_locale":"fr_FR","og_type":"article","og_title":"Les activit\u00e9s scientifiques - FRMJC R\u00e9gion Centre - Service Sciences Techniques Soci\u00e9t\u00e9","og_description":"Nous proposons pour les Comit\u00e9s d\u2019Entreprises, les Centres de Loisirs, les \u00e9tablissements scolaires\u2026des activit\u00e9s scientifiques adapt\u00e9es \u00e0 chaque projet.\u00a0La liste des activit\u00e9s scientifiques est disponible avec les repr\u00e9sentations.","og_url":"https:\/\/frmjccentre.org\/sts\/activites-scientifiques\/","og_site_name":"FRMJC R\u00e9gion Centre - Service Sciences Techniques Soci\u00e9t\u00e9","article_publisher":"https:\/\/www.facebook.com\/Frmjccentrests\/","article_modified_time":"2018-06-14T08:28:58+00:00","og_image":[{"url":"https:\/\/frmjccentre.org\/sts\/wp-content\/uploads\/2014\/03\/microfusees.gif?w=150","type":"","width":"","height":""}],"twitter_card":"summary_large_image","twitter_site":"@FRMJCSTS","twitter_misc":{"Dur\u00e9e de lecture estim\u00e9e":"8 minutes"},"schema":{"@context":"https:\/\/schema.org","@graph":[{"@type":"WebPage","@id":"https:\/\/frmjccentre.org\/sts\/activites-scientifiques\/","url":"https:\/\/frmjccentre.org\/sts\/activites-scientifiques\/","name":"Les activit\u00e9s scientifiques - FRMJC R\u00e9gion Centre - Service Sciences Techniques Soci\u00e9t\u00e9","isPartOf":{"@id":"https:\/\/frmjccentre.org\/sts\/#website"},"primaryImageOfPage":{"@id":"https:\/\/frmjccentre.org\/sts\/activites-scientifiques\/#primaryimage"},"image":{"@id":"https:\/\/frmjccentre.org\/sts\/activites-scientifiques\/#primaryimage"},"thumbnailUrl":"https:\/\/frmjccentre.org\/sts\/wp-content\/uploads\/2014\/03\/microfusees.gif?w=150","datePublished":"2018-06-14T07:56:49+00:00","dateModified":"2018-06-14T08:28:58+00:00","description":"Nous proposons pour les Comit\u00e9s d\u2019Entreprises, les Centres de Loisirs, les \u00e9tablissements scolaires\u2026des activit\u00e9s scientifiques adapt\u00e9es \u00e0 chaque projet.\u00a0La liste des activit\u00e9s scientifiques est disponible avec les repr\u00e9sentations.","breadcrumb":{"@id":"https:\/\/frmjccentre.org\/sts\/activites-scientifiques\/#breadcrumb"},"inLanguage":"fr-FR","potentialAction":[{"@type":"ReadAction","target":["https:\/\/frmjccentre.org\/sts\/activites-scientifiques\/"]}]},{"@type":"ImageObject","inLanguage":"fr-FR","@id":"https:\/\/frmjccentre.org\/sts\/activites-scientifiques\/#primaryimage","url":"https:\/\/frmjccentre.org\/sts\/wp-content\/uploads\/2014\/03\/microfusees.gif?w=150","contentUrl":"https:\/\/frmjccentre.org\/sts\/wp-content\/uploads\/2014\/03\/microfusees.gif?w=150"},{"@type":"BreadcrumbList","@id":"https:\/\/frmjccentre.org\/sts\/activites-scientifiques\/#breadcrumb","itemListElement":[{"@type":"ListItem","position":1,"name":"Accueil","item":"https:\/\/frmjccentre.org\/sts\/"},{"@type":"ListItem","position":2,"name":"Les activit\u00e9s scientifiques"}]},{"@type":"WebSite","@id":"https:\/\/frmjccentre.org\/sts\/#website","url":"https:\/\/frmjccentre.org\/sts\/","name":"FRMJC R\u00e9gion Centre - Service Sciences Techniques Soci\u00e9t\u00e9","description":"Une \u00e9quipe de professionnels de la m\u00e9diation.","publisher":{"@id":"https:\/\/frmjccentre.org\/sts\/#organization"},"potentialAction":[{"@type":"SearchAction","target":{"@type":"EntryPoint","urlTemplate":"https:\/\/frmjccentre.org\/sts\/?s={search_term_string}"},"query-input":{"@type":"PropertyValueSpecification","valueRequired":true,"valueName":"search_term_string"}}],"inLanguage":"fr-FR"},{"@type":"Organization","@id":"https:\/\/frmjccentre.org\/sts\/#organization","name":"FRMJC CENTRE","url":"https:\/\/frmjccentre.org\/sts\/","logo":{"@type":"ImageObject","inLanguage":"fr-FR","@id":"https:\/\/frmjccentre.org\/sts\/#\/schema\/logo\/image\/","url":"https:\/\/frmjccentre.org\/sts\/wp-content\/uploads\/2017\/06\/logo-Frmjc-Centre-GIF-300ppp.gif","contentUrl":"https:\/\/frmjccentre.org\/sts\/wp-content\/uploads\/2017\/06\/logo-Frmjc-Centre-GIF-300ppp.gif","width":3508,"height":2480,"caption":"FRMJC CENTRE"},"image":{"@id":"https:\/\/frmjccentre.org\/sts\/#\/schema\/logo\/image\/"},"sameAs":["https:\/\/www.facebook.com\/Frmjccentrests\/","https:\/\/x.com\/FRMJCSTS"]}]}},"jetpack_sharing_enabled":true,"jetpack_shortlink":"https:\/\/wp.me\/PgjY92-1bZ","jetpack-related-posts":[],"_links":{"self":[{"href":"https:\/\/frmjccentre.org\/sts\/wp-json\/wp\/v2\/pages\/4587","targetHints":{"allow":["GET"]}}],"collection":[{"href":"https:\/\/frmjccentre.org\/sts\/wp-json\/wp\/v2\/pages"}],"about":[{"href":"https:\/\/frmjccentre.org\/sts\/wp-json\/wp\/v2\/types\/page"}],"author":[{"embeddable":true,"href":"https:\/\/frmjccentre.org\/sts\/wp-json\/wp\/v2\/users\/2"}],"replies":[{"embeddable":true,"href":"https:\/\/frmjccentre.org\/sts\/wp-json\/wp\/v2\/comments?post=4587"}],"version-history":[{"count":5,"href":"https:\/\/frmjccentre.org\/sts\/wp-json\/wp\/v2\/pages\/4587\/revisions"}],"predecessor-version":[{"id":6168,"href":"https:\/\/frmjccentre.org\/sts\/wp-json\/wp\/v2\/pages\/4587\/revisions\/6168"}],"wp:attachment":[{"href":"https:\/\/frmjccentre.org\/sts\/wp-json\/wp\/v2\/media?parent=4587"}],"curies":[{"name":"wp","href":"https:\/\/api.w.org\/{rel}","templated":true}]}}