{"id":5371,"date":"2020-09-16T09:48:44","date_gmt":"2020-09-16T07:48:44","guid":{"rendered":"https:\/\/frmjccentrests.wordpress.com\/?page_id=5371"},"modified":"2020-09-16T14:40:12","modified_gmt":"2020-09-16T12:40:12","slug":"fiche-technique-location-exposition-scientifique-astronomie","status":"publish","type":"page","link":"https:\/\/frmjccentre.org\/sts\/la-location-des-expositions-scientifiques\/fiche-technique-location-exposition-scientifique-astronomie\/","title":{"rendered":"Fiche technique de Location > exposition scientifique ASTRONOMIE"},"content":{"rendered":"<h1 style=\"text-align: center;\"><a href=\"https:\/\/frmjccentre.org\/sts\/wp-content\/uploads\/2012\/05\/af-univ-ouv-we.jpg\" data-src=\"https:\/\/frmjccentre.org\/sts\/wp-content\/uploads\/2012\/05\/af-univ-ouv-we.jpg\" data-thumb=\"https:\/\/frmjccentre.org\/sts\/wp-content\/uploads\/2012\/05\/af-univ-ouv-we.jpg?w=106\" class=\"ml-lightbox-enabled\"><img loading=\"lazy\" decoding=\"async\" data-attachment-id=\"1173\" data-permalink=\"https:\/\/frmjccentre.org\/sts\/af-univ-ouv-we\/\" data-orig-file=\"https:\/\/frmjccentre.org\/sts\/wp-content\/uploads\/2012\/05\/af-univ-ouv-we.jpg\" data-orig-size=\"3508,4961\" data-comments-opened=\"0\" data-image-meta=\"{&quot;aperture&quot;:&quot;0&quot;,&quot;credit&quot;:&quot;&quot;,&quot;camera&quot;:&quot;&quot;,&quot;caption&quot;:&quot;&quot;,&quot;created_timestamp&quot;:&quot;0&quot;,&quot;copyright&quot;:&quot;&quot;,&quot;focal_length&quot;:&quot;0&quot;,&quot;iso&quot;:&quot;0&quot;,&quot;shutter_speed&quot;:&quot;0&quot;,&quot;title&quot;:&quot;&quot;,&quot;orientation&quot;:&quot;0&quot;}\" data-image-title=\"Affiche univers\" data-image-description=\"&lt;p&gt;Maquette de l&amp;#8217;affiche de l&amp;#8217;exposition &amp;#8220;De la Terre \u00e0 l&amp;#8217;Univers&amp;#8221;&lt;\/p&gt;\n&lt;p&gt;Th\u00e8me astronomie &amp;#8211; syst\u00e8me solaire &amp;#8211; rotation &amp;#8211; r\u00e9volution &amp;#8211; phases de la Lune&lt;\/p&gt;\n\" data-image-caption=\"&lt;p&gt;Maquette de l&amp;#8217;affiche&lt;\/p&gt;\n\" data-large-file=\"https:\/\/frmjccentre.org\/sts\/wp-content\/uploads\/2012\/05\/af-univ-ouv-we-724x1024.jpg\" class=\"size-thumbnail wp-image-1173\" src=\"https:\/\/frmjccentre.org\/sts\/wp-content\/uploads\/2012\/05\/af-univ-ouv-we.jpg?w=106\" alt=\"Maquette de l'affiche\" width=\"106\" height=\"150\" srcset=\"https:\/\/frmjccentre.org\/sts\/wp-content\/uploads\/2012\/05\/af-univ-ouv-we.jpg 3508w, https:\/\/frmjccentre.org\/sts\/wp-content\/uploads\/2012\/05\/af-univ-ouv-we-212x300.jpg 212w, https:\/\/frmjccentre.org\/sts\/wp-content\/uploads\/2012\/05\/af-univ-ouv-we-768x1086.jpg 768w, https:\/\/frmjccentre.org\/sts\/wp-content\/uploads\/2012\/05\/af-univ-ouv-we-724x1024.jpg 724w\" sizes=\"auto, (max-width: 106px) 100vw, 106px\" \/><\/a><\/h1>\n<h1 style=\"text-align: center;\">De la Terre \u00e0 l&#8217;Univers<\/h1>\n<p style=\"text-align: left;\"><span style=\"color: #0000ff;\">\u00a0<\/span><\/p>\n<table>\n<tbody>\n<tr>\n<td><span style=\"color: #333333;\"><strong>Sommaire <\/strong>(acc\u00e8s rapide)<\/span><\/td>\n<\/tr>\n<tr>\n<td><a href=\"#Pr\u00e9sentation synth\u00e9tique\">\u25ab Pr\u00e9sentation synth\u00e9tique<\/a><br \/>\n<a href=\"#Description du mat\u00e9riel\">\u25ab Description du mat\u00e9riel<\/a><br \/>\n<a href=\"#Avantages compris dans la location\">\u25ab Avantages compris dans la location<\/a><br \/>\n<a href=\"#Installation - surface d'accueil\">\u25ab Installation &#8211; surface d&#8217;accueil<\/a><br \/>\n<a href=\"#Tarifs et options\">\u25ab Tarifs et options<\/a><\/td>\n<\/tr>\n<\/tbody>\n<\/table>\n<p>&nbsp;<\/p>\n<p><span style=\"color: #c0c0c0;\">\u25ac\u25ac\u25ac\u25ac\u25ac\u25ac\u25ac\u25ac<span style=\"color: #c0c0c0;\">\u25ac\u25ac\u25ac\u25ac\u25ac\u25ac\u25ac<\/span><span style=\"color: #c0c0c0;\">\u25ac\u25ac\u25ac\u25ac\u25ac\u25ac\u25ac<\/span> <\/span><span style=\"line-height: 2em; font-size: 150%;\"><span style=\"color: #999999;\"> Pr\u00e9sentation synth\u00e9tique<\/span><\/span><\/p>\n<p id=\"Pr\u00e9sentation synth\u00e9tique\"><span style=\"color: #000000;\">L&#8217;exposition sensibilise aux liens \u00e9troits qui unissent les ph\u00e9nom\u00e8nes c\u00e9lestes \u00e0 la vie quotidienne des \u00eatres humains (alternance jour et nuit, saisons, phases de la Lune&#8230;)<\/span><\/p>\n<p><span style=\"color: #000000;\">Nous mettons \u00e0 votre disposition 18 ateliers interactifs, les panneaux et\u00a0<\/span><span style=\"color: #000000;\">une <span style=\"text-decoration: underline;\">v\u00e9ritable m\u00e9t\u00e9orite.<\/span> <\/span><\/p>\n<h4><span style=\"color: #000000;\">Les ateliers sont r\u00e9partis en 3 th\u00e8mes principaux :<\/span><\/h4>\n<ul>\n<li><span style=\"color: #000000;\"><span style=\"color: #000000;\">Le Soleil, la Terre et la Lune<\/span><\/span><\/li>\n<li><span style=\"color: #000000;\">Les plan\u00e8tes<\/span><\/li>\n<li><span style=\"color: #000000;\">L&#8217;Univers lointain<\/span><\/li>\n<\/ul>\n<p><span style=\"color: #000000;\">Cette exposition est adapt\u00e9e \u00e0 <strong>tout<\/strong> <strong>public<\/strong> (utilisation conseill\u00e9e dans le cadre scolaire depuis\u00a0la <\/span><span style=\"color: #000000;\">Grande Section\u00a0 jusqu&#8217;au Lyc\u00e9e).<\/span><\/p>\n<p style=\"text-align: right;\"><span style=\"color: #000000;\"><span style=\"color: #333333;\"><span style=\"color: #000000;\"><strong>&gt;&gt;&gt; Descriptif complet : <\/strong><a title=\"ouvrir la page\" href=\"https:\/\/frmjccentre.org\/sts\/les-expositions-scientifiques\/de-la-terre-a-lunivers\/\" target=\"_blank\" rel=\"noopener noreferrer\"><u><span style=\"color: #0066cc;\">De la Terre \u00e0 l&#8217;Univers<\/span><\/u><\/a><\/span><\/span><\/span><\/p>\n<p style=\"text-align: right;\"><span style=\"color: #333333;\"><span style=\"color: #000000;\"><strong>&gt;&gt;&gt; Document \u00e0 t\u00e9l\u00e9charger : <\/strong><a title=\"t\u00e9l\u00e9charger la fiche de pr\u00e9sentation des ateliers\" href=\"https:\/\/frmjccentre.org\/sts\/wp-content\/uploads\/2017\/07\/F-tech-Univers.pdf\" target=\"_blank\" rel=\"noopener noreferrer\"><u><span style=\"color: #0066cc;\">Pr\u00e9sentation des ateliers<\/span><\/u><\/a><\/span><\/span><\/p>\n<p style=\"text-align: left;\"><span style=\"color: #0000ff;\"><br \/>\n<span style=\"color: #c0c0c0;\">\u25ac\u25ac<span style=\"color: #c0c0c0;\">\u25ac\u25ac\u25ac\u25ac\u25ac\u25ac\u25ac<\/span><span style=\"color: #c0c0c0;\">\u25ac\u25ac\u25ac\u25ac\u25ac\u25ac\u25ac<\/span><span style=\"color: #c0c0c0;\">\u25ac\u25ac\u25ac\u25ac\u25ac\u25ac<\/span>\u00a0<\/span><span style=\"line-height: 2em; font-size: 150%;\"><span style=\"color: #999999;\"> Description du mat\u00e9riel<\/span>\u00a0<\/span><\/span><\/p>\n<h2 id=\"description du mat\u00e9riel\"><\/h2>\n<ul>\n<li><span style=\"color: #333333;\"><strong><span style=\"color: #000000;\"><span style=\"color: #333333;\">M<\/span>at\u00e9riel conditionn\u00e9 en bacs et coffres de rangement :<\/span><\/strong><\/span>\n<ul>\n<li><em>coffre de rangement 80 l <\/em>: syst\u00e8me solaire, cadran solaire, atlas de plan\u00e8tes, carte du ciel, sph\u00e8res polystyr\u00e8ne peintes, lampes de poches led<\/li>\n<li><em>bac de rangement 10 l <\/em>: puzzle de la lune, sph\u00e8re jaune \u00d8 20 cm, rangement (Terre-V\u00e9nus-Mars), photographie Forex de Cassiop\u00e9e<\/li>\n<li>bac 145 l : globe de Mars \u00d8 40 cm<\/li>\n<li>bac 55 l : support Cassiop\u00e9e<\/li>\n<li>vitrine ferm\u00e9e avec \u00e9chantillon de m\u00e9t\u00e9orites et m\u00e9t\u00e9orite 240 grammes<\/li>\n<\/ul>\n<\/li>\n<li style=\"text-align: justify;\"><strong><strong><span style=\"color: #000000;\"><span style=\"color: #000000;\"><span style=\"color: #000000;\"><span style=\"color: #000000;\"><strong>Plateaux de manipulations :<\/strong><\/span><\/span><\/span><\/span><\/strong><\/strong>\n<ul>\n<li><em>2 supports bois agglom\u00e9r\u00e9 peints de 1 m\u00b2<\/em><\/li>\n<li><em>5 supports bois agglom\u00e9r\u00e9 peints de 1 m x 50 cm<\/em><\/li>\n<li><em>1 plateau PVC imprim\u00e9 <\/em><\/li>\n<\/ul>\n<\/li>\n<li><strong><strong><span style=\"color: #000000;\"><span style=\"color: #000000;\"><span style=\"color: #000000;\"><span style=\"color: #000000;\"><strong>Panneaux bois : <\/strong><\/span><\/span><\/span><\/span><\/strong><\/strong>\n<ul>\n<li><span style=\"color: #000000;\"><span style=\"color: #000000;\"><span style=\"color: #000000;\"><span style=\"color: #000000;\"><span style=\"color: #333333;\"><em>guirlande \u00e9lectrique fix\u00e9e sur panneau (80 cm x 100 cm) contreplaqu\u00e9 perfor\u00e9<\/em><\/span><\/span><\/span><\/span><\/span><\/li>\n<li>dessin &#8220;Soleil&#8221; <em>sur panneau (40 cm x 100 cm) contreplaqu\u00e9 <\/em><\/li>\n<\/ul>\n<\/li>\n<li style=\"text-align: justify;\"><strong><span style=\"color: #000000;\"><strong>Autre : <\/strong><\/span><\/strong><span style=\"color: #000000;\"><span style=\"color: #333333;\">ballon \u00d8 <em>1 m, tabouret, plots <\/em><\/span><\/span><\/li>\n<\/ul>\n<p style=\"text-align: right;\"><span style=\"color: #333333;\"><span style=\"color: #000000;\"><strong>&gt;&gt;&gt;\u00a0Volume de transport\u00a0:<\/strong><\/span> 5 \u00e0\u00a08 m\u00b3<\/span><\/p>\n<p style=\"text-align: left;\"><span style=\"color: #0000ff;\"><br \/>\n<span style=\"color: #c0c0c0;\">\u25ac<span style=\"color: #c0c0c0;\">\u25ac\u25ac\u25ac\u25ac\u25ac\u25ac\u25ac<\/span><span style=\"color: #c0c0c0;\">\u25ac\u25ac\u25ac\u25ac\u25ac\u25ac\u25ac<\/span> <\/span><span style=\"line-height: 2em; font-size: 150%;\"><span style=\"color: #999999;\">Avantages compris dans la location<\/span> <\/span><\/span><\/p>\n<h2 id=\"Avantages compris dans la location\"><\/h2>\n<ul>\n<li><span style=\"color: #333333;\"><strong><span style=\"color: #000000;\">\u00c9tat des lieux aller-retour<\/span><\/strong><\/span><\/li>\n<li style=\"text-align: justify;\"><span style=\"color: #000000;\"><strong>Mise \u00e0 disposition du code de t\u00e9l\u00e9chargement du dossier p\u00e9dagogique :<\/strong><\/span>\n<ul>\n<li style=\"text-align: justify;\"><span style=\"color: #000000;\"><em><strong>enseignant <\/strong>(une fiche descriptive par atelier avec le mat\u00e9riel, les objectifs, des informations et les r\u00e9ponses au questionnaire du dossier \u00e9l\u00e8ve). <\/em><\/span><u> <\/u>\n<p style=\"text-align: center;\"><span style=\"color: #000000;\"><a title=\"acc\u00e9der \u00e0 la page de t\u00e9l\u00e9chargement\" href=\"https:\/\/frmjccentre.org\/sts\/les-expositions-scientifiques\/de-la-terre-a-lunivers\/page-de-telechargement-des-dossiers-pedagogiques\/\" target=\"_blank\" rel=\"noopener noreferrer\"><span style=\"color: #000000;\"><u>(<span style=\"color: #ff0000;\">\u2192<\/span>) acc\u00e9der \u00e0 la page de t\u00e9l\u00e9chargement<\/u><\/span><\/a><\/span><\/p>\n<\/li>\n<li><span style=\"color: #000000;\"><span style=\"color: #000000;\"><span style=\"color: #000000;\"><em><strong>\u00e9l\u00e8ve <\/strong>(une fiche par atelier avec les \u00e9tapes, les informations essentielles, un questionnaire avec des espaces pour les r\u00e9ponses). <\/em><\/span><\/span><\/span><u><\/u>\n<p style=\"text-align: center;\"><span style=\"color: #000000;\"><a title=\"acc\u00e9der \u00e0 la page de t\u00e9l\u00e9chargement\" href=\"https:\/\/frmjccentre.org\/sts\/les-expositions-scientifiques\/de-la-terre-a-lunivers\/page-de-telechargement-des-dossiers-pedagogiques\/\" target=\"_blank\" rel=\"noopener noreferrer\"><span style=\"color: #000000;\"><u>(<span style=\"color: #ff0000;\">\u2192<\/span>) acc\u00e9der \u00e0 la page de t\u00e9l\u00e9chargement<\/u><\/span><\/a><\/span><\/p>\n<\/li>\n<li><span style=\"color: #000000;\"><span style=\"color: #000000;\"><span style=\"color: #000000;\"><span style=\"color: #000000;\"><strong>\u00e9l\u00e8ve version courte <\/strong><em>(dossier avec une question par atelier pour une prise de notes plus rapide).<\/em> Ces versions sont <span style=\"color: #000000;\">t\u00e9l\u00e9chargeables ci-dessous<\/span><span style=\"color: #333333;\"> :<\/span><\/span><\/span><\/span><\/span>\n<p style=\"text-align: center; padding-left: 30px;\"><span style=\"color: #000000;\"><a title=\"t\u00e9l\u00e9charger\" href=\"http:\/\/frmjccentre.org\/sts\/wp-content\/uploads\/2014\/09\/dos-el-univers-cycle-2-v2014-court.pdf\" target=\"_blank\" rel=\"noopener noreferrer\"><span style=\"color: #000000;\"><u>(<\/u><span style=\"text-decoration: underline;\"><span style=\"color: #ff0000; text-decoration: underline;\">\u2193<\/span><\/span><u>) t\u00e9l\u00e9charger<\/u><\/span><\/a> <span style=\"text-decoration: underline;\">version cycle 2<\/span> <em><span style=\"font-size: 70%;\"><span style=\"font-size: small;\">(670 Ko) <\/span><\/span><\/em><\/span><\/p>\n<p style=\"text-align: center; padding-left: 30px;\"><span style=\"color: #000000;\"><a title=\"t\u00e9l\u00e9charger\" href=\"http:\/\/frmjccentre.org\/sts\/wp-content\/uploads\/2014\/09\/dos-el-univers-v2014-court1.pdf\" target=\"_blank\" rel=\"noopener noreferrer\"><span style=\"color: #000000;\"><u>(<\/u><span style=\"text-decoration: underline;\"><span style=\"color: #ff0000; text-decoration: underline;\">\u2193<\/span><\/span><u>) t\u00e9l\u00e9charger<\/u><\/span><\/a> <span style=\"text-decoration: underline;\">version cycle 3-coll\u00e8ge<\/span> <em><span style=\"font-size: 70%;\"><span style=\"font-size: small;\">(680 Ko)<\/span><\/span><\/em><\/span><\/p>\n<\/li>\n<\/ul>\n<\/li>\n<li><strong><span style=\"color: #000000;\"><span style=\"color: #000000;\">Mise \u00e0 disposition de la maquette de l\u2019affiche et des flyers.<\/span><br \/>\n<\/span><\/strong><\/li>\n<li><span style=\"color: #000000;\"><strong>Mise \u00e0 disposition d&#8217;un mod\u00e8le de communiqu\u00e9 de presse.<\/strong><\/span><\/li>\n<\/ul>\n<p><span style=\"color: #c0c0c0;\">\u25ac\u25ac\u25ac\u25ac<span style=\"color: #c0c0c0;\">\u25ac\u25ac\u25ac\u25ac\u25ac\u25ac\u25ac<\/span><span style=\"color: #c0c0c0;\">\u25ac\u25ac\u25ac\u25ac\u25ac\u25ac\u25ac<\/span> <\/span><span style=\"line-height: 2em; font-size: 150%;\"><span style=\"color: #999999;\"> Installation &#8211; surface d&#8217;accueil<\/span><\/span><\/p>\n<h2 id=\"Installation - surface d'accueil\"><\/h2>\n<ul>\n<li>\u00a0<span style=\"color: #000000;\"><strong>Surface int\u00e9rieure <\/strong><\/span>\n<ul>\n<li><em>80 m\u00b2 au minimum, <\/em><\/li>\n<li><em>120 \u00e0 200 m\u00b2 en disposition id\u00e9ale pour l&#8217;accueil de groupes<\/em><\/li>\n<\/ul>\n<\/li>\n<\/ul>\n<ul>\n<li style=\"text-align: justify;\"><span style=\"color: #000000;\"><span style=\"color: #000000;\"><span style=\"color: #000000;\"><span style=\"color: #000000;\"><strong>Branchements \u00e9lectriques <\/strong><\/span><\/span><\/span><\/span>\n<ul>\n<li><em>2 prises<\/em> : 220 Volts<\/li>\n<\/ul>\n<\/li>\n<li style=\"text-align: justify;\"><span style=\"color: #000000;\"><strong>Equipement <\/strong><\/span>\n<ul>\n<li><em>tables <\/em>: minimum 14 tables 60 cm x 180 cm ( ou 18 tables 80 cm x 120 cm)<\/li>\n<li><em>support vertical (<\/em>bois, m\u00e9tal, ou cimaise) pour 1 panneau 75 cm x 145 cm format b\u00e2che<\/li>\n<li>support vertical m\u00e9tallique pour 1 panneau 80 cm x 100 cm<\/li>\n<li><em>support vertical pour la pr\u00e9sentation de panneaux souples <\/em>: voir le descriptif selon l&#8217;exposition retenue.<\/li>\n<\/ul>\n<\/li>\n<\/ul>\n<p style=\"text-align: right;\"><span style=\"color: #333333;\"><span style=\"color: #000000;\"><strong>&gt;&gt;&gt;\u00a0Document \u00e0 t\u00e9l\u00e9charger :<\/strong><\/span> <a href=\"http:\/\/frmjccentre.org\/sts\/wp-content\/uploads\/2016\/01\/plan-univers.pdf\" target=\"_blank\" rel=\"noopener noreferrer\">exemple d&#8217;implantation<\/a><\/span><\/p>\n<p><span style=\"color: #c0c0c0;\">\u25ac\u25ac\u25ac\u25ac\u25ac\u25ac\u25ac\u25ac\u25ac\u25ac<span style=\"color: #c0c0c0;\">\u25ac\u25ac\u25ac\u25ac\u25ac\u25ac\u25ac\u25ac\u25ac\u25ac<\/span><span style=\"color: #c0c0c0;\">\u25ac\u25ac\u25ac\u25ac\u25ac\u25ac\u25ac<\/span>\u00a0 <\/span><span style=\"line-height: 2em; font-size: 150%;\"><span style=\"color: #999999;\"> Tarifs et options<\/span><\/span><\/p>\n<h2 id=\"Tarifs et options\"><\/h2>\n<ul>\n<li style=\"text-align: justify;\"><span style=\"color: #000000;\"><strong>Tarifs :<\/strong><\/span>\n<ul>\n<li style=\"text-align: justify;\">Location avec ou sans animateur : <a title=\"ouvrir la page Tarifs\" href=\"https:\/\/frmjccentre.org\/sts\/tarifs\/\" target=\"_blank\" rel=\"noopener noreferrer\"><u><span style=\"color: #0066cc;\">ouvrir la page tarifs <\/span><\/u><\/a>.<\/li>\n<li style=\"text-align: justify;\"><span style=\"color: #000000;\"><span style=\"color: #333399;\">La location de l&#8217;exposition avec animateur est \u00e9ligible au contrat P.A.C.T. (projets artistiques et culturels de territoire) de la R\u00e9gion Centre-Val de Loire (voir les modalit\u00e9s :<\/span> <a title=\"t\u00e9l\u00e9charger le document de pr\u00e9sentation\" href=\"https:\/\/frmjccentre.org\/sts\/wp-content\/uploads\/2017\/07\/cadre-intervention-PACT-2013.pdf\"><u><span style=\"color: #0066cc;\">t\u00e9l\u00e9charger le document de pr\u00e9sentation<\/span><\/u><\/a><span style=\"color: #333399;\">)<\/span><\/span><\/li>\n<li style=\"text-align: justify;\">Devis gratuit,\u00a0nous <a title=\"ouvrir la page Contacts\" href=\"https:\/\/frmjccentre.org\/sts\/contacts\/\" target=\"_blank\" rel=\"noopener noreferrer\"><u><span style=\"color: #0066cc;\">contacter<\/span><\/u><\/a>.<\/li>\n<\/ul>\n<\/li>\n<\/ul>\n<p>&nbsp;<\/p>\n<ul>\n<li style=\"text-align: justify;\"><span style=\"color: #000000;\"><strong>Options :<\/strong><\/span>\n<ul>\n<li style=\"text-align: justify;\">Livraison sur toute la France<\/li>\n<li><span style=\"color: #000000;\"><span style=\"color: #000000;\"><span style=\"color: #000000;\"><span style=\"color: #000000;\">Montage, d\u00e9montage, installation<\/span><\/span><\/span><\/span><\/li>\n<li>formation \u00e0 l&#8217;animation<\/li>\n<\/ul>\n<\/li>\n<\/ul>\n<p>&nbsp;<\/p>\n<ul>\n<li style=\"text-align: justify;\"><span style=\"color: #000000;\"><strong>Suggestion :<\/strong><\/span>\n<ul>\n<li style=\"text-align: justify;\"><span style=\"color: #000000;\">Ajout de s\u00e9ances de plan\u00e9tarium itin\u00e9rant (voir la page :\u00a0<a title=\"voir la page : Le Cosmorium\" href=\"http:\/\/frmjccentrests.wordpress.com\/cosmorium\/\" target=\"_blank\" rel=\"noopener noreferrer\"><u><span style=\"color: #0066cc;\">Cosmorium<\/span><\/u><\/a>).<\/span><\/li>\n<\/ul>\n<\/li>\n<\/ul>\n<p><span style=\"color: #000000;\">\u00a0<\/span><\/p>\n<p><a title=\"cliquez et feuilleter\" href=\"https:\/\/www.calameo.com\/read\/0049247154b187683eaf5\" target=\"_blank\" rel=\"noopener noreferrer\"><img loading=\"lazy\" decoding=\"async\" data-attachment-id=\"5465\" data-permalink=\"https:\/\/frmjccentre.org\/sts\/catalogue-frmjc-2016\/\" data-orig-file=\"https:\/\/frmjccentre.org\/sts\/wp-content\/uploads\/2015\/12\/catalogue-frmjc-2016.jpg\" data-orig-size=\"1299,2598\" data-comments-opened=\"1\" data-image-meta=\"{&quot;aperture&quot;:&quot;0&quot;,&quot;credit&quot;:&quot;&quot;,&quot;camera&quot;:&quot;&quot;,&quot;caption&quot;:&quot;&quot;,&quot;created_timestamp&quot;:&quot;0&quot;,&quot;copyright&quot;:&quot;&quot;,&quot;focal_length&quot;:&quot;0&quot;,&quot;iso&quot;:&quot;0&quot;,&quot;shutter_speed&quot;:&quot;0&quot;,&quot;title&quot;:&quot;&quot;,&quot;orientation&quot;:&quot;0&quot;}\" data-image-title=\"catalogue frmjc 2016\" data-image-description=\"\" data-image-caption=\"\" data-large-file=\"https:\/\/frmjccentre.org\/sts\/wp-content\/uploads\/2015\/12\/catalogue-frmjc-2016-512x1024.jpg\" class=\"alignright wp-image-5465 size-thumbnail\" title=\"t\u00e9l\u00e9charger\" src=\"http:\/\/frmjccentre.org\/sts\/wp-content\/uploads\/2015\/12\/catalogue-frmjc-2016.jpg?w=75\" alt=\"\" width=\"75\" height=\"150\" srcset=\"https:\/\/frmjccentre.org\/sts\/wp-content\/uploads\/2015\/12\/catalogue-frmjc-2016.jpg 1299w, https:\/\/frmjccentre.org\/sts\/wp-content\/uploads\/2015\/12\/catalogue-frmjc-2016-150x300.jpg 150w, https:\/\/frmjccentre.org\/sts\/wp-content\/uploads\/2015\/12\/catalogue-frmjc-2016-768x1536.jpg 768w, https:\/\/frmjccentre.org\/sts\/wp-content\/uploads\/2015\/12\/catalogue-frmjc-2016-512x1024.jpg 512w\" sizes=\"auto, (max-width: 75px) 100vw, 75px\" \/><\/a><\/p>\n<h5 style=\"text-align: right;\"><span style=\"color: #000000;\">&gt;&gt;&gt; Document \u00e0 t\u00e9l\u00e9charger : <a title=\"t\u00e9l\u00e9charger le catalogue\" href=\"https:\/\/frmjccentre.org\/sts\/wp-content\/uploads\/2020\/09\/2020-09_plaquette-catalogue.pdf\" target=\"_blank\" rel=\"noopener noreferrer\"><span style=\"color: #3366ff;\">catalogue des expositions<\/span><\/a><\/span><\/h5>\n<p>&nbsp;<\/p>\n","protected":false},"excerpt":{"rendered":"<p>De la Terre \u00e0 l&#8217;Univers \u00a0 Sommaire (acc\u00e8s rapide) \u25ab Pr\u00e9sentation synth\u00e9tique \u25ab Description du mat\u00e9riel \u25ab Avantages compris dans la location \u25ab Installation &#8211; surface d&#8217;accueil \u25ab Tarifs et options &nbsp; \u25ac\u25ac\u25ac\u25ac\u25ac\u25ac\u25ac\u25ac\u25ac\u25ac\u25ac\u25ac\u25ac\u25ac\u25ac\u25ac\u25ac\u25ac\u25ac\u25ac\u25ac\u25ac Pr\u00e9sentation synth\u00e9tique L&#8217;exposition sensibilise aux liens \u00e9troits &hellip; <a href=\"https:\/\/frmjccentre.org\/sts\/la-location-des-expositions-scientifiques\/fiche-technique-location-exposition-scientifique-astronomie\/\">Continuer la lecture <span class=\"meta-nav\">&rarr;<\/span><\/a><\/p>\n","protected":false},"author":2,"featured_media":0,"parent":5404,"menu_order":6,"comment_status":"closed","ping_status":"closed","template":"","meta":{"_crdt_document":"","footnotes":""},"class_list":["post-5371","page","type-page","status-publish","hentry"],"yoast_head":"<!-- This site is optimized with the Yoast SEO plugin v27.5 - https:\/\/yoast.com\/product\/yoast-seo-wordpress\/ -->\n<title>Fiche technique de Location &gt; exposition scientifique ASTRONOMIE - FRMJC R\u00e9gion Centre - Service Sciences Techniques Soci\u00e9t\u00e9<\/title>\n<meta name=\"robots\" content=\"index, follow, max-snippet:-1, max-image-preview:large, max-video-preview:-1\" \/>\n<link rel=\"canonical\" href=\"https:\/\/frmjccentre.org\/sts\/la-location-des-expositions-scientifiques\/fiche-technique-location-exposition-scientifique-astronomie\/\" \/>\n<meta property=\"og:locale\" content=\"fr_FR\" \/>\n<meta property=\"og:type\" content=\"article\" \/>\n<meta property=\"og:title\" content=\"Fiche technique de Location &gt; exposition scientifique ASTRONOMIE - FRMJC R\u00e9gion Centre - Service Sciences Techniques Soci\u00e9t\u00e9\" \/>\n<meta property=\"og:description\" content=\"De la Terre \u00e0 l&#8217;Univers \u00a0 Sommaire (acc\u00e8s rapide) \u25ab Pr\u00e9sentation synth\u00e9tique \u25ab Description du mat\u00e9riel \u25ab Avantages compris dans la location \u25ab Installation &#8211; surface d&#8217;accueil \u25ab Tarifs et options &nbsp; \u25ac\u25ac\u25ac\u25ac\u25ac\u25ac\u25ac\u25ac\u25ac\u25ac\u25ac\u25ac\u25ac\u25ac\u25ac\u25ac\u25ac\u25ac\u25ac\u25ac\u25ac\u25ac Pr\u00e9sentation synth\u00e9tique L&#8217;exposition sensibilise aux liens \u00e9troits &hellip; Continuer la lecture &rarr;\" \/>\n<meta property=\"og:url\" content=\"https:\/\/frmjccentre.org\/sts\/la-location-des-expositions-scientifiques\/fiche-technique-location-exposition-scientifique-astronomie\/\" \/>\n<meta property=\"og:site_name\" content=\"FRMJC R\u00e9gion Centre - Service Sciences Techniques Soci\u00e9t\u00e9\" \/>\n<meta property=\"article:publisher\" content=\"https:\/\/www.facebook.com\/Frmjccentrests\/\" \/>\n<meta property=\"article:modified_time\" content=\"2020-09-16T12:40:12+00:00\" \/>\n<meta property=\"og:image\" content=\"https:\/\/frmjccentre.org\/sts\/wp-content\/uploads\/2012\/05\/af-univ-ouv-we.jpg?w=106\" \/>\n<meta name=\"twitter:card\" content=\"summary_large_image\" \/>\n<meta name=\"twitter:site\" content=\"@FRMJCSTS\" \/>\n<meta name=\"twitter:label1\" content=\"Dur\u00e9e de lecture estim\u00e9e\" \/>\n\t<meta name=\"twitter:data1\" content=\"3 minutes\" \/>\n<script type=\"application\/ld+json\" class=\"yoast-schema-graph\">{\"@context\":\"https:\\\/\\\/schema.org\",\"@graph\":[{\"@type\":\"WebPage\",\"@id\":\"https:\\\/\\\/frmjccentre.org\\\/sts\\\/la-location-des-expositions-scientifiques\\\/fiche-technique-location-exposition-scientifique-astronomie\\\/\",\"url\":\"https:\\\/\\\/frmjccentre.org\\\/sts\\\/la-location-des-expositions-scientifiques\\\/fiche-technique-location-exposition-scientifique-astronomie\\\/\",\"name\":\"Fiche technique de Location > exposition scientifique ASTRONOMIE - FRMJC R\u00e9gion Centre - Service Sciences Techniques Soci\u00e9t\u00e9\",\"isPartOf\":{\"@id\":\"https:\\\/\\\/frmjccentre.org\\\/sts\\\/#website\"},\"primaryImageOfPage\":{\"@id\":\"https:\\\/\\\/frmjccentre.org\\\/sts\\\/la-location-des-expositions-scientifiques\\\/fiche-technique-location-exposition-scientifique-astronomie\\\/#primaryimage\"},\"image\":{\"@id\":\"https:\\\/\\\/frmjccentre.org\\\/sts\\\/la-location-des-expositions-scientifiques\\\/fiche-technique-location-exposition-scientifique-astronomie\\\/#primaryimage\"},\"thumbnailUrl\":\"https:\\\/\\\/frmjccentre.org\\\/sts\\\/wp-content\\\/uploads\\\/2012\\\/05\\\/af-univ-ouv-we.jpg?w=106\",\"datePublished\":\"2020-09-16T07:48:44+00:00\",\"dateModified\":\"2020-09-16T12:40:12+00:00\",\"breadcrumb\":{\"@id\":\"https:\\\/\\\/frmjccentre.org\\\/sts\\\/la-location-des-expositions-scientifiques\\\/fiche-technique-location-exposition-scientifique-astronomie\\\/#breadcrumb\"},\"inLanguage\":\"fr-FR\",\"potentialAction\":[{\"@type\":\"ReadAction\",\"target\":[\"https:\\\/\\\/frmjccentre.org\\\/sts\\\/la-location-des-expositions-scientifiques\\\/fiche-technique-location-exposition-scientifique-astronomie\\\/\"]}]},{\"@type\":\"ImageObject\",\"inLanguage\":\"fr-FR\",\"@id\":\"https:\\\/\\\/frmjccentre.org\\\/sts\\\/la-location-des-expositions-scientifiques\\\/fiche-technique-location-exposition-scientifique-astronomie\\\/#primaryimage\",\"url\":\"https:\\\/\\\/frmjccentre.org\\\/sts\\\/wp-content\\\/uploads\\\/2012\\\/05\\\/af-univ-ouv-we.jpg?w=106\",\"contentUrl\":\"https:\\\/\\\/frmjccentre.org\\\/sts\\\/wp-content\\\/uploads\\\/2012\\\/05\\\/af-univ-ouv-we.jpg?w=106\"},{\"@type\":\"BreadcrumbList\",\"@id\":\"https:\\\/\\\/frmjccentre.org\\\/sts\\\/la-location-des-expositions-scientifiques\\\/fiche-technique-location-exposition-scientifique-astronomie\\\/#breadcrumb\",\"itemListElement\":[{\"@type\":\"ListItem\",\"position\":1,\"name\":\"Accueil\",\"item\":\"https:\\\/\\\/frmjccentre.org\\\/sts\\\/\"},{\"@type\":\"ListItem\",\"position\":2,\"name\":\"La location des expositions scientifiques interactives\",\"item\":\"https:\\\/\\\/frmjccentre.org\\\/sts\\\/la-location-des-expositions-scientifiques\\\/\"},{\"@type\":\"ListItem\",\"position\":3,\"name\":\"Fiche technique de Location > exposition scientifique ASTRONOMIE\"}]},{\"@type\":\"WebSite\",\"@id\":\"https:\\\/\\\/frmjccentre.org\\\/sts\\\/#website\",\"url\":\"https:\\\/\\\/frmjccentre.org\\\/sts\\\/\",\"name\":\"FRMJC R\u00e9gion Centre - Service Sciences Techniques Soci\u00e9t\u00e9\",\"description\":\"Une \u00e9quipe de professionnels de la m\u00e9diation.\",\"publisher\":{\"@id\":\"https:\\\/\\\/frmjccentre.org\\\/sts\\\/#organization\"},\"potentialAction\":[{\"@type\":\"SearchAction\",\"target\":{\"@type\":\"EntryPoint\",\"urlTemplate\":\"https:\\\/\\\/frmjccentre.org\\\/sts\\\/?s={search_term_string}\"},\"query-input\":{\"@type\":\"PropertyValueSpecification\",\"valueRequired\":true,\"valueName\":\"search_term_string\"}}],\"inLanguage\":\"fr-FR\"},{\"@type\":\"Organization\",\"@id\":\"https:\\\/\\\/frmjccentre.org\\\/sts\\\/#organization\",\"name\":\"FRMJC CENTRE\",\"url\":\"https:\\\/\\\/frmjccentre.org\\\/sts\\\/\",\"logo\":{\"@type\":\"ImageObject\",\"inLanguage\":\"fr-FR\",\"@id\":\"https:\\\/\\\/frmjccentre.org\\\/sts\\\/#\\\/schema\\\/logo\\\/image\\\/\",\"url\":\"https:\\\/\\\/frmjccentre.org\\\/sts\\\/wp-content\\\/uploads\\\/2017\\\/06\\\/logo-Frmjc-Centre-GIF-300ppp.gif\",\"contentUrl\":\"https:\\\/\\\/frmjccentre.org\\\/sts\\\/wp-content\\\/uploads\\\/2017\\\/06\\\/logo-Frmjc-Centre-GIF-300ppp.gif\",\"width\":3508,\"height\":2480,\"caption\":\"FRMJC CENTRE\"},\"image\":{\"@id\":\"https:\\\/\\\/frmjccentre.org\\\/sts\\\/#\\\/schema\\\/logo\\\/image\\\/\"},\"sameAs\":[\"https:\\\/\\\/www.facebook.com\\\/Frmjccentrests\\\/\",\"https:\\\/\\\/x.com\\\/FRMJCSTS\"]}]}<\/script>\n<!-- \/ Yoast SEO plugin. -->","yoast_head_json":{"title":"Fiche technique de Location > exposition scientifique ASTRONOMIE - FRMJC R\u00e9gion Centre - Service Sciences Techniques Soci\u00e9t\u00e9","robots":{"index":"index","follow":"follow","max-snippet":"max-snippet:-1","max-image-preview":"max-image-preview:large","max-video-preview":"max-video-preview:-1"},"canonical":"https:\/\/frmjccentre.org\/sts\/la-location-des-expositions-scientifiques\/fiche-technique-location-exposition-scientifique-astronomie\/","og_locale":"fr_FR","og_type":"article","og_title":"Fiche technique de Location > exposition scientifique ASTRONOMIE - FRMJC R\u00e9gion Centre - Service Sciences Techniques Soci\u00e9t\u00e9","og_description":"De la Terre \u00e0 l&#8217;Univers \u00a0 Sommaire (acc\u00e8s rapide) \u25ab Pr\u00e9sentation synth\u00e9tique \u25ab Description du mat\u00e9riel \u25ab Avantages compris dans la location \u25ab Installation &#8211; surface d&#8217;accueil \u25ab Tarifs et options &nbsp; \u25ac\u25ac\u25ac\u25ac\u25ac\u25ac\u25ac\u25ac\u25ac\u25ac\u25ac\u25ac\u25ac\u25ac\u25ac\u25ac\u25ac\u25ac\u25ac\u25ac\u25ac\u25ac Pr\u00e9sentation synth\u00e9tique L&#8217;exposition sensibilise aux liens \u00e9troits &hellip; Continuer la lecture &rarr;","og_url":"https:\/\/frmjccentre.org\/sts\/la-location-des-expositions-scientifiques\/fiche-technique-location-exposition-scientifique-astronomie\/","og_site_name":"FRMJC R\u00e9gion Centre - Service Sciences Techniques Soci\u00e9t\u00e9","article_publisher":"https:\/\/www.facebook.com\/Frmjccentrests\/","article_modified_time":"2020-09-16T12:40:12+00:00","og_image":[{"url":"https:\/\/frmjccentre.org\/sts\/wp-content\/uploads\/2012\/05\/af-univ-ouv-we.jpg?w=106","type":"","width":"","height":""}],"twitter_card":"summary_large_image","twitter_site":"@FRMJCSTS","twitter_misc":{"Dur\u00e9e de lecture estim\u00e9e":"3 minutes"},"schema":{"@context":"https:\/\/schema.org","@graph":[{"@type":"WebPage","@id":"https:\/\/frmjccentre.org\/sts\/la-location-des-expositions-scientifiques\/fiche-technique-location-exposition-scientifique-astronomie\/","url":"https:\/\/frmjccentre.org\/sts\/la-location-des-expositions-scientifiques\/fiche-technique-location-exposition-scientifique-astronomie\/","name":"Fiche technique de Location > exposition scientifique ASTRONOMIE - FRMJC R\u00e9gion Centre - Service Sciences Techniques Soci\u00e9t\u00e9","isPartOf":{"@id":"https:\/\/frmjccentre.org\/sts\/#website"},"primaryImageOfPage":{"@id":"https:\/\/frmjccentre.org\/sts\/la-location-des-expositions-scientifiques\/fiche-technique-location-exposition-scientifique-astronomie\/#primaryimage"},"image":{"@id":"https:\/\/frmjccentre.org\/sts\/la-location-des-expositions-scientifiques\/fiche-technique-location-exposition-scientifique-astronomie\/#primaryimage"},"thumbnailUrl":"https:\/\/frmjccentre.org\/sts\/wp-content\/uploads\/2012\/05\/af-univ-ouv-we.jpg?w=106","datePublished":"2020-09-16T07:48:44+00:00","dateModified":"2020-09-16T12:40:12+00:00","breadcrumb":{"@id":"https:\/\/frmjccentre.org\/sts\/la-location-des-expositions-scientifiques\/fiche-technique-location-exposition-scientifique-astronomie\/#breadcrumb"},"inLanguage":"fr-FR","potentialAction":[{"@type":"ReadAction","target":["https:\/\/frmjccentre.org\/sts\/la-location-des-expositions-scientifiques\/fiche-technique-location-exposition-scientifique-astronomie\/"]}]},{"@type":"ImageObject","inLanguage":"fr-FR","@id":"https:\/\/frmjccentre.org\/sts\/la-location-des-expositions-scientifiques\/fiche-technique-location-exposition-scientifique-astronomie\/#primaryimage","url":"https:\/\/frmjccentre.org\/sts\/wp-content\/uploads\/2012\/05\/af-univ-ouv-we.jpg?w=106","contentUrl":"https:\/\/frmjccentre.org\/sts\/wp-content\/uploads\/2012\/05\/af-univ-ouv-we.jpg?w=106"},{"@type":"BreadcrumbList","@id":"https:\/\/frmjccentre.org\/sts\/la-location-des-expositions-scientifiques\/fiche-technique-location-exposition-scientifique-astronomie\/#breadcrumb","itemListElement":[{"@type":"ListItem","position":1,"name":"Accueil","item":"https:\/\/frmjccentre.org\/sts\/"},{"@type":"ListItem","position":2,"name":"La location des expositions scientifiques interactives","item":"https:\/\/frmjccentre.org\/sts\/la-location-des-expositions-scientifiques\/"},{"@type":"ListItem","position":3,"name":"Fiche technique de Location > exposition scientifique ASTRONOMIE"}]},{"@type":"WebSite","@id":"https:\/\/frmjccentre.org\/sts\/#website","url":"https:\/\/frmjccentre.org\/sts\/","name":"FRMJC R\u00e9gion Centre - Service Sciences Techniques Soci\u00e9t\u00e9","description":"Une \u00e9quipe de professionnels de la m\u00e9diation.","publisher":{"@id":"https:\/\/frmjccentre.org\/sts\/#organization"},"potentialAction":[{"@type":"SearchAction","target":{"@type":"EntryPoint","urlTemplate":"https:\/\/frmjccentre.org\/sts\/?s={search_term_string}"},"query-input":{"@type":"PropertyValueSpecification","valueRequired":true,"valueName":"search_term_string"}}],"inLanguage":"fr-FR"},{"@type":"Organization","@id":"https:\/\/frmjccentre.org\/sts\/#organization","name":"FRMJC CENTRE","url":"https:\/\/frmjccentre.org\/sts\/","logo":{"@type":"ImageObject","inLanguage":"fr-FR","@id":"https:\/\/frmjccentre.org\/sts\/#\/schema\/logo\/image\/","url":"https:\/\/frmjccentre.org\/sts\/wp-content\/uploads\/2017\/06\/logo-Frmjc-Centre-GIF-300ppp.gif","contentUrl":"https:\/\/frmjccentre.org\/sts\/wp-content\/uploads\/2017\/06\/logo-Frmjc-Centre-GIF-300ppp.gif","width":3508,"height":2480,"caption":"FRMJC CENTRE"},"image":{"@id":"https:\/\/frmjccentre.org\/sts\/#\/schema\/logo\/image\/"},"sameAs":["https:\/\/www.facebook.com\/Frmjccentrests\/","https:\/\/x.com\/FRMJCSTS"]}]}},"jetpack_sharing_enabled":true,"jetpack_shortlink":"https:\/\/wp.me\/PgjY92-1oD","jetpack-related-posts":[],"_links":{"self":[{"href":"https:\/\/frmjccentre.org\/sts\/wp-json\/wp\/v2\/pages\/5371","targetHints":{"allow":["GET"]}}],"collection":[{"href":"https:\/\/frmjccentre.org\/sts\/wp-json\/wp\/v2\/pages"}],"about":[{"href":"https:\/\/frmjccentre.org\/sts\/wp-json\/wp\/v2\/types\/page"}],"author":[{"embeddable":true,"href":"https:\/\/frmjccentre.org\/sts\/wp-json\/wp\/v2\/users\/2"}],"replies":[{"embeddable":true,"href":"https:\/\/frmjccentre.org\/sts\/wp-json\/wp\/v2\/comments?post=5371"}],"version-history":[{"count":6,"href":"https:\/\/frmjccentre.org\/sts\/wp-json\/wp\/v2\/pages\/5371\/revisions"}],"predecessor-version":[{"id":8095,"href":"https:\/\/frmjccentre.org\/sts\/wp-json\/wp\/v2\/pages\/5371\/revisions\/8095"}],"up":[{"embeddable":true,"href":"https:\/\/frmjccentre.org\/sts\/wp-json\/wp\/v2\/pages\/5404"}],"wp:attachment":[{"href":"https:\/\/frmjccentre.org\/sts\/wp-json\/wp\/v2\/media?parent=5371"}],"curies":[{"name":"wp","href":"https:\/\/api.w.org\/{rel}","templated":true}]}}