{"id":5484,"date":"2018-09-16T09:34:23","date_gmt":"2018-09-16T07:34:23","guid":{"rendered":"https:\/\/frmjccentrests.wordpress.com\/?page_id=5484"},"modified":"2020-09-16T14:30:00","modified_gmt":"2020-09-16T12:30:00","slug":"fiche-technique-de-location-exposition-scientifique-mecanique","status":"publish","type":"page","link":"https:\/\/frmjccentre.org\/sts\/la-location-des-expositions-scientifiques\/fiche-technique-de-location-exposition-scientifique-mecanique\/","title":{"rendered":"Fiche technique de Location > exposition scientifique MECANIQUE"},"content":{"rendered":"<p><a href=\"https:\/\/frmjccentre.org\/sts\/wp-content\/uploads\/2012\/08\/maquette_affiche_mecanique.jpg\" data-src=\"https:\/\/frmjccentre.org\/sts\/wp-content\/uploads\/2012\/08\/maquette_affiche_mecanique.jpg\" data-thumb=\"https:\/\/frmjccentre.org\/sts\/wp-content\/uploads\/2020\/07\/Affiche-mouvement-2020-web.jpg?w=106\" class=\"ml-lightbox-enabled\"><img loading=\"lazy\" decoding=\"async\" data-attachment-id=\"2258\" data-permalink=\"https:\/\/frmjccentre.org\/sts\/maquette_affiche_mecanique\/\" data-orig-file=\"https:\/\/frmjccentre.org\/sts\/wp-content\/uploads\/2012\/08\/maquette_affiche_mecanique.jpg\" data-orig-size=\"3508,4961\" data-comments-opened=\"0\" data-image-meta=\"{&quot;aperture&quot;:&quot;0&quot;,&quot;credit&quot;:&quot;&quot;,&quot;camera&quot;:&quot;&quot;,&quot;caption&quot;:&quot;&quot;,&quot;created_timestamp&quot;:&quot;0&quot;,&quot;copyright&quot;:&quot;&quot;,&quot;focal_length&quot;:&quot;0&quot;,&quot;iso&quot;:&quot;0&quot;,&quot;shutter_speed&quot;:&quot;0&quot;,&quot;title&quot;:&quot;&quot;,&quot;orientation&quot;:&quot;0&quot;}\" data-image-title=\"maquette_affiche_mecanique\" data-image-description=\"&lt;p&gt;Exposition scientifique itin\u00e9rante sur le th\u00e8me de la m\u00e9canique et des mouvements&lt;\/p&gt;\n\" data-image-caption=\"&lt;p&gt;Maquette de l&amp;#8217;affiche Tout en mouvement&lt;\/p&gt;\n\" data-large-file=\"https:\/\/frmjccentre.org\/sts\/wp-content\/uploads\/2012\/08\/maquette_affiche_mecanique-724x1024.jpg\" class=\"wp-image-2258 size-thumbnail aligncenter\" src=\"https:\/\/frmjccentre.org\/sts\/wp-content\/uploads\/2020\/07\/Affiche-mouvement-2020-web.jpg?w=106\" alt=\"\" width=\"106\" height=\"150\" \/><\/a><\/p>\n<h1 style=\"text-align: center;\">Tout en Mouvement<\/h1>\n<table>\n<tbody>\n<tr>\n<td><span style=\"color: #333333;\"><strong>Sommaire <\/strong>(acc\u00e8s rapide)<\/span><\/td>\n<\/tr>\n<tr>\n<td><a href=\"#Pr\u00e9sentation synth\u00e9tique\">\u25ab Pr\u00e9sentation synth\u00e9tique<\/a><br \/>\n<a href=\"#Description du mat\u00e9riel\">\u25ab Description du mat\u00e9riel<\/a><br \/>\n<a href=\"#Avantages compris dans la location\">\u25ab Avantages compris dans la location<\/a><br \/>\n<a href=\"#Installation - surface d'accueil\">\u25ab Installation &#8211; surface d&#8217;accueil<\/a><br \/>\n<a href=\"#Tarifs et options\">\u25ab Tarifs et options<\/a><\/td>\n<\/tr>\n<\/tbody>\n<\/table>\n<p>&nbsp;<\/p>\n<p><span style=\"color: #c0c0c0;\">\u25ac\u25ac\u25ac\u25ac\u25ac\u25ac\u25ac\u25ac<span style=\"color: #c0c0c0;\">\u25ac\u25ac\u25ac\u25ac\u25ac\u25ac\u25ac<\/span><span style=\"color: #c0c0c0;\">\u25ac\u25ac\u25ac\u25ac\u25ac\u25ac\u25ac<\/span> <\/span><span style=\"line-height: 2em; font-size: 150%;\"><span style=\"color: #999999;\"> Pr\u00e9sentation synth\u00e9tique<\/span><\/span><\/p>\n<p id=\"Pr\u00e9sentation synth\u00e9tique\"><span style=\"color: #000000;\">L&#8217;exposition nous invite \u00e0 nous int\u00e9resser aux <strong>syst\u00e8mes simples<\/strong> et aux <strong>m\u00e9canismes<\/strong> mis en \u0153uvre dans bien des machines de la vie quotidienne (la brouette, la paire de ciseaux\u2026)<\/span><\/p>\n<p><span style=\"color: #000000;\">Nous mettons \u00e0 votre disposition 19 ateliers interactifs et\u00a014 panneaux. <\/span><span style=\"color: #000000;\">\u00a0<\/span><\/p>\n<h4><span style=\"color: #000000;\">Cette exposition est adapt\u00e9e \u00e0 <strong>tout<\/strong> <strong>public<\/strong> (utilisation conseill\u00e9e dans le cadre scolaire depuis la fin de la <\/span><span style=\"color: #000000;\">Grande Section jusqu&#8217;au classes de 3\u00e8me en\u00a0coll\u00e8ge).<\/span><\/h4>\n<p>&nbsp;<\/p>\n<p style=\"text-align: right;\"><span style=\"color: #000000;\"><span style=\"color: #333333;\"><span style=\"color: #000000;\"><strong>&gt;&gt;&gt; Descriptif complet : <\/strong><a title=\"ouvrir la page\" href=\"https:\/\/frmjccentre.org\/sts\/les-expositions-scientifiques\/tout-en-mouvement\/\" target=\"_blank\" rel=\"noopener noreferrer\"><u><span style=\"color: #0066cc;\">Tout en mouvement<\/span><\/u><\/a><\/span><\/span><\/span><\/p>\n<p style=\"text-align: right;\"><span style=\"color: #333333;\"><span style=\"color: #000000;\"><strong>&gt;&gt;&gt; Document \u00e0 t\u00e9l\u00e9charger : <\/strong><a title=\"t\u00e9l\u00e9charger la fiche de pr\u00e9sentation des ateliers\" href=\"https:\/\/frmjccentre.org\/sts\/wp-content\/uploads\/2017\/07\/F-tech-M\u00e9ca.pdf\" target=\"_blank\" rel=\"noopener noreferrer\"><u><span style=\"color: #0066cc;\">Pr\u00e9sentation des ateliers<\/span><\/u><\/a><\/span><\/span><\/p>\n<p style=\"text-align: left;\"><span style=\"color: #0000ff;\"><br \/>\n<span style=\"color: #c0c0c0;\">\u25ac\u25ac<span style=\"color: #c0c0c0;\">\u25ac\u25ac\u25ac\u25ac\u25ac\u25ac\u25ac<\/span><span style=\"color: #c0c0c0;\">\u25ac\u25ac\u25ac\u25ac\u25ac\u25ac\u25ac<\/span><span style=\"color: #c0c0c0;\">\u25ac\u25ac\u25ac\u25ac\u25ac\u25ac<\/span> <\/span><span style=\"line-height: 2em; font-size: 150%;\"><span style=\"color: #999999;\"> Description du mat\u00e9riel<\/span> <\/span><\/span><\/p>\n<h2 id=\"description du mat\u00e9riel\"><\/h2>\n<ul>\n<li><span style=\"color: #333333;\"><strong><span style=\"color: #000000;\"><span style=\"color: #333333;\">M<\/span>at\u00e9riel conditionn\u00e9 en bacs et coffres de rangement :<\/span><\/strong><\/span>\n<ul>\n<li><em>2 coffres de rangement 80 l <\/em>: maquette pesanteur, maquette et soufflerie force venturi, maquette inertie, maquette collisions, maquette frottements, alt\u00e8res, corde<\/li>\n<li><em>coffre\u00a0de rangement 185 l <\/em>: ludion, tamis, maquette moulin L\u00e9onard de Vinci, maquette roue \u00e0 aube, maquette portance,\u00a0maquette pivots<\/li>\n<li>bac 15 l : boites de rangements mat\u00e9riel construction \u00e9quilibres et engrenages<\/li>\n<li>4 boites cartonn\u00e9es (10 cm x 30 cm x 100 cm) : panneaux<\/li>\n<\/ul>\n<\/li>\n<li style=\"text-align: justify;\"><strong><strong><span style=\"color: #000000;\"><span style=\"color: #000000;\"><span style=\"color: #000000;\"><span style=\"color: #000000;\"><strong>Plateaux de manipulations :<\/strong><\/span><\/span><\/span><\/span><\/strong><\/strong>\n<ul>\n<li><em>plateau bois peint de\u00a00,50 m\u00b2<\/em><\/li>\n<\/ul>\n<\/li>\n<li><strong><span style=\"color: #000000;\"><strong>Autre : <\/strong><\/span><\/strong><span style=\"color: #000000;\"><span style=\"color: #333333;\">plan inclin\u00e9 (41 cm x 105 cm x 33 cm) ; \u00e9olienne sur pied (socle lest\u00e9 : 25 cm x 25 cm x 100 cm) ; maquette de transmission \u00e0 chaine (60 cm\u00a0x 35 cm x 25 cm)<\/span><\/span><\/li>\n<\/ul>\n<p style=\"text-align: right;\"><span style=\"color: #333333;\"><span style=\"color: #000000;\"><strong>&gt;&gt;&gt; Volume de transport :<\/strong><\/span> 5 \u00e0 8 m\u00b3<\/span><\/p>\n<p style=\"text-align: left;\"><span style=\"color: #0000ff;\"><br \/>\n<span style=\"color: #c0c0c0;\">\u25ac<span style=\"color: #c0c0c0;\">\u25ac\u25ac\u25ac\u25ac\u25ac\u25ac\u25ac<\/span><span style=\"color: #c0c0c0;\">\u25ac\u25ac\u25ac\u25ac\u25ac\u25ac\u25ac<\/span> <\/span><span style=\"line-height: 2em; font-size: 150%;\"><span style=\"color: #999999;\">Avantages compris dans la location<\/span> <\/span><\/span><\/p>\n<h2 id=\"Avantages compris dans la location\"><\/h2>\n<ul>\n<li><span style=\"color: #333333;\"><strong><span style=\"color: #000000;\">\u00c9tat des lieux aller-retour<\/span><\/strong><\/span><\/li>\n<li style=\"text-align: justify;\"><span style=\"color: #000000;\"><strong>Mise \u00e0 disposition du code de t\u00e9l\u00e9chargement du dossier p\u00e9dagogique :<\/strong><\/span>\n<ul>\n<li style=\"text-align: justify;\"><span style=\"color: #000000;\"><em><strong>enseignant <\/strong>(une fiche descriptive par atelier avec le mat\u00e9riel, les objectifs, des informations et les r\u00e9ponses au questionnaire du dossier \u00e9l\u00e8ve).\u00a0<\/em><\/span>\n<p style=\"text-align: center;\">\u00a0<span style=\"color: #000000;\"><a title=\"acc\u00e9der \u00e0 la page de t\u00e9l\u00e9chargement\" href=\"https:\/\/frmjccentre.org\/sts\/les-expositions-scientifiques\/tout-en-mouvement\/page-de-telechargement-des-dossiers-pedagogiques\/\" target=\"_blank\" rel=\"noopener noreferrer\"><span style=\"color: #000000;\"><u>(<span style=\"color: #ff0000;\">\u2192<\/span>) acc\u00e9der \u00e0 la page de t\u00e9l\u00e9chargement<\/u><\/span><\/a><\/span><\/p>\n<\/li>\n<li><span style=\"color: #000000;\"><span style=\"color: #000000;\"><span style=\"color: #000000;\"><em><strong>\u00e9l\u00e8ve <\/strong>(une fiche par atelier avec les \u00e9tapes, les informations essentielles, un questionnaire avec des espaces pour les r\u00e9ponses).\u00a0<\/em><\/span><\/span><\/span>\n<p style=\"text-align: center;\">\u00a0<span style=\"color: #000000;\"><a title=\"acc\u00e9der \u00e0 la page de t\u00e9l\u00e9chargement\" href=\"https:\/\/frmjccentre.org\/sts\/les-expositions-scientifiques\/tout-en-mouvement\/page-de-telechargement-des-dossiers-pedagogiques\/\" target=\"_blank\" rel=\"noopener noreferrer\"><span style=\"color: #000000;\"><u>(<span style=\"color: #ff0000;\">\u2192<\/span>) acc\u00e9der \u00e0 la page de t\u00e9l\u00e9chargement<\/u><\/span><\/a><\/span><\/p>\n<\/li>\n<li><span style=\"color: #000000;\"><span style=\"color: #000000;\"><span style=\"color: #000000;\"><span style=\"color: #000000;\"><span style=\"color: #000000;\"><strong>\u00e9l\u00e8ve version courte <\/strong><em>(dossier avec une question par atelier pour une prise de notes plus rapide).<\/em> Ces versions sont <span style=\"color: #000000;\">t\u00e9l\u00e9chargeables ci-dessous<\/span><span style=\"color: #333333;\"> :<\/span><\/span><\/span><\/span><\/span><\/span>\n<p style=\"padding-left: 30px; text-align: center;\"><span style=\"color: #000000;\"><a title=\"feuilleter\" href=\"https:\/\/www.calameo.com\/read\/004924715d1600af622f9\" target=\"_blank\" rel=\"noopener noreferrer\"><span style=\"color: #000000;\">(<span style=\"text-decoration: underline; color: #ff0000;\">\u2261<\/span>) visualiser<\/span><\/a><\/span><br \/>\n<a title=\"t\u00e9l\u00e9charger\" href=\"https:\/\/frmjccentre.org\/sts\/wp-content\/uploads\/2020\/09\/Dos-El-Tout-en-mouvement-4xA4-court.pdf\" target=\"_blank\" rel=\"noopener noreferrer\"><span style=\"color: #000000;\">(<\/span><span style=\"color: #000000;\"><span style=\"color: #000000;\"><span style=\"text-decoration: underline;\"><span style=\"color: #ff0000; text-decoration: underline;\">\u2193<\/span><\/span>) <\/span><\/span><span style=\"color: #000000;\">t\u00e9l\u00e9charger<\/span><\/a><span style=\"text-decoration: underline;\"><span style=\"color: #000000;\"><span style=\"color: #000000; text-decoration: underline;\"> Version 4 pages A4 Portrait<\/span><\/span><\/span><br \/>\n<a title=\"t\u00e9l\u00e9charger\" href=\"https:\/\/frmjccentre.org\/sts\/wp-content\/uploads\/2020\/09\/Dos-El-Tout-en-mouvement-2xA4-court.pdf\" target=\"_blank\" rel=\"noopener noreferrer\"><span style=\"color: #000000;\">(<\/span><span style=\"color: #000000;\"><span style=\"color: #000000;\"><span style=\"text-decoration: underline;\"><span style=\"color: #ff0000; text-decoration: underline;\">\u2193<\/span><\/span>)<\/span><\/span><span style=\"color: #000000;\"> t\u00e9l\u00e9charger <\/span><\/a><span style=\"text-decoration: underline;\"><span style=\"color: #000000;\"><span style=\"color: #000000; text-decoration: underline;\">Version 2 pages A4 Paysage<\/span><\/span><\/span><\/p>\n<p style=\"text-align: center; padding-left: 30px;\">\n<\/li>\n<\/ul>\n<\/li>\n<li><strong><span style=\"color: #000000;\"><span style=\"color: #000000;\">Mise \u00e0 disposition de la maquette de l\u2019affiche et des flyers.<\/span><br \/>\n<\/span><\/strong><\/li>\n<li><span style=\"color: #000000;\"><strong>Mise \u00e0 disposition d&#8217;un mod\u00e8le de communiqu\u00e9 de presse.<\/strong><\/span><\/li>\n<\/ul>\n<p><span style=\"color: #c0c0c0;\">\u25ac\u25ac\u25ac\u25ac<span style=\"color: #c0c0c0;\">\u25ac\u25ac\u25ac\u25ac\u25ac\u25ac\u25ac<\/span><span style=\"color: #c0c0c0;\">\u25ac\u25ac\u25ac\u25ac\u25ac\u25ac\u25ac<\/span> <\/span><span style=\"line-height: 2em; font-size: 150%;\"><span style=\"color: #999999;\"> Installation &#8211; surface d&#8217;accueil<\/span><\/span><\/p>\n<h2 id=\"Installation - surface d'accueil\"><\/h2>\n<ul>\n<li><span style=\"color: #000000;\"><strong>Surface int\u00e9rieure <\/strong><\/span>\n<ul>\n<li><em>80 m\u00b2 au minimum, <\/em><\/li>\n<li><em>120 \u00e0 200 m\u00b2 en disposition id\u00e9ale pour l&#8217;accueil de groupes<\/em><\/li>\n<\/ul>\n<\/li>\n<\/ul>\n<ul>\n<li style=\"text-align: justify;\"><span style=\"color: #000000;\"><span style=\"color: #000000;\"><span style=\"color: #000000;\"><span style=\"color: #000000;\"><strong>Branchements \u00e9lectriques <\/strong><\/span><\/span><\/span><\/span>\n<ul>\n<li><em>2 prises<\/em> : 220 Volts<\/li>\n<\/ul>\n<\/li>\n<li style=\"text-align: justify;\"><span style=\"color: #000000;\"><strong>Equipement <\/strong><\/span>\n<ul>\n<li><em>tables <\/em>: minimum 16 tables 60 cm x 180 cm ( ou 16 tables 80 cm x 120 cm)<\/li>\n<li>support vertical m\u00e9tallique pour maquette pesanteur<\/li>\n<li><em>supports verticaux pour la pr\u00e9sentation de 14 panneaux souples<\/em>.<\/li>\n<\/ul>\n<\/li>\n<\/ul>\n<p style=\"text-align: right;\"><span style=\"color: #333333;\"><span style=\"color: #000000;\"><strong>&gt;&gt;&gt; Document \u00e0 t\u00e9l\u00e9charger :<\/strong><\/span> <a href=\"http:\/\/frmjccentre.org\/sts\/wp-content\/uploads\/2016\/01\/plan-tout-en-mouvement.pdf\" target=\"_blank\" rel=\"noopener noreferrer\">exemple d&#8217;implantation<\/a><\/span><\/p>\n<p><span style=\"color: #c0c0c0;\">\u25ac\u25ac\u25ac\u25ac\u25ac\u25ac\u25ac\u25ac\u25ac\u25ac<span style=\"color: #c0c0c0;\">\u25ac\u25ac\u25ac\u25ac\u25ac\u25ac\u25ac\u25ac\u25ac\u25ac<\/span><span style=\"color: #c0c0c0;\">\u25ac\u25ac\u25ac\u25ac\u25ac\u25ac\u25ac<\/span> <\/span><span style=\"line-height: 2em; font-size: 150%;\"><span style=\"color: #999999;\"> Tarifs et options<\/span><\/span><\/p>\n<h2 id=\"Tarifs et options\"><\/h2>\n<ul>\n<li style=\"text-align: justify;\"><span style=\"color: #000000;\"><strong>Tarifs :<\/strong><\/span>\n<ul>\n<li style=\"text-align: justify;\">Location avec ou sans animateur : <a title=\"ouvrir la page Tarifs\" href=\"https:\/\/frmjccentre.org\/sts\/tarifs\/\" target=\"_blank\" rel=\"noopener noreferrer\"><u><span style=\"color: #0066cc;\">ouvrir la page tarifs <\/span><\/u><\/a>.<\/li>\n<li style=\"text-align: justify;\"><span style=\"color: #000000;\"><span style=\"color: #333399;\">La location de l&#8217;exposition avec animateur est \u00e9ligible au contrat P.A.C.T. (projets artistiques et culturels de territoire) de la R\u00e9gion Centre-Val de Loire (voir les modalit\u00e9s :<\/span> <a title=\"t\u00e9l\u00e9charger le document de pr\u00e9sentation\" href=\"https:\/\/frmjccentre.org\/sts\/wp-content\/uploads\/2017\/07\/cadre-intervention-PACT-2013.pdf\"><u><span style=\"color: #0066cc;\">t\u00e9l\u00e9charger le document de pr\u00e9sentation<\/span><\/u><\/a><span style=\"color: #333399;\">)<\/span><\/span><\/li>\n<li style=\"text-align: justify;\">Devis gratuit, nous <a title=\"ouvrir la page Contacts\" href=\"https:\/\/frmjccentre.org\/sts\/contacts\/\" target=\"_blank\" rel=\"noopener noreferrer\"><u><span style=\"color: #0066cc;\">contacter<\/span><\/u><\/a>.<\/li>\n<\/ul>\n<\/li>\n<\/ul>\n<p>&nbsp;<\/p>\n<ul>\n<li style=\"text-align: justify;\"><span style=\"color: #000000;\"><strong>Options :<\/strong><\/span>\n<ul>\n<li style=\"text-align: justify;\">Livraison sur toute la France<\/li>\n<li><span style=\"color: #000000;\"><span style=\"color: #000000;\"><span style=\"color: #000000;\"><span style=\"color: #000000;\">Montage, d\u00e9montage, installation<\/span><\/span><\/span><\/span><\/li>\n<li>formation \u00e0 l&#8217;animation<\/li>\n<\/ul>\n<\/li>\n<\/ul>\n<p>&nbsp;<\/p>\n<p><a title=\"cliquez pour feuilleter le catalogue\" href=\"https:\/\/www.calameo.com\/read\/0049247154b187683eaf5\" target=\"_blank\" rel=\"noopener noreferrer\"><img loading=\"lazy\" decoding=\"async\" data-attachment-id=\"5465\" data-permalink=\"https:\/\/frmjccentre.org\/sts\/catalogue-frmjc-2016\/\" data-orig-file=\"https:\/\/frmjccentre.org\/sts\/wp-content\/uploads\/2015\/12\/catalogue-frmjc-2016.jpg\" data-orig-size=\"1299,2598\" data-comments-opened=\"1\" data-image-meta=\"{&quot;aperture&quot;:&quot;0&quot;,&quot;credit&quot;:&quot;&quot;,&quot;camera&quot;:&quot;&quot;,&quot;caption&quot;:&quot;&quot;,&quot;created_timestamp&quot;:&quot;0&quot;,&quot;copyright&quot;:&quot;&quot;,&quot;focal_length&quot;:&quot;0&quot;,&quot;iso&quot;:&quot;0&quot;,&quot;shutter_speed&quot;:&quot;0&quot;,&quot;title&quot;:&quot;&quot;,&quot;orientation&quot;:&quot;0&quot;}\" data-image-title=\"catalogue frmjc 2016\" data-image-description=\"\" data-image-caption=\"\" data-large-file=\"https:\/\/frmjccentre.org\/sts\/wp-content\/uploads\/2015\/12\/catalogue-frmjc-2016-512x1024.jpg\" class=\"alignright wp-image-5465 size-thumbnail\" title=\"cliquez et feuilletez\" src=\"http:\/\/frmjccentre.org\/sts\/wp-content\/uploads\/2015\/12\/catalogue-frmjc-2016.jpg?w=75\" alt=\"\" width=\"75\" height=\"150\" srcset=\"https:\/\/frmjccentre.org\/sts\/wp-content\/uploads\/2015\/12\/catalogue-frmjc-2016.jpg 1299w, https:\/\/frmjccentre.org\/sts\/wp-content\/uploads\/2015\/12\/catalogue-frmjc-2016-150x300.jpg 150w, https:\/\/frmjccentre.org\/sts\/wp-content\/uploads\/2015\/12\/catalogue-frmjc-2016-768x1536.jpg 768w, https:\/\/frmjccentre.org\/sts\/wp-content\/uploads\/2015\/12\/catalogue-frmjc-2016-512x1024.jpg 512w\" sizes=\"auto, (max-width: 75px) 100vw, 75px\" \/><\/a><\/p>\n<h5 style=\"text-align: right;\"><span style=\"color: #000000;\">&gt;&gt;&gt; Document \u00e0 t\u00e9l\u00e9charger : <a title=\"t\u00e9l\u00e9charger le catalogue\" href=\"https:\/\/frmjccentre.org\/sts\/wp-content\/uploads\/2020\/09\/2020-09_plaquette-catalogue.pdf\" target=\"_blank\" rel=\"noopener noreferrer\"><span style=\"color: #3366ff;\">catalogue des expositions<\/span><\/a><\/span><\/h5>\n<p>&nbsp;<\/p>\n<p><span style=\"color: #000000;\">\u00a0<\/span><\/p>\n","protected":false},"excerpt":{"rendered":"<p>Tout en Mouvement Sommaire (acc\u00e8s rapide) \u25ab Pr\u00e9sentation synth\u00e9tique \u25ab Description du mat\u00e9riel \u25ab Avantages compris dans la location \u25ab Installation &#8211; surface d&#8217;accueil \u25ab Tarifs et options &nbsp; \u25ac\u25ac\u25ac\u25ac\u25ac\u25ac\u25ac\u25ac\u25ac\u25ac\u25ac\u25ac\u25ac\u25ac\u25ac\u25ac\u25ac\u25ac\u25ac\u25ac\u25ac\u25ac Pr\u00e9sentation synth\u00e9tique L&#8217;exposition nous invite \u00e0 nous int\u00e9resser aux syst\u00e8mes &hellip; <a href=\"https:\/\/frmjccentre.org\/sts\/la-location-des-expositions-scientifiques\/fiche-technique-de-location-exposition-scientifique-mecanique\/\">Continuer la lecture <span class=\"meta-nav\">&rarr;<\/span><\/a><\/p>\n","protected":false},"author":2,"featured_media":0,"parent":5404,"menu_order":3,"comment_status":"closed","ping_status":"closed","template":"","meta":{"_crdt_document":"","footnotes":""},"class_list":["post-5484","page","type-page","status-publish","hentry"],"yoast_head":"<!-- This site is optimized with the Yoast SEO plugin v27.4 - https:\/\/yoast.com\/product\/yoast-seo-wordpress\/ -->\n<title>Fiche technique de Location &gt; exposition scientifique MECANIQUE - FRMJC R\u00e9gion Centre - Service Sciences Techniques Soci\u00e9t\u00e9<\/title>\n<meta name=\"robots\" content=\"index, follow, max-snippet:-1, max-image-preview:large, max-video-preview:-1\" \/>\n<link rel=\"canonical\" href=\"https:\/\/frmjccentre.org\/sts\/la-location-des-expositions-scientifiques\/fiche-technique-de-location-exposition-scientifique-mecanique\/\" \/>\n<meta property=\"og:locale\" content=\"fr_FR\" \/>\n<meta property=\"og:type\" content=\"article\" \/>\n<meta property=\"og:title\" content=\"Fiche technique de Location &gt; exposition scientifique MECANIQUE - FRMJC R\u00e9gion Centre - Service Sciences Techniques Soci\u00e9t\u00e9\" \/>\n<meta property=\"og:description\" content=\"Tout en Mouvement Sommaire (acc\u00e8s rapide) \u25ab Pr\u00e9sentation synth\u00e9tique \u25ab Description du mat\u00e9riel \u25ab Avantages compris dans la location \u25ab Installation &#8211; surface d&#8217;accueil \u25ab Tarifs et options &nbsp; \u25ac\u25ac\u25ac\u25ac\u25ac\u25ac\u25ac\u25ac\u25ac\u25ac\u25ac\u25ac\u25ac\u25ac\u25ac\u25ac\u25ac\u25ac\u25ac\u25ac\u25ac\u25ac Pr\u00e9sentation synth\u00e9tique L&#8217;exposition nous invite \u00e0 nous int\u00e9resser aux syst\u00e8mes &hellip; Continuer la lecture &rarr;\" \/>\n<meta property=\"og:url\" content=\"https:\/\/frmjccentre.org\/sts\/la-location-des-expositions-scientifiques\/fiche-technique-de-location-exposition-scientifique-mecanique\/\" \/>\n<meta property=\"og:site_name\" content=\"FRMJC R\u00e9gion Centre - Service Sciences Techniques Soci\u00e9t\u00e9\" \/>\n<meta property=\"article:publisher\" content=\"https:\/\/www.facebook.com\/Frmjccentrests\/\" \/>\n<meta property=\"article:modified_time\" content=\"2020-09-16T12:30:00+00:00\" \/>\n<meta property=\"og:image\" content=\"https:\/\/frmjccentre.org\/sts\/wp-content\/uploads\/2020\/07\/Affiche-mouvement-2020-web.jpg?w=106\" \/>\n<meta name=\"twitter:card\" content=\"summary_large_image\" \/>\n<meta name=\"twitter:site\" content=\"@FRMJCSTS\" \/>\n<meta name=\"twitter:label1\" content=\"Dur\u00e9e de lecture estim\u00e9e\" \/>\n\t<meta name=\"twitter:data1\" content=\"3 minutes\" \/>\n<script type=\"application\/ld+json\" class=\"yoast-schema-graph\">{\"@context\":\"https:\\\/\\\/schema.org\",\"@graph\":[{\"@type\":\"WebPage\",\"@id\":\"https:\\\/\\\/frmjccentre.org\\\/sts\\\/la-location-des-expositions-scientifiques\\\/fiche-technique-de-location-exposition-scientifique-mecanique\\\/\",\"url\":\"https:\\\/\\\/frmjccentre.org\\\/sts\\\/la-location-des-expositions-scientifiques\\\/fiche-technique-de-location-exposition-scientifique-mecanique\\\/\",\"name\":\"Fiche technique de Location > exposition scientifique MECANIQUE - FRMJC R\u00e9gion Centre - Service Sciences Techniques Soci\u00e9t\u00e9\",\"isPartOf\":{\"@id\":\"https:\\\/\\\/frmjccentre.org\\\/sts\\\/#website\"},\"primaryImageOfPage\":{\"@id\":\"https:\\\/\\\/frmjccentre.org\\\/sts\\\/la-location-des-expositions-scientifiques\\\/fiche-technique-de-location-exposition-scientifique-mecanique\\\/#primaryimage\"},\"image\":{\"@id\":\"https:\\\/\\\/frmjccentre.org\\\/sts\\\/la-location-des-expositions-scientifiques\\\/fiche-technique-de-location-exposition-scientifique-mecanique\\\/#primaryimage\"},\"thumbnailUrl\":\"https:\\\/\\\/frmjccentre.org\\\/sts\\\/wp-content\\\/uploads\\\/2020\\\/07\\\/Affiche-mouvement-2020-web.jpg?w=106\",\"datePublished\":\"2018-09-16T07:34:23+00:00\",\"dateModified\":\"2020-09-16T12:30:00+00:00\",\"breadcrumb\":{\"@id\":\"https:\\\/\\\/frmjccentre.org\\\/sts\\\/la-location-des-expositions-scientifiques\\\/fiche-technique-de-location-exposition-scientifique-mecanique\\\/#breadcrumb\"},\"inLanguage\":\"fr-FR\",\"potentialAction\":[{\"@type\":\"ReadAction\",\"target\":[\"https:\\\/\\\/frmjccentre.org\\\/sts\\\/la-location-des-expositions-scientifiques\\\/fiche-technique-de-location-exposition-scientifique-mecanique\\\/\"]}]},{\"@type\":\"ImageObject\",\"inLanguage\":\"fr-FR\",\"@id\":\"https:\\\/\\\/frmjccentre.org\\\/sts\\\/la-location-des-expositions-scientifiques\\\/fiche-technique-de-location-exposition-scientifique-mecanique\\\/#primaryimage\",\"url\":\"https:\\\/\\\/frmjccentre.org\\\/sts\\\/wp-content\\\/uploads\\\/2020\\\/07\\\/Affiche-mouvement-2020-web.jpg\",\"contentUrl\":\"https:\\\/\\\/frmjccentre.org\\\/sts\\\/wp-content\\\/uploads\\\/2020\\\/07\\\/Affiche-mouvement-2020-web.jpg\",\"width\":1133,\"height\":1511,\"caption\":\"Affiche exposition sciences - m\u00e9canique - Tout en mouvement - FRMJC\"},{\"@type\":\"BreadcrumbList\",\"@id\":\"https:\\\/\\\/frmjccentre.org\\\/sts\\\/la-location-des-expositions-scientifiques\\\/fiche-technique-de-location-exposition-scientifique-mecanique\\\/#breadcrumb\",\"itemListElement\":[{\"@type\":\"ListItem\",\"position\":1,\"name\":\"Accueil\",\"item\":\"https:\\\/\\\/frmjccentre.org\\\/sts\\\/\"},{\"@type\":\"ListItem\",\"position\":2,\"name\":\"La location des expositions scientifiques interactives\",\"item\":\"https:\\\/\\\/frmjccentre.org\\\/sts\\\/la-location-des-expositions-scientifiques\\\/\"},{\"@type\":\"ListItem\",\"position\":3,\"name\":\"Fiche technique de Location > exposition scientifique MECANIQUE\"}]},{\"@type\":\"WebSite\",\"@id\":\"https:\\\/\\\/frmjccentre.org\\\/sts\\\/#website\",\"url\":\"https:\\\/\\\/frmjccentre.org\\\/sts\\\/\",\"name\":\"FRMJC R\u00e9gion Centre - Service Sciences Techniques Soci\u00e9t\u00e9\",\"description\":\"Une \u00e9quipe de professionnels de la m\u00e9diation.\",\"publisher\":{\"@id\":\"https:\\\/\\\/frmjccentre.org\\\/sts\\\/#organization\"},\"potentialAction\":[{\"@type\":\"SearchAction\",\"target\":{\"@type\":\"EntryPoint\",\"urlTemplate\":\"https:\\\/\\\/frmjccentre.org\\\/sts\\\/?s={search_term_string}\"},\"query-input\":{\"@type\":\"PropertyValueSpecification\",\"valueRequired\":true,\"valueName\":\"search_term_string\"}}],\"inLanguage\":\"fr-FR\"},{\"@type\":\"Organization\",\"@id\":\"https:\\\/\\\/frmjccentre.org\\\/sts\\\/#organization\",\"name\":\"FRMJC CENTRE\",\"url\":\"https:\\\/\\\/frmjccentre.org\\\/sts\\\/\",\"logo\":{\"@type\":\"ImageObject\",\"inLanguage\":\"fr-FR\",\"@id\":\"https:\\\/\\\/frmjccentre.org\\\/sts\\\/#\\\/schema\\\/logo\\\/image\\\/\",\"url\":\"https:\\\/\\\/frmjccentre.org\\\/sts\\\/wp-content\\\/uploads\\\/2017\\\/06\\\/logo-Frmjc-Centre-GIF-300ppp.gif\",\"contentUrl\":\"https:\\\/\\\/frmjccentre.org\\\/sts\\\/wp-content\\\/uploads\\\/2017\\\/06\\\/logo-Frmjc-Centre-GIF-300ppp.gif\",\"width\":3508,\"height\":2480,\"caption\":\"FRMJC CENTRE\"},\"image\":{\"@id\":\"https:\\\/\\\/frmjccentre.org\\\/sts\\\/#\\\/schema\\\/logo\\\/image\\\/\"},\"sameAs\":[\"https:\\\/\\\/www.facebook.com\\\/Frmjccentrests\\\/\",\"https:\\\/\\\/x.com\\\/FRMJCSTS\"]}]}<\/script>\n<!-- \/ Yoast SEO plugin. -->","yoast_head_json":{"title":"Fiche technique de Location > exposition scientifique MECANIQUE - FRMJC R\u00e9gion Centre - Service Sciences Techniques Soci\u00e9t\u00e9","robots":{"index":"index","follow":"follow","max-snippet":"max-snippet:-1","max-image-preview":"max-image-preview:large","max-video-preview":"max-video-preview:-1"},"canonical":"https:\/\/frmjccentre.org\/sts\/la-location-des-expositions-scientifiques\/fiche-technique-de-location-exposition-scientifique-mecanique\/","og_locale":"fr_FR","og_type":"article","og_title":"Fiche technique de Location > exposition scientifique MECANIQUE - FRMJC R\u00e9gion Centre - Service Sciences Techniques Soci\u00e9t\u00e9","og_description":"Tout en Mouvement Sommaire (acc\u00e8s rapide) \u25ab Pr\u00e9sentation synth\u00e9tique \u25ab Description du mat\u00e9riel \u25ab Avantages compris dans la location \u25ab Installation &#8211; surface d&#8217;accueil \u25ab Tarifs et options &nbsp; \u25ac\u25ac\u25ac\u25ac\u25ac\u25ac\u25ac\u25ac\u25ac\u25ac\u25ac\u25ac\u25ac\u25ac\u25ac\u25ac\u25ac\u25ac\u25ac\u25ac\u25ac\u25ac Pr\u00e9sentation synth\u00e9tique L&#8217;exposition nous invite \u00e0 nous int\u00e9resser aux syst\u00e8mes &hellip; Continuer la lecture &rarr;","og_url":"https:\/\/frmjccentre.org\/sts\/la-location-des-expositions-scientifiques\/fiche-technique-de-location-exposition-scientifique-mecanique\/","og_site_name":"FRMJC R\u00e9gion Centre - Service Sciences Techniques Soci\u00e9t\u00e9","article_publisher":"https:\/\/www.facebook.com\/Frmjccentrests\/","article_modified_time":"2020-09-16T12:30:00+00:00","og_image":[{"url":"https:\/\/frmjccentre.org\/sts\/wp-content\/uploads\/2020\/07\/Affiche-mouvement-2020-web.jpg?w=106","type":"","width":"","height":""}],"twitter_card":"summary_large_image","twitter_site":"@FRMJCSTS","twitter_misc":{"Dur\u00e9e de lecture estim\u00e9e":"3 minutes"},"schema":{"@context":"https:\/\/schema.org","@graph":[{"@type":"WebPage","@id":"https:\/\/frmjccentre.org\/sts\/la-location-des-expositions-scientifiques\/fiche-technique-de-location-exposition-scientifique-mecanique\/","url":"https:\/\/frmjccentre.org\/sts\/la-location-des-expositions-scientifiques\/fiche-technique-de-location-exposition-scientifique-mecanique\/","name":"Fiche technique de Location > exposition scientifique MECANIQUE - FRMJC R\u00e9gion Centre - Service Sciences Techniques Soci\u00e9t\u00e9","isPartOf":{"@id":"https:\/\/frmjccentre.org\/sts\/#website"},"primaryImageOfPage":{"@id":"https:\/\/frmjccentre.org\/sts\/la-location-des-expositions-scientifiques\/fiche-technique-de-location-exposition-scientifique-mecanique\/#primaryimage"},"image":{"@id":"https:\/\/frmjccentre.org\/sts\/la-location-des-expositions-scientifiques\/fiche-technique-de-location-exposition-scientifique-mecanique\/#primaryimage"},"thumbnailUrl":"https:\/\/frmjccentre.org\/sts\/wp-content\/uploads\/2020\/07\/Affiche-mouvement-2020-web.jpg?w=106","datePublished":"2018-09-16T07:34:23+00:00","dateModified":"2020-09-16T12:30:00+00:00","breadcrumb":{"@id":"https:\/\/frmjccentre.org\/sts\/la-location-des-expositions-scientifiques\/fiche-technique-de-location-exposition-scientifique-mecanique\/#breadcrumb"},"inLanguage":"fr-FR","potentialAction":[{"@type":"ReadAction","target":["https:\/\/frmjccentre.org\/sts\/la-location-des-expositions-scientifiques\/fiche-technique-de-location-exposition-scientifique-mecanique\/"]}]},{"@type":"ImageObject","inLanguage":"fr-FR","@id":"https:\/\/frmjccentre.org\/sts\/la-location-des-expositions-scientifiques\/fiche-technique-de-location-exposition-scientifique-mecanique\/#primaryimage","url":"https:\/\/frmjccentre.org\/sts\/wp-content\/uploads\/2020\/07\/Affiche-mouvement-2020-web.jpg","contentUrl":"https:\/\/frmjccentre.org\/sts\/wp-content\/uploads\/2020\/07\/Affiche-mouvement-2020-web.jpg","width":1133,"height":1511,"caption":"Affiche exposition sciences - m\u00e9canique - Tout en mouvement - FRMJC"},{"@type":"BreadcrumbList","@id":"https:\/\/frmjccentre.org\/sts\/la-location-des-expositions-scientifiques\/fiche-technique-de-location-exposition-scientifique-mecanique\/#breadcrumb","itemListElement":[{"@type":"ListItem","position":1,"name":"Accueil","item":"https:\/\/frmjccentre.org\/sts\/"},{"@type":"ListItem","position":2,"name":"La location des expositions scientifiques interactives","item":"https:\/\/frmjccentre.org\/sts\/la-location-des-expositions-scientifiques\/"},{"@type":"ListItem","position":3,"name":"Fiche technique de Location > exposition scientifique MECANIQUE"}]},{"@type":"WebSite","@id":"https:\/\/frmjccentre.org\/sts\/#website","url":"https:\/\/frmjccentre.org\/sts\/","name":"FRMJC R\u00e9gion Centre - Service Sciences Techniques Soci\u00e9t\u00e9","description":"Une \u00e9quipe de professionnels de la m\u00e9diation.","publisher":{"@id":"https:\/\/frmjccentre.org\/sts\/#organization"},"potentialAction":[{"@type":"SearchAction","target":{"@type":"EntryPoint","urlTemplate":"https:\/\/frmjccentre.org\/sts\/?s={search_term_string}"},"query-input":{"@type":"PropertyValueSpecification","valueRequired":true,"valueName":"search_term_string"}}],"inLanguage":"fr-FR"},{"@type":"Organization","@id":"https:\/\/frmjccentre.org\/sts\/#organization","name":"FRMJC CENTRE","url":"https:\/\/frmjccentre.org\/sts\/","logo":{"@type":"ImageObject","inLanguage":"fr-FR","@id":"https:\/\/frmjccentre.org\/sts\/#\/schema\/logo\/image\/","url":"https:\/\/frmjccentre.org\/sts\/wp-content\/uploads\/2017\/06\/logo-Frmjc-Centre-GIF-300ppp.gif","contentUrl":"https:\/\/frmjccentre.org\/sts\/wp-content\/uploads\/2017\/06\/logo-Frmjc-Centre-GIF-300ppp.gif","width":3508,"height":2480,"caption":"FRMJC CENTRE"},"image":{"@id":"https:\/\/frmjccentre.org\/sts\/#\/schema\/logo\/image\/"},"sameAs":["https:\/\/www.facebook.com\/Frmjccentrests\/","https:\/\/x.com\/FRMJCSTS"]}]}},"jetpack_sharing_enabled":true,"jetpack_shortlink":"https:\/\/wp.me\/PgjY92-1qs","jetpack-related-posts":[],"_links":{"self":[{"href":"https:\/\/frmjccentre.org\/sts\/wp-json\/wp\/v2\/pages\/5484","targetHints":{"allow":["GET"]}}],"collection":[{"href":"https:\/\/frmjccentre.org\/sts\/wp-json\/wp\/v2\/pages"}],"about":[{"href":"https:\/\/frmjccentre.org\/sts\/wp-json\/wp\/v2\/types\/page"}],"author":[{"embeddable":true,"href":"https:\/\/frmjccentre.org\/sts\/wp-json\/wp\/v2\/users\/2"}],"replies":[{"embeddable":true,"href":"https:\/\/frmjccentre.org\/sts\/wp-json\/wp\/v2\/comments?post=5484"}],"version-history":[{"count":8,"href":"https:\/\/frmjccentre.org\/sts\/wp-json\/wp\/v2\/pages\/5484\/revisions"}],"predecessor-version":[{"id":8091,"href":"https:\/\/frmjccentre.org\/sts\/wp-json\/wp\/v2\/pages\/5484\/revisions\/8091"}],"up":[{"embeddable":true,"href":"https:\/\/frmjccentre.org\/sts\/wp-json\/wp\/v2\/pages\/5404"}],"wp:attachment":[{"href":"https:\/\/frmjccentre.org\/sts\/wp-json\/wp\/v2\/media?parent=5484"}],"curies":[{"name":"wp","href":"https:\/\/api.w.org\/{rel}","templated":true}]}}