{"id":5511,"date":"2020-09-18T09:11:00","date_gmt":"2020-09-18T07:11:00","guid":{"rendered":"https:\/\/frmjccentrests.wordpress.com\/?page_id=5511"},"modified":"2020-09-18T18:22:32","modified_gmt":"2020-09-18T16:22:32","slug":"fiche-technique-de-location-exposition-scientifique-eau","status":"publish","type":"page","link":"https:\/\/frmjccentre.org\/sts\/la-location-des-expositions-scientifiques\/fiche-technique-de-location-exposition-scientifique-eau\/","title":{"rendered":"Fiche technique de Location > exposition scientifique EAU"},"content":{"rendered":"<p><a href=\"https:\/\/frmjccentre.org\/sts\/wp-content\/uploads\/2020\/06\/affiche-eau-V2020.png\" data-src=\"https:\/\/frmjccentre.org\/sts\/wp-content\/uploads\/2020\/06\/affiche-eau-V2020.png\" data-thumb=\"https:\/\/frmjccentre.org\/sts\/wp-content\/uploads\/2020\/06\/affiche-eau-V2020.png?w=106\" class=\"ml-lightbox-enabled\"><img loading=\"lazy\" decoding=\"async\" data-attachment-id=\"1168\" data-permalink=\"https:\/\/frmjccentre.org\/sts\/la-location-des-expositions-scientifiques\/affiche-eau\/\" data-orig-file=\"https:\/\/frmjccentre.org\/sts\/wp-content\/uploads\/2012\/05\/affiche-eau.jpg\" data-orig-size=\"3508,4961\" data-comments-opened=\"0\" data-image-meta=\"{&quot;aperture&quot;:&quot;0&quot;,&quot;credit&quot;:&quot;&quot;,&quot;camera&quot;:&quot;&quot;,&quot;caption&quot;:&quot;&quot;,&quot;created_timestamp&quot;:&quot;0&quot;,&quot;copyright&quot;:&quot;&quot;,&quot;focal_length&quot;:&quot;0&quot;,&quot;iso&quot;:&quot;0&quot;,&quot;shutter_speed&quot;:&quot;0&quot;,&quot;title&quot;:&quot;&quot;,&quot;orientation&quot;:&quot;0&quot;}\" data-image-title=\"affiche eau\" data-image-description=\"&lt;p&gt;L&amp;#8217;eau dans le temps, maquettes, gestion des cours d&amp;#8217;eau, inondations, cycle de l&amp;#8217;eau, gestion durable&lt;\/p&gt;\n\" data-image-caption=\"&lt;p&gt;Maquette de l&amp;#8217;affiche&lt;\/p&gt;\n\" data-large-file=\"https:\/\/frmjccentre.org\/sts\/wp-content\/uploads\/2012\/05\/affiche-eau-724x1024.jpg\" class=\"wp-image-1168 size-thumbnail aligncenter\" src=\"https:\/\/frmjccentre.org\/sts\/wp-content\/uploads\/2020\/06\/affiche-eau-V2020.png?w=106\" alt=\"\" width=\"106\" height=\"150\" \/><\/a><\/p>\n<h1 style=\"text-align: center;\">De l&#8217;eau dans le Temps<\/h1>\n<table>\n<tbody>\n<tr>\n<td><span style=\"color: #333333;\"><strong>Sommaire <\/strong>(acc\u00e8s rapide)<\/span><\/td>\n<\/tr>\n<tr>\n<td><a href=\"#Pr\u00e9sentation synth\u00e9tique\">\u25ab Pr\u00e9sentation synth\u00e9tique<\/a><br \/>\n<a href=\"#Description du mat\u00e9riel\">\u25ab Description du mat\u00e9riel<\/a><br \/>\n<a href=\"#Avantages compris dans la location\">\u25ab Avantages compris dans la location<\/a><br \/>\n<a href=\"#Installation - surface d'accueil\">\u25ab Installation &#8211; surface d&#8217;accueil<\/a><br \/>\n<a href=\"#Tarifs et options\">\u25ab Tarifs et options<\/a><\/td>\n<\/tr>\n<\/tbody>\n<\/table>\n<p><span style=\"color: #c0c0c0;\">\u25ac\u25ac\u25ac\u25ac\u25ac\u25ac\u25ac\u25ac<span style=\"color: #c0c0c0;\">\u25ac\u25ac\u25ac\u25ac\u25ac\u25ac\u25ac<\/span><span style=\"color: #c0c0c0;\">\u25ac\u25ac\u25ac\u25ac\u25ac\u25ac\u25ac<\/span> <\/span><span style=\"line-height: 2em; font-size: 150%;\"><span style=\"color: #999999;\"> Pr\u00e9sentation synth\u00e9tique<\/span><\/span><\/p>\n<p id=\"Pr\u00e9sentation synth\u00e9tique\"><span style=\"color: #000000;\">Cette exposition aide \u00e0 comprendre l&#8217;histoire de l&#8217;eau, \u00e0 mieux la conna\u00eetre\u00a0et \u00e0 adopter\u00a0une gestion raisonn\u00e9e\u00a0de cette ressource naturelle\u00a0dont la pr\u00e9servation est devenue un des enjeux majeurs de notre soci\u00e9t\u00e9.<\/span><\/p>\n<p><span style=\"color: #000000;\">Nous mettons \u00e0 votre disposition 17 ateliers interactifs et 10 panneaux.<\/span><\/p>\n<h4><span style=\"color: #000000;\">Les ateliers sont r\u00e9partis en 2 th\u00e8mes principaux :<\/span><\/h4>\n<ul>\n<li><span style=\"color: #000000;\"><span style=\"color: #000000;\">La connaissance de l&#8217;eau<\/span><\/span><\/li>\n<li><span style=\"color: #000000;\">La gestion de l&#8217;eau<\/span><\/li>\n<\/ul>\n<p><span style=\"color: #000000;\">Cette exposition est adapt\u00e9e \u00e0 <strong>tout<\/strong> <strong>public<\/strong> (utilisation conseill\u00e9e dans le cadre scolaire depuis le <\/span><span style=\"color: #000000;\">CP jusqu&#8217;au coll\u00e8ge).<\/span><\/p>\n<p style=\"text-align: right;\"><span style=\"color: #000000;\"><span style=\"color: #333333;\"><span style=\"color: #000000;\"><strong>&gt;&gt;&gt; Descriptif complet : <\/strong><a title=\"ouvrir la page\" href=\"https:\/\/frmjccentre.org\/sts\/les-expositions-scientifiques\/de-l-eau-dans-le-temps\/\" target=\"_blank\" rel=\"noopener noreferrer\"><u><span style=\"color: #0066cc;\">De l&#8217;eau dans le Temps<\/span><\/u><\/a><\/span><\/span><\/span><\/p>\n<p style=\"text-align: right;\"><span style=\"color: #333333;\"><span style=\"color: #000000;\"><strong>&gt;&gt;&gt; Document \u00e0 t\u00e9l\u00e9charger : <\/strong><a title=\"t\u00e9l\u00e9charger la fiche de pr\u00e9sentation des ateliers\" href=\"https:\/\/frmjccentre.org\/sts\/wp-content\/uploads\/2020\/06\/FicheTech-EauDansLeTemps.pdf\" target=\"_blank\" rel=\"noopener noreferrer\"><u><span style=\"color: #0066cc;\">Pr\u00e9sentation des ateliers<\/span><\/u><\/a><\/span><\/span><\/p>\n<p style=\"text-align: left;\"><span style=\"color: #0000ff;\"><br \/>\n<span style=\"color: #c0c0c0;\">\u25ac\u25ac<span style=\"color: #c0c0c0;\">\u25ac\u25ac\u25ac\u25ac\u25ac\u25ac\u25ac<\/span><span style=\"color: #c0c0c0;\">\u25ac\u25ac\u25ac\u25ac\u25ac\u25ac\u25ac<\/span><span style=\"color: #c0c0c0;\">\u25ac\u25ac\u25ac\u25ac\u25ac\u25ac<\/span> <\/span><span style=\"line-height: 2em; font-size: 150%;\"><span style=\"color: #999999;\"> Description du mat\u00e9riel<\/span> <\/span><\/span><\/p>\n<h2><\/h2>\n<div><\/div>\n<ul>\n<li><span style=\"color: #333333;\"><strong><span style=\"color: #000000;\"><span style=\"color: #333333;\">M<\/span>at\u00e9riel conditionn\u00e9 en bacs et coffres de rangement :<\/span><\/strong><\/span>\n<ul>\n<li>6 coffres de rangement<em><em> (<\/em><\/em>L85\/H30\/P45) soit 115 litres :\u00a02 disques en bois rouges aimant\u00e9s ( atomes d\u2019oxyg\u00e8ne ) et 2 disques en bois blancs aimant\u00e9s ( atomes d\u2019hydrog\u00e8ne ) ;1 seau \u00e0 glace en deux parties avec\u00a0\u00a03 plaquettes en bois avec des dessins de mol\u00e9cules ;1 maquette de l\u2019\u00e9coulement des eaux souterraines ; 1 maquette anim\u00e9e du cycle de l\u2019eau + 1 lampe halog\u00e8ne ; 2 fresques historiques (longueur 3,42 m\u00e8tres + 5,20 m\u00e8tres) avec 26 \u00e9tiquettes plastifi\u00e9es format A4 ; diff\u00e9rentes pi\u00e8ces en bois peintes (repr\u00e9sentant : village, immeubles, pont, barrage, pyl\u00f4nes, usines, r\u00e9serve naturelle, for\u00eats, station d\u2019\u00e9puration, station de pompage) ;1 bo\u00eete de canalisations + raccords + station de pompage + traitement de l\u2019eau propre ; 1 bo\u00eete de canalisations + raccords +\u00a0station d\u2019\u00e9puration + traitement de l\u2019eau us\u00e9e ; 1 ch\u00e2teau d\u2019eau ; 2 bouteilles d\u2019eau de 5 litres (vides) ;\u00a02 petits drapeaux (Rwanda\u00a0et France) ; 3 r\u00e9cipients de 90 ml ; 32 bandelettes magn\u00e9tiques (sur le th\u00e8me des locutions)\u00a0; une maquette interactive des forces du vent , un globe terrestre\u00a0; une girouette ; 4 bouteilles d\u2019eau gazeuses de 1 litre chacune ; 1 r\u00e9cipient de 90 ml ; 1 miroir ; 8 nuages en bois peint avec languette magn\u00e9tique ; Une baguette polyur\u00e9thane; un compte gouttes ; 3 lampes de poche ; 1 feuille blanche ; 2 globes terrestre.<em>\u00a0<\/em><\/li>\n<li>\n<div>1 coffre (L80\/H35\/P45) soit 134 litres\u00a0: 12 bidons de 10 litres.<\/div>\n<\/li>\n<li>\u00a01 carton (L40\/H55\/P25) soit 55 litres\u00a0: maquette repr\u00e9sentant la coupe d\u2019un terrain (partie a\u00e9rienne et souterraine) sur lequel est stationn\u00e9 un v\u00e9hicule.<\/li>\n<li>1 carton (L40\/H30\/P40) soit 48 litres : maquette d\u2019une roue \u00e0 aubes<\/li>\n<li>Divers bacs + 3 bidons de 10 litres (vides) \u00a0(L65\/H40\/P45) soit 117 litres.<\/li>\n<\/ul>\n<\/li>\n<li style=\"text-align: justify;\"><strong><strong><span style=\"color: #000000;\"><span style=\"color: #000000;\"><span style=\"color: #000000;\"><span style=\"color: #000000;\"><strong>Panneaux : <\/strong><\/span><\/span><\/span><\/span><\/strong><\/strong>\n<ul>\n<li><span style=\"color: #000000;\"><span style=\"color: #000000;\"><span style=\"color: #000000;\"><span style=\"color: #000000;\"><span style=\"color: #333333;\"><em>6 panneaux contreplaqu\u00e9s 100 x 70 dont cycle de l&#8217;eau<\/em><em>\u00a0 <\/em><\/span><\/span><\/span><\/span><\/span><\/li>\n<li>2 panneaux PVC 100 x 70<\/li>\n<\/ul>\n<\/li>\n<li><span style=\"color: #000000;\"><strong>Tableaux : <\/strong><\/span>\n<ul>\n<li><span style=\"color: #000000;\"><span style=\"color: #000000;\"><span style=\"color: #000000;\"><span style=\"color: #000000;\"><span style=\"color: #333333;\"><em>2 tableaux magn\u00e9tiques 70 x 55 <\/em><\/span><\/span><\/span><\/span><\/span><\/li>\n<\/ul>\n<\/li>\n<li style=\"text-align: justify;\"><strong><span style=\"color: #000000;\"><strong>Autre : <\/strong><\/span><\/strong>\n<ul>\n<li style=\"text-align: justify;\">5 rouleaux cartonn\u00e9s 4 x 80 pour panneaux B\u00e2ches souples<\/li>\n<li style=\"text-align: justify;\">1 tapis moquett\u00e9 repr\u00e9sentant le plan d\u2019une ville 200 x 150<\/li>\n<\/ul>\n<\/li>\n<\/ul>\n<p style=\"text-align: right;\"><span style=\"color: #333333;\"><span style=\"color: #000000;\"><strong>&gt;&gt;&gt; Volume de transport :<\/strong><\/span> 5 \u00e0 8 m\u00b3<\/span><\/p>\n<p style=\"text-align: left;\"><span style=\"color: #0000ff;\"><br \/>\n<span style=\"color: #c0c0c0;\">\u25ac<span style=\"color: #c0c0c0;\">\u25ac\u25ac\u25ac\u25ac\u25ac\u25ac\u25ac<\/span><span style=\"color: #c0c0c0;\">\u25ac\u25ac\u25ac\u25ac\u25ac\u25ac\u25ac<\/span> <\/span><span style=\"line-height: 2em; font-size: 150%;\"><span style=\"color: #999999;\">Avantages compris dans la location<\/span> <\/span><\/span><\/p>\n<h2 id=\"Avantages compris dans la location\"><\/h2>\n<ul>\n<li><span style=\"color: #333333;\"><strong><span style=\"color: #000000;\">\u00c9tat des lieux aller-retour<\/span><\/strong><\/span><\/li>\n<li style=\"text-align: justify;\"><span style=\"color: #000000;\"><strong>Mise \u00e0 disposition du code de t\u00e9l\u00e9chargement du dossier p\u00e9dagogique :<\/strong><\/span>\n<ul>\n<li style=\"text-align: justify;\"><span style=\"color: #000000;\"><em><strong>enseignant <\/strong>(une fiche descriptive par atelier avec le mat\u00e9riel, les objectifs, des informations et les r\u00e9ponses au questionnaire du dossier \u00e9l\u00e8ve). Cette version peut \u00eatre visualis\u00e9e ou t\u00e9l\u00e9charg\u00e9e ci-dessous :<\/em><\/span>\n<p style=\"text-align: center;\"><span style=\"color: #000000;\"><a title=\"feuilleter la version de d\u00e9monstration\" href=\"https:\/\/fr.calameo.com\/read\/004924715ac2c9c85a995\" target=\"_blank\" rel=\"noopener noreferrer\"><span style=\"color: #000000;\"><u>(<\/u><span style=\"color: #ff0000; text-decoration: underline;\">\u2261<\/span><u>) visualiser la version de d\u00e9monstration <\/u><\/span><\/a><\/span><\/p>\n<p style=\"text-align: center;\"><span style=\"color: #000000;\"><a title=\"acc\u00e9der \u00e0 la page de t\u00e9l\u00e9chargement\" href=\"https:\/\/frmjccentre.org\/sts\/les-expositions-scientifiques\/de-l-eau-dans-le-temps\/page-de-telechargement-des-dossiers-pedagogiques\/\" target=\"_blank\" rel=\"noopener noreferrer\"><span style=\"color: #000000;\"><u>(<span style=\"color: #ff0000;\">\u2192<\/span>) acc\u00e9der \u00e0 la page de t\u00e9l\u00e9chargement<\/u><\/span><\/a><\/span><\/p>\n<\/li>\n<li><span style=\"color: #000000;\"><span style=\"color: #000000;\"><span style=\"color: #000000;\"><em><strong>\u00e9l\u00e8ve <\/strong>(une fiche par atelier avec les \u00e9tapes, les informations essentielles, un questionnaire avec des espaces pour les r\u00e9ponses). Cette version peut \u00eatre visualis\u00e9e ou t\u00e9l\u00e9charg\u00e9e ci-dessous :<\/em><\/span><\/span><\/span>\n<p style=\"text-align: center;\"><span style=\"color: #000000;\"><a title=\"feuilleter la version de d\u00e9monstration\" href=\"https:\/\/www.calameo.com\/read\/004924715653fc287563e\" target=\"_blank\" rel=\"noopener noreferrer\"><span style=\"color: #000000;\"><u>(<\/u><span style=\"color: #ff0000; text-decoration: underline;\">\u2261<\/span><u>) visualiser la version de d\u00e9monstration<\/u><\/span><\/a><\/span><\/p>\n<p style=\"text-align: center;\"><span style=\"color: #000000;\"><a title=\"acc\u00e9der \u00e0 la page de t\u00e9l\u00e9chargement\" href=\"https:\/\/frmjccentre.org\/sts\/les-expositions-scientifiques\/de-l-eau-dans-le-temps\/page-de-telechargement-des-dossiers-pedagogiques\/\" target=\"_blank\" rel=\"noopener noreferrer\"><span style=\"color: #000000;\"><u>(<span style=\"color: #ff0000;\">\u2192<\/span>) acc\u00e9der \u00e0 la page de t\u00e9l\u00e9chargement<\/u><\/span><\/a><\/span><\/p>\n<\/li>\n<li><span style=\"color: #000000;\"><span style=\"color: #000000;\"><span style=\"color: #000000;\"><span style=\"color: #000000;\"><strong>\u00e9l\u00e8ve version courte <\/strong><em>(dossier avec une question par atelier pour une prise de notes plus rapide).<\/em> Ces versions sont <span style=\"color: #000000;\">t\u00e9l\u00e9chargeables ci-dessous<\/span><span style=\"color: #333333;\"> :<\/span><\/span><\/span><\/span><\/span>\n<p style=\"text-align: center; padding-left: 30px;\"><span style=\"color: #000000;\"><a title=\"feuilleter\" href=\"https:\/\/www.calameo.com\/read\/0049247155807823411a9\" target=\"_blank\" rel=\"noopener noreferrer\"><span style=\"color: #000000;\"><u>(<span style=\"color: #ff0000;\">\u2261<\/span>) visualiser<\/u><\/span><\/a> \/ <a title=\"t\u00e9l\u00e9charger\" href=\"https:\/\/frmjccentre.org\/sts\/wp-content\/uploads\/2020\/09\/Dossier-Eleve-De-leau-dans-le-Temps-Version-courte.pdf\" target=\"_blank\" rel=\"noopener noreferrer\"><span style=\"color: #000000;\"><u>(<\/u><span style=\"text-decoration: underline;\"><span style=\"color: #ff0000; text-decoration: underline;\">\u2193<\/span><\/span><u>) t\u00e9l\u00e9charger<\/u><\/span><\/a>\u00a0<\/span><\/p>\n<p style=\"text-align: center; padding-left: 30px;\">\n<\/li>\n<\/ul>\n<\/li>\n<li><strong><span style=\"color: #000000;\"><span style=\"color: #000000;\">Mise \u00e0 disposition de la maquette de l\u2019affiche et des flyers.<\/span><br \/>\n<\/span><\/strong><\/li>\n<li><span style=\"color: #000000;\"><strong>Mise \u00e0 disposition d&#8217;un mod\u00e8le de communiqu\u00e9 de presse.<\/strong><\/span><\/li>\n<\/ul>\n<p><span style=\"color: #c0c0c0;\">\u25ac\u25ac\u25ac\u25ac<span style=\"color: #c0c0c0;\">\u25ac\u25ac\u25ac\u25ac\u25ac\u25ac\u25ac<\/span><span style=\"color: #c0c0c0;\">\u25ac\u25ac\u25ac\u25ac\u25ac\u25ac\u25ac<\/span> <\/span><span style=\"line-height: 2em; font-size: 150%;\"><span style=\"color: #999999;\"> Installation &#8211; surface d&#8217;accueil<\/span><\/span><\/p>\n<h2 id=\"Installation - surface d'accueil\"><\/h2>\n<ul>\n<li><span style=\"color: #000000;\"><strong>Surface int\u00e9rieure <\/strong><\/span>\n<ul>\n<li><em>80 m\u00b2 au minimum, <\/em><\/li>\n<li><em>120 \u00e0 200 m\u00b2 en disposition id\u00e9ale pour l&#8217;accueil de groupes<\/em><\/li>\n<\/ul>\n<\/li>\n<\/ul>\n<ul>\n<li style=\"text-align: justify;\"><span style=\"color: #000000;\"><span style=\"color: #000000;\"><span style=\"color: #000000;\"><span style=\"color: #000000;\"><strong>Branchements \u00e9lectriques <\/strong><\/span><\/span><\/span><\/span>\n<ul>\n<li><em>2 prises<\/em> : 220 Volts<\/li>\n<\/ul>\n<\/li>\n<li style=\"text-align: justify;\"><span style=\"color: #000000;\"><strong>Equipement <\/strong><\/span>\n<ul>\n<li><em>tables <\/em>: minimum 16 tables 60 cm x 180 cm<\/li>\n<li><em>supports verticaux<\/em> m\u00e9tallique ou cimaise pour\u00a04 panneaux bois\u00a080 cm x 100 cm<\/li>\n<li><em>supports verticaux pour la pr\u00e9sentation de 6 panneaux souples<\/em>.<\/li>\n<\/ul>\n<\/li>\n<\/ul>\n<p style=\"text-align: right;\"><span style=\"color: #333333;\"><span style=\"color: #000000;\"><strong>&gt;&gt;&gt; Document \u00e0 t\u00e9l\u00e9charger :<\/strong><\/span> (aucun)<\/span><\/p>\n<p><span style=\"color: #c0c0c0;\">\u25ac\u25ac\u25ac\u25ac\u25ac\u25ac\u25ac\u25ac\u25ac\u25ac<span style=\"color: #c0c0c0;\">\u25ac\u25ac\u25ac\u25ac\u25ac\u25ac\u25ac\u25ac\u25ac\u25ac<\/span><span style=\"color: #c0c0c0;\">\u25ac\u25ac\u25ac\u25ac\u25ac\u25ac\u25ac<\/span> <\/span><span style=\"line-height: 2em; font-size: 150%;\"><span style=\"color: #999999;\"> Tarifs et options<\/span><\/span><\/p>\n<h2 id=\"Tarifs et options\"><\/h2>\n<ul>\n<li style=\"text-align: justify;\"><span style=\"color: #000000;\"><strong>Tarifs :<\/strong><\/span>\n<ul>\n<li style=\"text-align: justify;\">Location avec ou sans animateur : <a title=\"ouvrir la page Tarifs\" href=\"https:\/\/frmjccentre.org\/sts\/tarifs\/\" target=\"_blank\" rel=\"noopener noreferrer\"><u><span style=\"color: #0066cc;\">ouvrir la page tarifs <\/span><\/u><\/a>.<\/li>\n<li style=\"text-align: justify;\"><span style=\"color: #000000;\"><span style=\"color: #333399;\">La location de l&#8217;exposition avec animateur est \u00e9ligible au contrat P.A.C.T. (projets artistiques et culturels de territoire) de la R\u00e9gion Centre-Val de Loire (voir les modalit\u00e9s :<\/span> <a title=\"t\u00e9l\u00e9charger le document de pr\u00e9sentation\" href=\"https:\/\/frmjccentre.org\/sts\/wp-content\/uploads\/2017\/07\/cadre-intervention-PACT-2013.pdf\"><u><span style=\"color: #0066cc;\">t\u00e9l\u00e9charger le document de pr\u00e9sentation<\/span><\/u><\/a><span style=\"color: #333399;\">)<\/span><\/span><\/li>\n<li style=\"text-align: justify;\">Devis gratuit, nous <a title=\"ouvrir la page Contacts\" href=\"https:\/\/frmjccentre.org\/sts\/contacts\/\" target=\"_blank\" rel=\"noopener noreferrer\"><u><span style=\"color: #0066cc;\">contacter<\/span><\/u><\/a>.<\/li>\n<\/ul>\n<\/li>\n<\/ul>\n<ul>\n<li style=\"text-align: justify;\"><span style=\"color: #000000;\"><strong>Options :<\/strong><\/span>\n<ul>\n<li style=\"text-align: justify;\">Livraison sur toute la France<\/li>\n<li><span style=\"color: #000000;\"><span style=\"color: #000000;\"><span style=\"color: #000000;\"><span style=\"color: #000000;\">Montage, d\u00e9montage, installation<\/span><\/span><\/span><\/span><\/li>\n<li>formation \u00e0 l&#8217;animation<\/li>\n<\/ul>\n<\/li>\n<\/ul>\n<ul>\n<li style=\"text-align: justify;\"><span style=\"color: #000000;\"><strong>Suggestion :<\/strong><\/span>\n<ul>\n<li style=\"text-align: justify;\"><span style=\"color: #000000;\">Ajout de s\u00e9ances de plan\u00e9tarium itin\u00e9rant (voir la page : <a title=\"voir la page : Le Cosmorium\" href=\"https:\/\/frmjccentre.org\/sts\/cosmorium-2-2\/\" target=\"_blank\" rel=\"noopener noreferrer\"><u><span style=\"color: #0066cc;\">Cosmorium<\/span><\/u><\/a>).<\/span><\/li>\n<\/ul>\n<\/li>\n<\/ul>\n<p><a title=\"cliquez pour feuilleter le catalogue\" href=\"https:\/\/www.calameo.com\/read\/0049247154b187683eaf5\" target=\"_blank\" rel=\"noopener noreferrer\"><img loading=\"lazy\" decoding=\"async\" data-attachment-id=\"5465\" data-permalink=\"https:\/\/frmjccentre.org\/sts\/catalogue-frmjc-2016\/\" data-orig-file=\"https:\/\/frmjccentre.org\/sts\/wp-content\/uploads\/2015\/12\/catalogue-frmjc-2016.jpg\" data-orig-size=\"1299,2598\" data-comments-opened=\"1\" data-image-meta=\"{&quot;aperture&quot;:&quot;0&quot;,&quot;credit&quot;:&quot;&quot;,&quot;camera&quot;:&quot;&quot;,&quot;caption&quot;:&quot;&quot;,&quot;created_timestamp&quot;:&quot;0&quot;,&quot;copyright&quot;:&quot;&quot;,&quot;focal_length&quot;:&quot;0&quot;,&quot;iso&quot;:&quot;0&quot;,&quot;shutter_speed&quot;:&quot;0&quot;,&quot;title&quot;:&quot;&quot;,&quot;orientation&quot;:&quot;0&quot;}\" data-image-title=\"catalogue frmjc 2016\" data-image-description=\"\" data-image-caption=\"\" data-large-file=\"https:\/\/frmjccentre.org\/sts\/wp-content\/uploads\/2015\/12\/catalogue-frmjc-2016-512x1024.jpg\" class=\"alignright wp-image-5465 size-thumbnail\" title=\"cliquez et feuilletez\" src=\"https:\/\/frmjccentre.org\/sts\/wp-content\/uploads\/2015\/12\/catalogue-frmjc-2016-150x150.jpg\" alt=\"\" width=\"150\" height=\"150\" \/><\/a><\/p>\n<h5 style=\"text-align: right;\"><span style=\"color: #000000;\">&gt;&gt;&gt; Document \u00e0 t\u00e9l\u00e9charger : <a title=\"t\u00e9l\u00e9charger le catalogue\" href=\"https:\/\/frmjccentre.org\/sts\/wp-content\/uploads\/2020\/09\/2020-09_plaquette-catalogue.pdf\" target=\"_blank\" rel=\"noopener noreferrer\"><span style=\"color: #3366ff;\">catalogue des expositions<\/span><\/a><\/span><\/h5>\n<p><span style=\"color: #000000;\">\u00a0<\/span><\/p>\n","protected":false},"excerpt":{"rendered":"<p>De l&#8217;eau dans le Temps Sommaire (acc\u00e8s rapide) \u25ab Pr\u00e9sentation synth\u00e9tique \u25ab Description du mat\u00e9riel \u25ab Avantages compris dans la location \u25ab Installation &#8211; surface d&#8217;accueil \u25ab Tarifs et options \u25ac\u25ac\u25ac\u25ac\u25ac\u25ac\u25ac\u25ac\u25ac\u25ac\u25ac\u25ac\u25ac\u25ac\u25ac\u25ac\u25ac\u25ac\u25ac\u25ac\u25ac\u25ac Pr\u00e9sentation synth\u00e9tique Cette exposition aide \u00e0 comprendre l&#8217;histoire de &hellip; <a href=\"https:\/\/frmjccentre.org\/sts\/la-location-des-expositions-scientifiques\/fiche-technique-de-location-exposition-scientifique-eau\/\">Continuer la lecture <span class=\"meta-nav\">&rarr;<\/span><\/a><\/p>\n","protected":false},"author":2,"featured_media":0,"parent":5404,"menu_order":1,"comment_status":"closed","ping_status":"closed","template":"","meta":{"_crdt_document":"","footnotes":""},"class_list":["post-5511","page","type-page","status-publish","hentry"],"yoast_head":"<!-- This site is optimized with the Yoast SEO plugin v27.4 - https:\/\/yoast.com\/product\/yoast-seo-wordpress\/ -->\n<title>Fiche technique de Location &gt; exposition scientifique EAU - FRMJC R\u00e9gion Centre - Service Sciences Techniques Soci\u00e9t\u00e9<\/title>\n<meta name=\"robots\" content=\"index, follow, max-snippet:-1, max-image-preview:large, max-video-preview:-1\" \/>\n<link rel=\"canonical\" href=\"https:\/\/frmjccentre.org\/sts\/la-location-des-expositions-scientifiques\/fiche-technique-de-location-exposition-scientifique-eau\/\" \/>\n<meta property=\"og:locale\" content=\"fr_FR\" \/>\n<meta property=\"og:type\" content=\"article\" \/>\n<meta property=\"og:title\" content=\"Fiche technique de Location &gt; exposition scientifique EAU - FRMJC R\u00e9gion Centre - Service Sciences Techniques Soci\u00e9t\u00e9\" \/>\n<meta property=\"og:description\" content=\"De l&#8217;eau dans le Temps Sommaire (acc\u00e8s rapide) \u25ab Pr\u00e9sentation synth\u00e9tique \u25ab Description du mat\u00e9riel \u25ab Avantages compris dans la location \u25ab Installation &#8211; surface d&#8217;accueil \u25ab Tarifs et options \u25ac\u25ac\u25ac\u25ac\u25ac\u25ac\u25ac\u25ac\u25ac\u25ac\u25ac\u25ac\u25ac\u25ac\u25ac\u25ac\u25ac\u25ac\u25ac\u25ac\u25ac\u25ac Pr\u00e9sentation synth\u00e9tique Cette exposition aide \u00e0 comprendre l&#8217;histoire de &hellip; Continuer la lecture &rarr;\" \/>\n<meta property=\"og:url\" content=\"https:\/\/frmjccentre.org\/sts\/la-location-des-expositions-scientifiques\/fiche-technique-de-location-exposition-scientifique-eau\/\" \/>\n<meta property=\"og:site_name\" content=\"FRMJC R\u00e9gion Centre - Service Sciences Techniques Soci\u00e9t\u00e9\" \/>\n<meta property=\"article:publisher\" content=\"https:\/\/www.facebook.com\/Frmjccentrests\/\" \/>\n<meta property=\"article:modified_time\" content=\"2020-09-18T16:22:32+00:00\" \/>\n<meta property=\"og:image\" content=\"https:\/\/frmjccentre.org\/sts\/wp-content\/uploads\/2020\/06\/affiche-eau-V2020.png?w=106\" \/>\n<meta name=\"twitter:card\" content=\"summary_large_image\" \/>\n<meta name=\"twitter:site\" content=\"@FRMJCSTS\" \/>\n<meta name=\"twitter:label1\" content=\"Dur\u00e9e de lecture estim\u00e9e\" \/>\n\t<meta name=\"twitter:data1\" content=\"4 minutes\" \/>\n<script type=\"application\/ld+json\" class=\"yoast-schema-graph\">{\"@context\":\"https:\\\/\\\/schema.org\",\"@graph\":[{\"@type\":\"WebPage\",\"@id\":\"https:\\\/\\\/frmjccentre.org\\\/sts\\\/la-location-des-expositions-scientifiques\\\/fiche-technique-de-location-exposition-scientifique-eau\\\/\",\"url\":\"https:\\\/\\\/frmjccentre.org\\\/sts\\\/la-location-des-expositions-scientifiques\\\/fiche-technique-de-location-exposition-scientifique-eau\\\/\",\"name\":\"Fiche technique de Location > exposition scientifique EAU - FRMJC R\u00e9gion Centre - Service Sciences Techniques Soci\u00e9t\u00e9\",\"isPartOf\":{\"@id\":\"https:\\\/\\\/frmjccentre.org\\\/sts\\\/#website\"},\"primaryImageOfPage\":{\"@id\":\"https:\\\/\\\/frmjccentre.org\\\/sts\\\/la-location-des-expositions-scientifiques\\\/fiche-technique-de-location-exposition-scientifique-eau\\\/#primaryimage\"},\"image\":{\"@id\":\"https:\\\/\\\/frmjccentre.org\\\/sts\\\/la-location-des-expositions-scientifiques\\\/fiche-technique-de-location-exposition-scientifique-eau\\\/#primaryimage\"},\"thumbnailUrl\":\"https:\\\/\\\/frmjccentre.org\\\/sts\\\/wp-content\\\/uploads\\\/2020\\\/06\\\/affiche-eau-V2020.png?w=106\",\"datePublished\":\"2020-09-18T07:11:00+00:00\",\"dateModified\":\"2020-09-18T16:22:32+00:00\",\"breadcrumb\":{\"@id\":\"https:\\\/\\\/frmjccentre.org\\\/sts\\\/la-location-des-expositions-scientifiques\\\/fiche-technique-de-location-exposition-scientifique-eau\\\/#breadcrumb\"},\"inLanguage\":\"fr-FR\",\"potentialAction\":[{\"@type\":\"ReadAction\",\"target\":[\"https:\\\/\\\/frmjccentre.org\\\/sts\\\/la-location-des-expositions-scientifiques\\\/fiche-technique-de-location-exposition-scientifique-eau\\\/\"]}]},{\"@type\":\"ImageObject\",\"inLanguage\":\"fr-FR\",\"@id\":\"https:\\\/\\\/frmjccentre.org\\\/sts\\\/la-location-des-expositions-scientifiques\\\/fiche-technique-de-location-exposition-scientifique-eau\\\/#primaryimage\",\"url\":\"https:\\\/\\\/frmjccentre.org\\\/sts\\\/wp-content\\\/uploads\\\/2020\\\/06\\\/affiche-eau-V2020.png\",\"contentUrl\":\"https:\\\/\\\/frmjccentre.org\\\/sts\\\/wp-content\\\/uploads\\\/2020\\\/06\\\/affiche-eau-V2020.png\",\"width\":3543,\"height\":4724},{\"@type\":\"BreadcrumbList\",\"@id\":\"https:\\\/\\\/frmjccentre.org\\\/sts\\\/la-location-des-expositions-scientifiques\\\/fiche-technique-de-location-exposition-scientifique-eau\\\/#breadcrumb\",\"itemListElement\":[{\"@type\":\"ListItem\",\"position\":1,\"name\":\"Accueil\",\"item\":\"https:\\\/\\\/frmjccentre.org\\\/sts\\\/\"},{\"@type\":\"ListItem\",\"position\":2,\"name\":\"La location des expositions scientifiques interactives\",\"item\":\"https:\\\/\\\/frmjccentre.org\\\/sts\\\/la-location-des-expositions-scientifiques\\\/\"},{\"@type\":\"ListItem\",\"position\":3,\"name\":\"Fiche technique de Location > exposition scientifique EAU\"}]},{\"@type\":\"WebSite\",\"@id\":\"https:\\\/\\\/frmjccentre.org\\\/sts\\\/#website\",\"url\":\"https:\\\/\\\/frmjccentre.org\\\/sts\\\/\",\"name\":\"FRMJC R\u00e9gion Centre - Service Sciences Techniques Soci\u00e9t\u00e9\",\"description\":\"Une \u00e9quipe de professionnels de la m\u00e9diation.\",\"publisher\":{\"@id\":\"https:\\\/\\\/frmjccentre.org\\\/sts\\\/#organization\"},\"potentialAction\":[{\"@type\":\"SearchAction\",\"target\":{\"@type\":\"EntryPoint\",\"urlTemplate\":\"https:\\\/\\\/frmjccentre.org\\\/sts\\\/?s={search_term_string}\"},\"query-input\":{\"@type\":\"PropertyValueSpecification\",\"valueRequired\":true,\"valueName\":\"search_term_string\"}}],\"inLanguage\":\"fr-FR\"},{\"@type\":\"Organization\",\"@id\":\"https:\\\/\\\/frmjccentre.org\\\/sts\\\/#organization\",\"name\":\"FRMJC CENTRE\",\"url\":\"https:\\\/\\\/frmjccentre.org\\\/sts\\\/\",\"logo\":{\"@type\":\"ImageObject\",\"inLanguage\":\"fr-FR\",\"@id\":\"https:\\\/\\\/frmjccentre.org\\\/sts\\\/#\\\/schema\\\/logo\\\/image\\\/\",\"url\":\"https:\\\/\\\/frmjccentre.org\\\/sts\\\/wp-content\\\/uploads\\\/2017\\\/06\\\/logo-Frmjc-Centre-GIF-300ppp.gif\",\"contentUrl\":\"https:\\\/\\\/frmjccentre.org\\\/sts\\\/wp-content\\\/uploads\\\/2017\\\/06\\\/logo-Frmjc-Centre-GIF-300ppp.gif\",\"width\":3508,\"height\":2480,\"caption\":\"FRMJC CENTRE\"},\"image\":{\"@id\":\"https:\\\/\\\/frmjccentre.org\\\/sts\\\/#\\\/schema\\\/logo\\\/image\\\/\"},\"sameAs\":[\"https:\\\/\\\/www.facebook.com\\\/Frmjccentrests\\\/\",\"https:\\\/\\\/x.com\\\/FRMJCSTS\"]}]}<\/script>\n<!-- \/ Yoast SEO plugin. -->","yoast_head_json":{"title":"Fiche technique de Location > exposition scientifique EAU - FRMJC R\u00e9gion Centre - Service Sciences Techniques Soci\u00e9t\u00e9","robots":{"index":"index","follow":"follow","max-snippet":"max-snippet:-1","max-image-preview":"max-image-preview:large","max-video-preview":"max-video-preview:-1"},"canonical":"https:\/\/frmjccentre.org\/sts\/la-location-des-expositions-scientifiques\/fiche-technique-de-location-exposition-scientifique-eau\/","og_locale":"fr_FR","og_type":"article","og_title":"Fiche technique de Location > exposition scientifique EAU - FRMJC R\u00e9gion Centre - Service Sciences Techniques Soci\u00e9t\u00e9","og_description":"De l&#8217;eau dans le Temps Sommaire (acc\u00e8s rapide) \u25ab Pr\u00e9sentation synth\u00e9tique \u25ab Description du mat\u00e9riel \u25ab Avantages compris dans la location \u25ab Installation &#8211; surface d&#8217;accueil \u25ab Tarifs et options \u25ac\u25ac\u25ac\u25ac\u25ac\u25ac\u25ac\u25ac\u25ac\u25ac\u25ac\u25ac\u25ac\u25ac\u25ac\u25ac\u25ac\u25ac\u25ac\u25ac\u25ac\u25ac Pr\u00e9sentation synth\u00e9tique Cette exposition aide \u00e0 comprendre l&#8217;histoire de &hellip; Continuer la lecture &rarr;","og_url":"https:\/\/frmjccentre.org\/sts\/la-location-des-expositions-scientifiques\/fiche-technique-de-location-exposition-scientifique-eau\/","og_site_name":"FRMJC R\u00e9gion Centre - Service Sciences Techniques Soci\u00e9t\u00e9","article_publisher":"https:\/\/www.facebook.com\/Frmjccentrests\/","article_modified_time":"2020-09-18T16:22:32+00:00","og_image":[{"url":"https:\/\/frmjccentre.org\/sts\/wp-content\/uploads\/2020\/06\/affiche-eau-V2020.png?w=106","type":"","width":"","height":""}],"twitter_card":"summary_large_image","twitter_site":"@FRMJCSTS","twitter_misc":{"Dur\u00e9e de lecture estim\u00e9e":"4 minutes"},"schema":{"@context":"https:\/\/schema.org","@graph":[{"@type":"WebPage","@id":"https:\/\/frmjccentre.org\/sts\/la-location-des-expositions-scientifiques\/fiche-technique-de-location-exposition-scientifique-eau\/","url":"https:\/\/frmjccentre.org\/sts\/la-location-des-expositions-scientifiques\/fiche-technique-de-location-exposition-scientifique-eau\/","name":"Fiche technique de Location > exposition scientifique EAU - FRMJC R\u00e9gion Centre - Service Sciences Techniques Soci\u00e9t\u00e9","isPartOf":{"@id":"https:\/\/frmjccentre.org\/sts\/#website"},"primaryImageOfPage":{"@id":"https:\/\/frmjccentre.org\/sts\/la-location-des-expositions-scientifiques\/fiche-technique-de-location-exposition-scientifique-eau\/#primaryimage"},"image":{"@id":"https:\/\/frmjccentre.org\/sts\/la-location-des-expositions-scientifiques\/fiche-technique-de-location-exposition-scientifique-eau\/#primaryimage"},"thumbnailUrl":"https:\/\/frmjccentre.org\/sts\/wp-content\/uploads\/2020\/06\/affiche-eau-V2020.png?w=106","datePublished":"2020-09-18T07:11:00+00:00","dateModified":"2020-09-18T16:22:32+00:00","breadcrumb":{"@id":"https:\/\/frmjccentre.org\/sts\/la-location-des-expositions-scientifiques\/fiche-technique-de-location-exposition-scientifique-eau\/#breadcrumb"},"inLanguage":"fr-FR","potentialAction":[{"@type":"ReadAction","target":["https:\/\/frmjccentre.org\/sts\/la-location-des-expositions-scientifiques\/fiche-technique-de-location-exposition-scientifique-eau\/"]}]},{"@type":"ImageObject","inLanguage":"fr-FR","@id":"https:\/\/frmjccentre.org\/sts\/la-location-des-expositions-scientifiques\/fiche-technique-de-location-exposition-scientifique-eau\/#primaryimage","url":"https:\/\/frmjccentre.org\/sts\/wp-content\/uploads\/2020\/06\/affiche-eau-V2020.png","contentUrl":"https:\/\/frmjccentre.org\/sts\/wp-content\/uploads\/2020\/06\/affiche-eau-V2020.png","width":3543,"height":4724},{"@type":"BreadcrumbList","@id":"https:\/\/frmjccentre.org\/sts\/la-location-des-expositions-scientifiques\/fiche-technique-de-location-exposition-scientifique-eau\/#breadcrumb","itemListElement":[{"@type":"ListItem","position":1,"name":"Accueil","item":"https:\/\/frmjccentre.org\/sts\/"},{"@type":"ListItem","position":2,"name":"La location des expositions scientifiques interactives","item":"https:\/\/frmjccentre.org\/sts\/la-location-des-expositions-scientifiques\/"},{"@type":"ListItem","position":3,"name":"Fiche technique de Location > exposition scientifique EAU"}]},{"@type":"WebSite","@id":"https:\/\/frmjccentre.org\/sts\/#website","url":"https:\/\/frmjccentre.org\/sts\/","name":"FRMJC R\u00e9gion Centre - Service Sciences Techniques Soci\u00e9t\u00e9","description":"Une \u00e9quipe de professionnels de la m\u00e9diation.","publisher":{"@id":"https:\/\/frmjccentre.org\/sts\/#organization"},"potentialAction":[{"@type":"SearchAction","target":{"@type":"EntryPoint","urlTemplate":"https:\/\/frmjccentre.org\/sts\/?s={search_term_string}"},"query-input":{"@type":"PropertyValueSpecification","valueRequired":true,"valueName":"search_term_string"}}],"inLanguage":"fr-FR"},{"@type":"Organization","@id":"https:\/\/frmjccentre.org\/sts\/#organization","name":"FRMJC CENTRE","url":"https:\/\/frmjccentre.org\/sts\/","logo":{"@type":"ImageObject","inLanguage":"fr-FR","@id":"https:\/\/frmjccentre.org\/sts\/#\/schema\/logo\/image\/","url":"https:\/\/frmjccentre.org\/sts\/wp-content\/uploads\/2017\/06\/logo-Frmjc-Centre-GIF-300ppp.gif","contentUrl":"https:\/\/frmjccentre.org\/sts\/wp-content\/uploads\/2017\/06\/logo-Frmjc-Centre-GIF-300ppp.gif","width":3508,"height":2480,"caption":"FRMJC CENTRE"},"image":{"@id":"https:\/\/frmjccentre.org\/sts\/#\/schema\/logo\/image\/"},"sameAs":["https:\/\/www.facebook.com\/Frmjccentrests\/","https:\/\/x.com\/FRMJCSTS"]}]}},"jetpack_sharing_enabled":true,"jetpack_shortlink":"https:\/\/wp.me\/PgjY92-1qT","jetpack-related-posts":[],"_links":{"self":[{"href":"https:\/\/frmjccentre.org\/sts\/wp-json\/wp\/v2\/pages\/5511","targetHints":{"allow":["GET"]}}],"collection":[{"href":"https:\/\/frmjccentre.org\/sts\/wp-json\/wp\/v2\/pages"}],"about":[{"href":"https:\/\/frmjccentre.org\/sts\/wp-json\/wp\/v2\/types\/page"}],"author":[{"embeddable":true,"href":"https:\/\/frmjccentre.org\/sts\/wp-json\/wp\/v2\/users\/2"}],"replies":[{"embeddable":true,"href":"https:\/\/frmjccentre.org\/sts\/wp-json\/wp\/v2\/comments?post=5511"}],"version-history":[{"count":12,"href":"https:\/\/frmjccentre.org\/sts\/wp-json\/wp\/v2\/pages\/5511\/revisions"}],"predecessor-version":[{"id":8148,"href":"https:\/\/frmjccentre.org\/sts\/wp-json\/wp\/v2\/pages\/5511\/revisions\/8148"}],"up":[{"embeddable":true,"href":"https:\/\/frmjccentre.org\/sts\/wp-json\/wp\/v2\/pages\/5404"}],"wp:attachment":[{"href":"https:\/\/frmjccentre.org\/sts\/wp-json\/wp\/v2\/media?parent=5511"}],"curies":[{"name":"wp","href":"https:\/\/api.w.org\/{rel}","templated":true}]}}